{"id":2008,"date":"2023-02-23T16:30:26","date_gmt":"2023-02-23T16:30:26","guid":{"rendered":"https:\/\/sites.hslu.ch\/itc\/?page_id=2008"},"modified":"2024-05-23T10:47:14","modified_gmt":"2024-05-23T10:47:14","slug":"fokusthema-kulturelle-teilhabe-oeffentlichkeiten","status":"publish","type":"page","link":"https:\/\/sites.hslu.ch\/itc\/raum-gesellschaft\/fokusthema-kulturelle-teilhabe-oeffentlichkeiten\/","title":{"rendered":"Fokusthema Kulturelle Teilhabe &amp; \u00d6ffentlichkeiten"},"content":{"rendered":"\n<p>Dieses Fokusthema tr\u00e4gt zur H\u00f6r- und Sichtbarmachung sowie Anerkennung kultureller Vielfalt, zu Debatten \u00fcber Werthaltungen und zur Verbesserung des Zusammenlebens bei, indem soziokulturelle Praktiken und k\u00fcnstlerische Gestaltungsprozesse unter dem Aspekt gesellschaftlicher Partizipation entwickelt und erforscht werden. Im Rahmen dieses Fokusthemas entstand z. B. das Projekt <a href=\"https:\/\/sites.hslu.ch\/itc\/seeking-birdscapes\/\" data-type=\"page\" data-id=\"1593\">Seeking Birdscapes<\/a><a href=\"https:\/\/sites.hslu.ch\/itc\/projects\/seeking-birdscapes\/\" data-type=\"projects\" data-id=\"907\">.<\/a><\/p>\n\n\n\n<h6 class=\"wp-block-heading\">Themenbereiche des Fokusthemas<\/h6>\n\n\n\n<ul class=\"wp-block-list\">\n<li>Regionen als soziokulturelle Transformationsr\u00e4ume<\/li>\n\n\n\n<li>Inklusive und digitale Zug\u00e4nge zum Kulturerbe<\/li>\n\n\n\n<li>Empowerment durch k\u00fcnstlerische und soziokulturelle Praktiken<\/li>\n<\/ul>\n\n\n\n<p><\/p>\n\n\n\n<h6 class=\"wp-block-heading\">Alle Projekte im \u00dcberblick<\/h6>\n\n\n<div class=\"row\">\n    <div class=\"col-12 col-sm-12 col-md-12 col-lg-10 offset-lg-2 default__slider\">\n        <div class=\"fade-slider\">\n            <div class=\"project-slider dt-projects\">\n                                \n                    <div>\n                        <div>\n                            <div>\n                                <div class=\"project-slider__imgwrap\">\n                                    <h2>Agglo Catalyst<\/h2>\n                                <\/div>\n                                <div class=\"project-slider__text\">\n                                    <!-- wp:paragraph -->\n<p><a href=\"https:\/\/www.hslu.ch\/de-ch\/hochschule-luzern\/forschung\/projekte\/detail\/?pid=4409\" target=\"_blank\" rel=\"noreferrer noopener\">Mit dem Projekt \u00abAgglo Catalyst\u00bb verfolgen wird das Ziel, die Sch\u00f6nheit und Vielfalt von Agglomerationen \u00fcber eine App sichtbar zu machen.<\/a><\/p>\n<!-- \/wp:paragraph -->                                <\/div>\n                            <\/div>\n                        <\/div>\n                    <\/div>\n                                    \n                    <div>\n                        <div>\n                            <div>\n                                <div class=\"project-slider__imgwrap\">\n                                    <h2>Das Recht auf Wir<\/h2>\n                                <\/div>\n                                <div class=\"project-slider__text\">\n                                    <!-- wp:paragraph -->\n<p><a href=\"https:\/\/www.hslu.ch\/de-ch\/hochschule-luzern\/forschung\/projekte\/detail\/?pid=6461\" data-type=\"link\" data-id=\"https:\/\/www.hslu.ch\/de-ch\/hochschule-luzern\/forschung\/projekte\/detail\/?pid=6461\" target=\"_blank\" rel=\"noreferrer noopener\">Das Projekt Recht auf Wir entwickelt und f\u00fchrt k\u00fcnstlerische, soziokulturelle und kulturvermittelnde Interventionsprojekte im \u00f6ffentlichen Raum durch, welche die kulturelle Teilhabe f\u00f6rdern.<\/a><\/p>\n<!-- \/wp:paragraph -->                                <\/div>\n                            <\/div>\n                        <\/div>\n                    <\/div>\n                                    \n                    <div>\n                        <div>\n                            <div>\n                                <div class=\"project-slider__imgwrap\">\n                                    <h2>Engagementstrategien f\u00fcr die Kultur<\/h2>\n                                <\/div>\n                                <div class=\"project-slider__text\">\n                                    <!-- wp:paragraph -->\n<p><a href=\"https:\/\/www.hslu.ch\/de-ch\/hochschule-luzern\/forschung\/projekte\/detail\/?pid=6460\" data-type=\"link\" data-id=\"https:\/\/www.hslu.ch\/de-ch\/hochschule-luzern\/forschung\/projekte\/detail\/?pid=6460\" target=\"_blank\" rel=\"noreferrer noopener\">Das Projekt untersucht das Potential ud Strategien der Digitalisierung in Bezug auf Formen des k\u00fcnstlerischen Ausdrucks und der kulturellen Teilhabe im Kontext kleiner und mittlerer Kulturinstitutionen.<\/a><\/p>\n<!-- \/wp:paragraph -->                                <\/div>\n                            <\/div>\n                        <\/div>\n                    <\/div>\n                                    \n                    <div>\n                        <div>\n                            <div>\n                                <div class=\"project-slider__imgwrap\">\n                                    <h2>Klangt\u00fcrme<\/h2>\n                                <\/div>\n                                <div class=\"project-slider__text\">\n                                    <!-- wp:paragraph -->\n<p><a href=\"https:\/\/www.hslu.ch\/de-ch\/hochschule-luzern\/forschung\/projekte\/detail\/?pid=5515\" target=\"_blank\" rel=\"noreferrer noopener\">Nutzung und partizipative Erprobung der Klangturmpotenziale zur F\u00f6rderung interner k\u00fcnstlerisch-p\u00e4dagogischer Innovation und zum Aufbau eines kunstvermittelnden Dialogs mit dem Quartier<\/a>.<\/p>\n<!-- \/wp:paragraph -->                                <\/div>\n                            <\/div>\n                        <\/div>\n                    <\/div>\n                                    \n                    <div>\n                        <div>\n                            <div>\n                                <div class=\"project-slider__imgwrap\">\n                                    <h2>Klingendes Amazonien im Museum<\/h2>\n                                <\/div>\n                                <div class=\"project-slider__text\">\n                                    <!-- wp:paragraph -->\n<p><a href=\"https:\/\/www.hslu.ch\/de-ch\/hochschule-luzern\/forschung\/projekte\/detail\/?pid=5639\" target=\"_blank\" rel=\"noreferrer noopener\">Entwickelt wird ein klangzentriertes Konzept mit kultureller Teilhabe der BewohnerInnen Amazoniens auf zugeh\u00f6riger Familienfl\u00e4che des Humboldt Forums Berlin. Grundlage ist ein interkulturell sensibler, kolonialismuskritischer Kuratierungsansatz.<\/a><\/p>\n<!-- \/wp:paragraph -->                                <\/div>\n                            <\/div>\n                        <\/div>\n                    <\/div>\n                                    \n                    <div>\n                        <div>\n                            <div>\n                                <div class=\"project-slider__imgwrap\">\n                                    <h2>Mixed Reality im Tourismus<\/h2>\n                                <\/div>\n                                <div class=\"project-slider__text\">\n                                    <!-- wp:paragraph -->\n<p><a href=\"https:\/\/www.hslu.ch\/de-ch\/hochschule-luzern\/forschung\/projekte\/detail\/?pid=6227\" data-type=\"URL\" data-id=\"https:\/\/www.hslu.ch\/de-ch\/hochschule-luzern\/forschung\/projekte\/detail\/?pid=6227\">Wie kann der gezielte Einsatz von Mixed Reality-Anwendungen entlang der Kundenreise in touristischen Destinationen die Schaffung positiver Emotionen f\u00f6rdern und dadurch Mehrwert f\u00fcr G\u00e4ste, wie auch f\u00fcr die Leistungstr\u00e4ger der Tourismusdestination generieren.<\/a><\/p>\n<!-- \/wp:paragraph -->                                <\/div>\n                            <\/div>\n                        <\/div>\n                    <\/div>\n                                    \n                    <div>\n                        <div>\n                            <div>\n                                <div class=\"project-slider__imgwrap\">\n                                    <h2>Music as Empowerment: Engaging Young Refugees in Musicking as a Way of Social Immersion<\/h2>\n                                <\/div>\n                                <div class=\"project-slider__text\">\n                                    <!-- wp:paragraph -->\n<p><a href=\"https:\/\/www.hslu.ch\/de-ch\/hochschule-luzern\/forschung\/projekte\/detail\/?pid=5872\" target=\"_blank\" rel=\"noreferrer noopener\">Das Projekt untersucht die musikbezogenen Aktivit\u00e4ten junger Gefl\u00fcchteten als Mittel und Weg des kulturellen \u00dcberlebens, des Engagements, der Erm\u00e4chtigung und der Konstruktion neuer sozialer Identit\u00e4ten.<\/a><\/p>\n<!-- \/wp:paragraph -->                                <\/div>\n                            <\/div>\n                        <\/div>\n                    <\/div>\n                                    \n                    <div>\n                        <div>\n                            <div>\n                                <div class=\"project-slider__imgwrap\">\n                                    <h2>Nukleus Glarus<\/h2>\n                                <\/div>\n                                <div class=\"project-slider__text\">\n                                    <!-- wp:paragraph -->\n<p><a href=\"https:\/\/www.hslu.ch\/de-ch\/hochschule-luzern\/forschung\/projekte\/detail\/?pid=5570\" target=\"_blank\" rel=\"noreferrer noopener\">Ein interdisziplin\u00e4res Team der Hochschule Luzern erarbeitet in einem partizipativen Prozess Grundlagen f\u00fcr die Planung eines Kulturzentrums<\/a>.<\/p>\n<!-- \/wp:paragraph -->                                <\/div>\n                            <\/div>\n                        <\/div>\n                    <\/div>\n                                    \n                    <div>\n                        <div>\n                            <div>\n                                <div class=\"project-slider__imgwrap\">\n                                    <h2>Seeking Birdscapes<\/h2>\n                                <\/div>\n                                <div class=\"project-slider__text\">\n                                    <!-- wp:paragraph -->\n<p><a href=\"https:\/\/www.hslu.ch\/de-ch\/hochschule-luzern\/forschung\/projekte\/detail\/?pid=4198\" target=\"_blank\" rel=\"noreferrer noopener\" aria-label=\"Das Projekt untersucht Beziehungen von Mensch und Umwelt, indem es sich  auf die auditiven, akustischen und musikalischen Dimensionen von  Klangr\u00e4umen (Soundscapes) konzentriert, in denen Vogelstimmen eine  zentrale Rolle spielen.  (\u00f6ffnet in neuem Tab)\">Das Projekt untersucht Beziehungen von Mensch und Umwelt, indem es sich  auf die auditiven, akustischen und musikalischen Dimensionen von  Klangr\u00e4umen (Soundscapes) konzentriert, in denen Vogelstimmen eine  zentrale Rolle spielen. <\/a>             <\/p>\n<!-- \/wp:paragraph -->                                <\/div>\n                            <\/div>\n                        <\/div>\n                    <\/div>\n                                    \n                    <div>\n                        <div>\n                            <div>\n                                <div class=\"project-slider__imgwrap\">\n                                    <h2>Seismic Movements. Kulturelle Initiativen und ihre lokalen und regionalen Effekte<\/h2>\n                                <\/div>\n                                <div class=\"project-slider__text\">\n                                    <!-- wp:paragraph -->\n<p><a href=\"https:\/\/www.hslu.ch\/de-ch\/hochschule-luzern\/forschung\/projekte\/detail\/?pid=5550\" target=\"_blank\" rel=\"noreferrer noopener\">Zeitgen\u00f6ssische Kunst verspricht innovative Perspektiven, das suggeriert ihre Einbindung in Stadtentwicklung, Tourismus oder soziale Arbeit. Wie l\u00e4sst sich dieses Versprechen benennen und qualifizieren?<\/a><\/p>\n<!-- \/wp:paragraph -->                                <\/div>\n                            <\/div>\n                        <\/div>\n                    <\/div>\n                                    \n                    <div>\n                        <div>\n                            <div>\n                                <div class=\"project-slider__imgwrap\">\n                                    <h2>Sound Bubbles: Instrumentalunterricht f\u00fcr alle<\/h2>\n                                <\/div>\n                                <div class=\"project-slider__text\">\n                                    <!-- wp:paragraph -->\n<p><a href=\"https:\/\/www.hslu.ch\/de-ch\/hochschule-luzern\/forschung\/projekte\/detail\/?pid=6146\" target=\"_blank\" rel=\"noreferrer noopener\">Es werden die Grundlagen f\u00fcr die Entwicklung eines Lehrmittels gelegt, das zum Instrumental- und Vokalunterricht mit Kindern mit Auff\u00e4lligkeiten im Sozialverhalten oder mit Entwicklungsst\u00f6rungen anleitet.<\/a><\/p>\n<!-- \/wp:paragraph -->                                <\/div>\n                            <\/div>\n                        <\/div>\n                    <\/div>\n                                    \n                    <div>\n                        <div>\n                            <div>\n                                <div class=\"project-slider__imgwrap\">\n                                    <h2>Squares re\\p\\l\\a\\y\\c\\ed<\/h2>\n                                <\/div>\n                                <div class=\"project-slider__text\">\n                                    <!-- wp:paragraph -->\n<p><a href=\"https:\/\/www.hslu.ch\/de-ch\/hochschule-luzern\/forschung\/projekte\/detail\/?pid=4341\">S<\/a><a href=\"https:\/\/www.hslu.ch\/de-ch\/hochschule-luzern\/forschung\/projekte\/detail\/?pid=4341\" target=\"_blank\" rel=\"noreferrer noopener\" aria-label=\"t\u00e4dtische Pl\u00e4tze sind offene Plattformen der sozialen Teilhabe und werden durch lokale, latente Nutzungsweisen gepr\u00e4gt. Das transkulturelle Projektmacht diese sichtbar und produktiv.  (\u00f6ffnet in neuem Tab)\">t\u00e4dtische Pl\u00e4tze sind offene Plattformen der sozialen Teilhabe und werden durch lokale, latente Nutzungsweisen gepr\u00e4gt. Das transkulturelle Projektmacht diese sichtbar und produktiv. <\/a><\/p>\n<!-- \/wp:paragraph -->                                <\/div>\n                            <\/div>\n                        <\/div>\n                    <\/div>\n                                    \n                    <div>\n                        <div>\n                            <div>\n                                <div class=\"project-slider__imgwrap\">\n                                    <h2>Teilhabe durch kreative soziale Praktiken<\/h2>\n                                <\/div>\n                                <div class=\"project-slider__text\">\n                                    <!-- wp:paragraph -->\n<p><a href=\"https:\/\/www.hslu.ch\/de-ch\/hochschule-luzern\/forschung\/projekte\/detail\/?pid=4129\" target=\"_blank\" rel=\"noreferrer noopener\" aria-label=\" (\u00f6ffnet in neuem Tab)\">Soziokulturelle Animation und partizipative Kunst sorgen f\u00fcr soziale Inklusion und lebenswerte Nachbarschaftsr\u00e4ume. Das ITC-Projekt initiiert einen Dialog und die produktive Bearbeitung der Schnittstellen.<\/a><\/p>\n<!-- \/wp:paragraph -->                                <\/div>\n                            <\/div>\n                        <\/div>\n                    <\/div>\n                                    \n                    <div>\n                        <div>\n                            <div>\n                                <div class=\"project-slider__imgwrap\">\n                                    <h2>Virtuelles Orgelmuseum<\/h2>\n                                <\/div>\n                                <div class=\"project-slider__text\">\n                                    <!-- wp:paragraph -->\n<p><a href=\"https:\/\/www.hslu.ch\/de-ch\/hochschule-luzern\/forschung\/projekte\/detail\/?pid=6169\" data-type=\"URL\" data-id=\"https:\/\/www.hslu.ch\/de-ch\/hochschule-luzern\/forschung\/projekte\/detail\/?pid=6169\">Das Orgeldokumentationszentrum der Hochschule Luzern \u2013 Musik wird projekttechnisch erneuert. Dies beinhaltet Forschung auf interdisziplin\u00e4re Fragen im Bereich virtuelles Museum<\/a>.<\/p>\n<!-- \/wp:paragraph -->                                <\/div>\n                            <\/div>\n                        <\/div>\n                    <\/div>\n                                <\/div>\n        <\/div>\n    <\/div>\n<\/div>\n\n\n<ul class=\"wp-block-list\">\n<li>Zur\u00fcck zum <a href=\"https:\/\/sites.hslu.ch\/itc\/raum-gesellschaft\/\">ITC \u00abRaum &amp; Gesellschaft\u00bb<\/a><\/li>\n<\/ul>\n","protected":false},"excerpt":{"rendered":"<p>Dieses Fokusthema tr\u00e4gt zur H\u00f6r- und Sichtbarmachung sowie Anerkennung kultureller Vielfalt, zu Debatten \u00fcber Werthaltungen und zur Verbesserung des Zusammenlebens bei, indem soziokulturelle Praktiken und k\u00fcnstlerische Gestaltungsprozesse unter dem Aspekt gesellschaftlicher Partizipation entwickelt und erforscht werden. Im Rahmen dieses Fokusthemas entstand z. B. das Projekt Seeking Birdscapes. Themenbereiche des Fokusthemas Alle Projekte im \u00dcberblick<\/p>\n","protected":false},"author":110,"featured_media":0,"parent":1510,"menu_order":0,"comment_status":"closed","ping_status":"closed","template":"","meta":{"_acf_changed":false,"footnotes":""},"class_list":["post-2008","page","type-page","status-publish","hentry"],"acf":[],"_links":{"self":[{"href":"https:\/\/sites.hslu.ch\/itc\/wp-json\/wp\/v2\/pages\/2008","targetHints":{"allow":["GET"]}}],"collection":[{"href":"https:\/\/sites.hslu.ch\/itc\/wp-json\/wp\/v2\/pages"}],"about":[{"href":"https:\/\/sites.hslu.ch\/itc\/wp-json\/wp\/v2\/types\/page"}],"author":[{"embeddable":true,"href":"https:\/\/sites.hslu.ch\/itc\/wp-json\/wp\/v2\/users\/110"}],"replies":[{"embeddable":true,"href":"https:\/\/sites.hslu.ch\/itc\/wp-json\/wp\/v2\/comments?post=2008"}],"version-history":[{"count":18,"href":"https:\/\/sites.hslu.ch\/itc\/wp-json\/wp\/v2\/pages\/2008\/revisions"}],"predecessor-version":[{"id":3064,"href":"https:\/\/sites.hslu.ch\/itc\/wp-json\/wp\/v2\/pages\/2008\/revisions\/3064"}],"up":[{"embeddable":true,"href":"https:\/\/sites.hslu.ch\/itc\/wp-json\/wp\/v2\/pages\/1510"}],"wp:attachment":[{"href":"https:\/\/sites.hslu.ch\/itc\/wp-json\/wp\/v2\/media?parent=2008"}],"curies":[{"name":"wp","href":"https:\/\/api.w.org\/{rel}","templated":true}]}}