{"id":1937,"date":"2023-02-23T10:47:07","date_gmt":"2023-02-23T10:47:07","guid":{"rendered":"https:\/\/sites.hslu.ch\/itc\/?page_id=1937"},"modified":"2024-04-25T21:16:25","modified_gmt":"2024-04-25T21:16:25","slug":"wettbewerbsfaehige-und-lernfaehige-arbeitende","status":"publish","type":"page","link":"https:\/\/sites.hslu.ch\/itc\/digitale-transformation-der-arbeitswelt\/wettbewerbsfaehige-und-lernfaehige-arbeitende\/","title":{"rendered":"Fokusthema Wettbewerbsf\u00e4hige und lernf\u00e4hige Arbeitende"},"content":{"rendered":"\n<p>Das Fokusthema behandelte folgende Fragen:<\/p>\n\n\n\n<ul class=\"wp-block-list\">\n<li>Wie k\u00f6nnen (potenziell) Erwerbst\u00e4tige ermutigt und bef\u00e4higt werden, um mit dem Wandel Schritt zu halten? Wie kann die workability von Erwerbst\u00e4tigen gef\u00f6rdert werden?<\/li>\n\n\n\n<li>Wie bleiben Arbeitnehmende gesund und im Beruf? (Branchenspezifische Betrachtung m\u00f6glich)<\/li>\n\n\n\n<li>Wie lassen sich Ausbildung und Lehre gesund gestalten?<\/li>\n\n\n\n<li>Welche Modelle neuer Arbeitskontrakte erm\u00f6glichen eine m\u00f6glichst individualisierte und gleichzeitig dem Arbeitsmarkt entsprechende Lebensarbeitszeit?<\/li>\n<\/ul>\n\n\n\n<p>Im Rahmen dieses Fokusthemas entstanden z. B. die Projekte <a href=\"https:\/\/sites.hslu.ch\/itc\/digitale-transformation-der-arbeitswelt\/praediktive-und-gebrauchsorientierte-technologie\/virtual-kids\/\" data-type=\"page\" data-id=\"2875\" target=\"_blank\" rel=\"noreferrer noopener\">Virtual Kids<\/a>, <a href=\"https:\/\/sites.hslu.ch\/itc\/voice-assistants-people-experiences-practices-routines-va-pepr\/\" data-type=\"page\" data-id=\"1633\">VA Pepr<\/a>, <a href=\"https:\/\/sites.hslu.ch\/itc\/people-analytics-at-work\/\" data-type=\"page\" data-id=\"1613\">People Analytics at Work<\/a> und <a href=\"https:\/\/sites.hslu.ch\/itc\/digital-female-founders\/\">Digital Female Founders<\/a>.<\/p>\n\n\n\n<h6 class=\"wp-block-heading\">Alle Projekte im \u00dcberblick<\/h6>\n\n\n<div class=\"row\">\n    <div class=\"col-12 col-sm-12 col-md-12 col-lg-10 offset-lg-2 default__slider\">\n        <div class=\"fade-slider\">\n            <div class=\"project-slider dt-projects\">\n                                \n                    <div>\n                        <div>\n                            <div>\n                                <div class=\"project-slider__imgwrap\">\n                                    <h2>AI-assisted employer branding &amp; talent acquisition automation<\/h2>\n                                <\/div>\n                                <div class=\"project-slider__text\">\n                                    <!-- wp:paragraph -->\n<p><a href=\"https:\/\/www.hslu.ch\/de-ch\/hochschule-luzern\/forschung\/projekte\/detail\/?pid=5902\" data-type=\"link\" data-id=\"https:\/\/www.hslu.ch\/de-ch\/hochschule-luzern\/forschung\/projekte\/detail\/?pid=5902\" target=\"_blank\" rel=\"noreferrer noopener\">Entwicklung einer AI-basierten und automatisierten Kommunikationsplattform f\u00fcr Jobsuchende<\/a><\/p>\n<!-- \/wp:paragraph -->                                <\/div>\n                            <\/div>\n                        <\/div>\n                    <\/div>\n                                    \n                    <div>\n                        <div>\n                            <div>\n                                <div class=\"project-slider__imgwrap\">\n                                    <h2>AMAIF \u2013 Arbeitsmarktstudien und AI-Fallsammlung<\/h2>\n                                <\/div>\n                                <div class=\"project-slider__text\">\n                                    <!-- wp:paragraph -->\n<p>Das vorliegende (Pilot-)Projekt geht aus von der breit diskutierten Frage, wie sich disruptive Technologien wie die K\u00fcnstliche Intelligenz auf die Arbeitsm\u00e4rkte auswirken werden und f\u00fchrt vorhandene Hypothesen und offene Fragen Fallstudien zu, die mehrere Branchen respektive Disziplinen abdecken.<\/p>\n<!-- \/wp:paragraph -->                                <\/div>\n                            <\/div>\n                        <\/div>\n                    <\/div>\n                                    \n                    <div>\n                        <div>\n                            <div>\n                                <div class=\"project-slider__imgwrap\">\n                                    <h2>Arbeit und Studium in Zeiten der Corona-Pandemie \u2013 eine Befragung der HSLU<\/h2>\n                                <\/div>\n                                <div class=\"project-slider__text\">\n                                    <!-- wp:paragraph -->\n<p>Im Rahmen einer schriftlichen Online-Befragungen die Mitarbeitenden und die Studierenden der Hochschule Luzern danach gefragt, wie sie die Zeit w\u00e4hrend des Lockdowns meisterten. Die Ergebnisse legen nahe, dass sie die Zeit im Homeoffice gut bew\u00e4ltigten.<\/p>\n<!-- \/wp:paragraph -->                                <\/div>\n                            <\/div>\n                        <\/div>\n                    <\/div>\n                                    \n                    <div>\n                        <div>\n                            <div>\n                                <div class=\"project-slider__imgwrap\">\n                                    <h2>Artificial Ideation<\/h2>\n                                <\/div>\n                                <div class=\"project-slider__text\">\n                                    <!-- wp:paragraph -->\n<p><a href=\"https:\/\/www.hslu.ch\/de-ch\/hochschule-luzern\/forschung\/projekte\/detail\/?pid=6436\" data-type=\"link\" data-id=\"https:\/\/www.hslu.ch\/de-ch\/hochschule-luzern\/forschung\/projekte\/detail\/?pid=6436\" target=\"_blank\" rel=\"noreferrer noopener\">Das Projekt erforscht innovative Ans\u00e4tze zur Nutzung generativer Technologien der K\u00fcnstlichen Intelligenz (KI) in Ideenfindungsprozessen innerhalb der Kreativwirtschaft.<\/a><\/p>\n<!-- \/wp:paragraph -->                                <\/div>\n                            <\/div>\n                        <\/div>\n                    <\/div>\n                                    \n                    <div>\n                        <div>\n                            <div>\n                                <div class=\"project-slider__imgwrap\">\n                                    <h2>Beyond Covid 19: Uncovering the future learning experience<\/h2>\n                                <\/div>\n                                <div class=\"project-slider__text\">\n                                    <!-- wp:paragraph -->\n<p><a href=\"https:\/\/www.hslu.ch\/en\/lucerne-university-of-applied-sciences-and-arts\/research\/projects\/detail\/?pid=5792\" target=\"_blank\" rel=\"noreferrer noopener\">The aim of this project is to explore the views of the learning experience of design and business students in hybrid environments.<\/a><\/p>\n<!-- \/wp:paragraph -->                                <\/div>\n                            <\/div>\n                        <\/div>\n                    <\/div>\n                                    \n                    <div>\n                        <div>\n                            <div>\n                                <div class=\"project-slider__imgwrap\">\n                                    <h2>Climate Action4 Companies<\/h2>\n                                <\/div>\n                                <div class=\"project-slider__text\">\n                                    <!-- wp:paragraph -->\n<p><a href=\"https:\/\/www.hslu.ch\/en\/lucerne-university-of-applied-sciences-and-arts\/research\/projects\/detail\/?pid=6275\" data-type=\"link\" data-id=\"https:\/\/www.hslu.ch\/en\/lucerne-university-of-applied-sciences-and-arts\/research\/projects\/detail\/?pid=6275\" target=\"_blank\" rel=\"noreferrer noopener\">The aim of the ClimateActions 4 Companies project is to help small and medium-sized organizations across Switzerland from all sectors including tourism to achieve net zero emission targets. The program offers various measures with management instruments to implement various changes. The HSLU team offers technical and knowledge support for MYBLUEPLANET.<\/a><\/p>\n<!-- \/wp:paragraph -->                                <\/div>\n                            <\/div>\n                        <\/div>\n                    <\/div>\n                                    \n                    <div>\n                        <div>\n                            <div>\n                                <div class=\"project-slider__imgwrap\">\n                                    <h2>Cocreation-Toolbox f\u00fcr interdisziplin\u00e4re Zusammenarbeit<\/h2>\n                                <\/div>\n                                <div class=\"project-slider__text\">\n                                    <!-- wp:paragraph -->\n<p><a href=\"https:\/\/www.hslu.ch\/de-ch\/hochschule-luzern\/forschung\/projekte\/detail\/?pid=6201\" data-type=\"URL\" data-id=\"https:\/\/www.hslu.ch\/de-ch\/hochschule-luzern\/forschung\/projekte\/detail\/?pid=6201\" target=\"_blank\" rel=\"noreferrer noopener\">Die Zusammenarbeit zwischen Disziplinen ist in der digitalen Transformation kaum wegzudenken. Dieses Projekt will Wissen \u00fcber interdisziplin\u00e4re Zusammenarbeit festhalten und f\u00fcr andere Kontexte vermittelbar machen.<\/a><\/p>\n<!-- \/wp:paragraph -->                                <\/div>\n                            <\/div>\n                        <\/div>\n                    <\/div>\n                                    \n                    <div>\n                        <div>\n                            <div>\n                                <div class=\"project-slider__imgwrap\">\n                                    <h2>Craft Round Tables<\/h2>\n                                <\/div>\n                                <div class=\"project-slider__text\">\n                                    <!-- wp:paragraph -->\n<p><a rel=\"noreferrer noopener\" href=\"https:\/\/www.hslu.ch\/de-ch\/hochschule-luzern\/forschung\/projekte\/detail\/?pid=4390\" target=\"_blank\">K\u00f6nnen manuelle oder kunsthandwerkliche Kompetenzen einen Beitrag zur menschenzentrierten und nachhaltigen, digital transformierten Arbeitswelt leisten? Wenn ja, was braucht es dazu? Daf\u00fcr wird das Format der <em>Craft Round Tables<\/em> entwickelt, mit dem Ziel, Teilnehmende f\u00fcr diese Aspekte zu sensibilisieren.<\/a><\/p>\n<!-- \/wp:paragraph -->                                <\/div>\n                            <\/div>\n                        <\/div>\n                    <\/div>\n                                    \n                    <div>\n                        <div>\n                            <div>\n                                <div class=\"project-slider__imgwrap\">\n                                    <h2>Derzeitige und zuk\u00fcnftige Berufe im Bachelorstudiengang Social Informatics<\/h2>\n                                <\/div>\n                                <div class=\"project-slider__text\">\n                                    <!-- wp:paragraph -->\n<p><a href=\"https:\/\/www.hslu.ch\/de-ch\/hochschule-luzern\/forschung\/projekte\/detail\/?pid=5661\" target=\"_blank\" rel=\"noreferrer noopener\">Welche derzeitigen Berufsbilder passen zu Kompetenzprofilen von Absolventinnen und Absolventen eines Bachelorstudiengangs Social Informatics, sowohl bez\u00fcglich den Inhalten als auch bez\u00fcglich dem Umfang der Besch\u00e4ftigungsm\u00f6glichkeiten?<\/a><\/p>\n<!-- \/wp:paragraph -->                                <\/div>\n                            <\/div>\n                        <\/div>\n                    <\/div>\n                                    \n                    <div>\n                        <div>\n                            <div>\n                                <div class=\"project-slider__imgwrap\">\n                                    <h2>Die Fr\u00fcherkennung von Konvergenz als M\u00f6glichkeit der Kompetenzentwicklung<\/h2>\n                                <\/div>\n                                <div class=\"project-slider__text\">\n                                    <!-- wp:paragraph -->\n<p><a href=\"https:\/\/www.hslu.ch\/de-ch\/hochschule-luzern\/forschung\/projekte\/detail\/?pid=4167\" target=\"_blank\" rel=\"noreferrer noopener\" aria-label=\" (\u00f6ffnet in neuem Tab)\">Komplexe Innovationen erfordern eine Integration von branchenfremden Kompetenzen in die bestehende Wissensbasis. Im ITC-Projekt werden u.a. Knowledge Bridging Techniken analysiert, welche die Absorption von un\u00e4hnlichem Wissen erm\u00f6glichen.<\/a><\/p>\n<!-- \/wp:paragraph -->                                <\/div>\n                            <\/div>\n                        <\/div>\n                    <\/div>\n                                    \n                    <div>\n                        <div>\n                            <div>\n                                <div class=\"project-slider__imgwrap\">\n                                    <h2>DigiKanti: Digitalisierung Luzerner Gymnasien<\/h2>\n                                <\/div>\n                                <div class=\"project-slider__text\">\n                                    <!-- wp:paragraph -->\n<p><a rel=\"noreferrer noopener\" href=\"https:\/\/www.hslu.ch\/de-ch\/hochschule-luzern\/forschung\/projekte\/detail\/?pid=5753\" target=\"_blank\">Die Digitalisierung ver\u00e4ndert schulische Lern- und Lehrformen markant. Kaum thematisiert, werden die daraus resultierenden Formen zu neuen betrieblichen Bedingungen der Schulen. Expertinnen und Experten der Hochschule Luzern sowie der PH Luzern stellen sich den betrieblichen Fragen.<\/a><\/p>\n<!-- \/wp:paragraph -->                                <\/div>\n                            <\/div>\n                        <\/div>\n                    <\/div>\n                                    \n                    <div>\n                        <div>\n                            <div>\n                                <div class=\"project-slider__imgwrap\">\n                                    <h2>Digital Female Founders<\/h2>\n                                <\/div>\n                                <div class=\"project-slider__text\">\n                                    <!-- wp:paragraph -->\n<p><a href=\"https:\/\/www.hslu.ch\/de-ch\/hochschule-luzern\/forschung\/projekte\/detail\/?pid=4193\" target=\"_blank\" rel=\"noreferrer noopener\">Wer sind die \u00abDigital Female Founders\u00bb der Schweiz und was zeichnet sie aus? Das Projekt untersucht, welche unternehmerischen Chancen digitale Gesch\u00e4ftsmodelle den Schweizer Frauen erm\u00f6glichen und welche besonderen Herausforderungen daraus entstehen.<\/a><\/p>\n<!-- \/wp:paragraph -->                                <\/div>\n                            <\/div>\n                        <\/div>\n                    <\/div>\n                                    \n                    <div>\n                        <div>\n                            <div>\n                                <div class=\"project-slider__imgwrap\">\n                                    <h2>Digitale Transformation bei D\u00e4twyler Cabling Solutions AG in Altdorf<\/h2>\n                                <\/div>\n                                <div class=\"project-slider__text\">\n                                    <!-- wp:paragraph -->\n<p><a href=\"https:\/\/www.hslu.ch\/de-ch\/hochschule-luzern\/forschung\/projekte\/detail\/?pid=4237\" target=\"_blank\" rel=\"noreferrer noopener\" aria-label=\" (\u00f6ffnet in neuem Tab)\">F\u00fcr die Firma D\u00e4twyler Cabling Solutions AG werden in diesem ITC-Projekt Produktionsprozesse, Fehlerquellen, Business- und Informatik-Architektur analysiert, um daraus eine Strategie f\u00fcr die digitale Transformation abzuleiten.<\/a><\/p>\n<!-- \/wp:paragraph -->                                <\/div>\n                            <\/div>\n                        <\/div>\n                    <\/div>\n                                    \n                    <div>\n                        <div>\n                            <div>\n                                <div class=\"project-slider__imgwrap\">\n                                    <h2>Digitale Transformation Sozialer Dienste<\/h2>\n                                <\/div>\n                                <div class=\"project-slider__text\">\n                                    <!-- wp:paragraph -->\n<p><a href=\"https:\/\/www.hslu.ch\/de-ch\/hochschule-luzern\/forschung\/projekte\/detail\/?pid=5634\" target=\"_blank\" rel=\"noreferrer noopener\">Vorliegendes Forschungsvorhaben m\u00f6chte Sozialen Diensten Hand bieten, um den digitalen Wandel aktiv und fachlich mitzugestalten und Chancen wie z.B. Angebotsentwicklung, Prozess- und Strukturvereinfachung oder neue Zusammenarbeitsformen zu nutzen.<\/a><\/p>\n<!-- \/wp:paragraph -->                                <\/div>\n                            <\/div>\n                        <\/div>\n                    <\/div>\n                                    \n                    <div>\n                        <div>\n                            <div>\n                                <div class=\"project-slider__imgwrap\">\n                                    <h2>Digitalisierung Untertage \u2013 Anwendungen von VLC<\/h2>\n                                <\/div>\n                                <div class=\"project-slider__text\">\n                                    <!-- wp:paragraph -->\n<p>Mit der Visible Light Communication Technologie kann eine unidirektionale Kommunikation von Lampen zu Empf\u00e4ngern geschaffen werden.<\/p>\n<!-- \/wp:paragraph -->                                <\/div>\n                            <\/div>\n                        <\/div>\n                    <\/div>\n                                    \n                    <div>\n                        <div>\n                            <div>\n                                <div class=\"project-slider__imgwrap\">\n                                    <h2>Digitalization of Everyday Life\/VA PEPR<\/h2>\n                                <\/div>\n                                <div class=\"project-slider__text\">\n                                    <!-- wp:paragraph -->\n<p><a href=\"https:\/\/www.hslu.ch\/de-ch\/hochschule-luzern\/forschung\/projekte\/detail\/?pid=4187\" target=\"_blank\" rel=\"noreferrer noopener\" aria-label=\" (\u00f6ffnet in neuem Tab)\">This project focuses on the gap of studies on the use of Voice Assistants and their role in changing everyday practices and routines as well as their implications for work. <\/a><\/p>\n<!-- \/wp:paragraph -->                                <\/div>\n                            <\/div>\n                        <\/div>\n                    <\/div>\n                                    \n                    <div>\n                        <div>\n                            <div>\n                                <div class=\"project-slider__imgwrap\">\n                                    <h2>Future digital entrepreneurs im interkulturellen Vergleich<\/h2>\n                                <\/div>\n                                <div class=\"project-slider__text\">\n                                    <!-- wp:paragraph -->\n<p>Das Projekt untersucht unter jeweils 300 Studierenden der Business Administration aus der Schweiz, den USA, China und Spanien deren Gr\u00fcndungsintentionen und Informations- und Kommunikationstechnologie-Selbstwirksamkeit (ICT-Selbstwirksamkeit).<\/p>\n<!-- \/wp:paragraph -->                                <\/div>\n                            <\/div>\n                        <\/div>\n                    <\/div>\n                                    \n                    <div>\n                        <div>\n                            <div>\n                                <div class=\"project-slider__imgwrap\">\n                                    <h2>Give me your hand<\/h2>\n                                <\/div>\n                                <div class=\"project-slider__text\">\n                                    <!-- wp:paragraph -->\n<p><a href=\"https:\/\/www.hslu.ch\/de-ch\/hochschule-luzern\/forschung\/projekte\/detail\/?pid=6596\" data-type=\"link\" data-id=\"https:\/\/www.hslu.ch\/de-ch\/hochschule-luzern\/forschung\/projekte\/detail\/?pid=6596\" target=\"_blank\" rel=\"noreferrer noopener\">&#8222;Give me your Hand&#8220; ist ein Karriere-Interventionsprogramm f\u00fcr Studenten beim \u00dcbergang von der Universit\u00e4t ins Berufsleben.<\/a><\/p>\n<!-- \/wp:paragraph -->                                <\/div>\n                            <\/div>\n                        <\/div>\n                    <\/div>\n                                    \n                    <div>\n                        <div>\n                            <div>\n                                <div class=\"project-slider__imgwrap\">\n                                    <h2>Herzfroh 2.0<\/h2>\n                                <\/div>\n                                <div class=\"project-slider__text\">\n                                    <!-- wp:paragraph -->\n<p><a href=\"https:\/\/www.hslu.ch\/de-ch\/hochschule-luzern\/forschung\/projekte\/detail\/?pid=4138\">Das Projekt aktualisiert und digitalisiert die bew\u00e4hrte sexualp\u00e4dagogische Materialsammlung \u00abHerzfroh\u00bb. Diese Weiterentwicklung mit dem Titel Herzfroh 2.0 richtet sie sich neu an Jugendliche und junge Erwachsende mit kognitiven Beeintr\u00e4chtigungen sowie Fachpersonen in Bildung und Betreuung.<\/a><\/p>\n<!-- \/wp:paragraph -->                                <\/div>\n                            <\/div>\n                        <\/div>\n                    <\/div>\n                                    \n                    <div>\n                        <div>\n                            <div>\n                                <div class=\"project-slider__imgwrap\">\n                                    <h2>Knowledge Work im digitalen Wandel<\/h2>\n                                <\/div>\n                                <div class=\"project-slider__text\">\n                                    <!-- wp:paragraph -->\n<p><a href=\"https:\/\/www.hslu.ch\/de-ch\/hochschule-luzern\/forschung\/projekte\/detail\/?pid=4149\" target=\"_blank\" rel=\"noreferrer noopener\" aria-label=\" (\u00f6ffnet in neuem Tab)\">Das ITC-Projekt untersucht die Auswirkungen der digitalen \u00abJob Transformation\u00bb auf die Kompetenzanforderungen und Karrierewege von Wissensarbeiter\/innen.<\/a><\/p>\n<!-- \/wp:paragraph -->                                <\/div>\n                            <\/div>\n                        <\/div>\n                    <\/div>\n                                    \n                    <div>\n                        <div>\n                            <div>\n                                <div class=\"project-slider__imgwrap\">\n                                    <h2>Musikunterricht digital<\/h2>\n                                <\/div>\n                                <div class=\"project-slider__text\">\n                                    <!-- wp:paragraph -->\n<p><a href=\"https:\/\/www.hslu.ch\/de-ch\/hochschule-luzern\/forschung\/projekte\/detail\/?pid=5795\" target=\"_blank\" rel=\"noreferrer noopener\">Die Herausforderungen der Digitalisierung im Bereich des Musikunterrichts haben zu einem als dringlich eingesch\u00e4tzten Bed\u00fcrfnis nach Konzeptualisierung und angewandten L\u00f6sungen gef\u00fchrt. Mit der Konzeptstudie verbunden ist eine Projektskizze f\u00fcr ein Hauptprojekt mit Musikschulen als Praxispartnerinnen.&nbsp;<\/a><\/p>\n<!-- \/wp:paragraph -->                                <\/div>\n                            <\/div>\n                        <\/div>\n                    <\/div>\n                                    \n                    <div>\n                        <div>\n                            <div>\n                                <div class=\"project-slider__imgwrap\">\n                                    <h2>My Work ID &#8211; Future Talents<\/h2>\n                                <\/div>\n                                <div class=\"project-slider__text\">\n                                    <!-- wp:paragraph -->\n<p><a href=\"https:\/\/www.hslu.ch\/de-ch\/hochschule-luzern\/forschung\/projekte\/detail\/?pid=6006\" target=\"_blank\" rel=\"noreferrer noopener\">Ziel des Forschungsprojektes ist es, der Frage nachzugehen, wie Karrieregestaltung im digitalen Zeitalter mit Hilfe eines digitalen Kompetenzreflexions- und Matching Tools unterst\u00fctzt werden kann.<\/a><\/p>\n<!-- \/wp:paragraph -->                                <\/div>\n                            <\/div>\n                        <\/div>\n                    <\/div>\n                                    \n                    <div>\n                        <div>\n                            <div>\n                                <div class=\"project-slider__imgwrap\">\n                                    <h2>Nach der Pandemie \u2013 Weiterentwicklung von familienfreundlichen Arbeitsbedingungen?<\/h2>\n                                <\/div>\n                                <div class=\"project-slider__text\">\n                                    <!-- wp:paragraph -->\n<p><a href=\"https:\/\/www.hslu.ch\/de-ch\/hochschule-luzern\/forschung\/projekte\/detail\/?pid=6405\" data-type=\"link\" data-id=\"https:\/\/www.hslu.ch\/de-ch\/hochschule-luzern\/forschung\/projekte\/detail\/?pid=6405\" target=\"_blank\" rel=\"noreferrer noopener\">Das Projekt zielt darauf ab, innovative und familienfreundliche Formen der Arbeitsorganisation sowie deren Auswirkungen auf die Vereinbarkeit und das individuelle Wohlbefinden von Mitarbeitenden und Angeh\u00f6rigen vertiefend zu beleuchten.<\/a><\/p>\n<!-- \/wp:paragraph -->                                <\/div>\n                            <\/div>\n                        <\/div>\n                    <\/div>\n                                    \n                    <div>\n                        <div>\n                            <div>\n                                <div class=\"project-slider__imgwrap\">\n                                    <h2>New Work Journey<\/h2>\n                                <\/div>\n                                <div class=\"project-slider__text\">\n                                    <!-- wp:paragraph -->\n<p><a href=\"https:\/\/www.hslu.ch\/de-ch\/hochschule-luzern\/forschung\/projekte\/detail\/?pid=4408\" target=\"_blank\" rel=\"noreferrer noopener\">Um auf neue M\u00e4rkte reagieren zu k\u00f6nnen, m\u00fcssen Schweizer KMU neue Arbeitsformen entwickeln: das Stichwort lautet New Work Transformation. Wir entwickeln eine Methode zur Standortbestimmung Schweizer KMU in ihrer New Work Transformation &amp; eine Roadmap.<\/a><\/p>\n<!-- \/wp:paragraph -->                                <\/div>\n                            <\/div>\n                        <\/div>\n                    <\/div>\n                                    \n                    <div>\n                        <div>\n                            <div>\n                                <div class=\"project-slider__imgwrap\">\n                                    <h2>Organisationale Resilienz in der Sozialwirtschaft<\/h2>\n                                <\/div>\n                                <div class=\"project-slider__text\">\n                                    <!-- wp:paragraph -->\n<p><a href=\"https:\/\/www.hslu.ch\/de-ch\/hochschule-luzern\/forschung\/projekte\/detail\/?pid=6432\" data-type=\"link\" data-id=\"https:\/\/www.hslu.ch\/de-ch\/hochschule-luzern\/forschung\/projekte\/detail\/?pid=6432\" target=\"_blank\" rel=\"noreferrer noopener\">Digitalisierte Arbeitswelt in der Sozialwirtschaft: Auswirkungen von Agilit\u00e4t und Selbstorganisation auf organisationale Resilienz und Gesundheit in der sozio-technischen Arbeitswelt des Sozial-, Pflege- und Gesundheitssektors.<\/a><\/p>\n<!-- \/wp:paragraph -->                                <\/div>\n                            <\/div>\n                        <\/div>\n                    <\/div>\n                                    \n                    <div>\n                        <div>\n                            <div>\n                                <div class=\"project-slider__imgwrap\">\n                                    <h2>Smart Application Factory<\/h2>\n                                <\/div>\n                                <div class=\"project-slider__text\">\n                                    <!-- wp:paragraph -->\n<p><a href=\"https:\/\/www.hslu.ch\/en\/lucerne-university-of-applied-sciences-and-arts\/research\/projects\/detail\/?pid=4389\" target=\"_blank\" rel=\"noreferrer noopener\">Das Projekt erarbeitet die Grundlage f\u00fcr eine Smart Factory f\u00fcr textiles Ennoblement, die neue Formen der cyberphysischen Interaktion er\u00f6ffnet und als Designtool funktioniert. Daf\u00fcr wird eine integrierte L\u00f6sung erarbeitet, die eine Fertigung von der Skizze bis zum fertigen Kleidungsst\u00fcck in Losgr\u00f6sse 1 erm\u00f6glicht.<\/a><\/p>\n<!-- \/wp:paragraph -->                                <\/div>\n                            <\/div>\n                        <\/div>\n                    <\/div>\n                                    \n                    <div>\n                        <div>\n                            <div>\n                                <div class=\"project-slider__imgwrap\">\n                                    <h2>Smart-Meter \u2013 Daten besser nutzen dank maschinellem Lernen<\/h2>\n                                <\/div>\n                                <div class=\"project-slider__text\">\n                                    <!-- wp:paragraph -->\n<p><a href=\"https:\/\/www.hslu.ch\/en\/lucerne-university-of-applied-sciences-and-arts\/research\/projects\/detail\/?pid=5486\" target=\"_blank\" rel=\"noreferrer noopener\">Im Projekt wird untersucht, wie semi-supervised Deep Learning verwendet werden kann, um Stromverbrauchs-Daten von Stromz\u00e4hlern auf einzelne Ger\u00e4te aufzuschl\u00fcsseln.<\/a><\/p>\n<!-- \/wp:paragraph -->                                <\/div>\n                            <\/div>\n                        <\/div>\n                    <\/div>\n                                    \n                    <div>\n                        <div>\n                            <div>\n                                <div class=\"project-slider__imgwrap\">\n                                    <h2>Social Blockchain &#8211; Blockchain-Technologie f\u00fcr das Sozialwesen<\/h2>\n                                <\/div>\n                                <div class=\"project-slider__text\">\n                                    <!-- wp:paragraph -->\n<p><a rel=\"noreferrer noopener\" href=\"https:\/\/www.hslu.ch\/de-ch\/hochschule-luzern\/forschung\/projekte\/detail\/?pid=4286\" target=\"_blank\">Welchen Nutzen kann die Blockchain-Technologie f\u00fcr soziale Problemstellungen bieten? Das interdisziplin\u00e4re Projekt untersucht das Potenzial und die Problemfelder der Blockchain-Technologie f\u00fcr das Sozialwesen.<\/a><\/p>\n<!-- \/wp:paragraph -->                                <\/div>\n                            <\/div>\n                        <\/div>\n                    <\/div>\n                                    \n                    <div>\n                        <div>\n                            <div>\n                                <div class=\"project-slider__imgwrap\">\n                                    <h2>Unterst\u00fctzungsangebote zug\u00e4nglich gemacht durch ein digitales Angebot<\/h2>\n                                <\/div>\n                                <div class=\"project-slider__text\">\n                                    <!-- wp:paragraph -->\n<p>Im Projekt werden Erkenntnisse \u00fcber den Stand von bestehenden Softwareprodukten, Serviceangeboten und digitalen Plattformen f\u00fcr Menschen mit kognitiven Beeintr\u00e4chtigungen und zu Unterst\u00fctzungsangeboten erarbeitet.<\/p>\n<!-- \/wp:paragraph -->\n\n<!-- wp:paragraph -->\n<p><\/p>\n<!-- \/wp:paragraph -->\n\n<!-- wp:paragraph -->\n<p><\/p>\n<!-- \/wp:paragraph -->                                <\/div>\n                            <\/div>\n                        <\/div>\n                    <\/div>\n                                    \n                    <div>\n                        <div>\n                            <div>\n                                <div class=\"project-slider__imgwrap\">\n                                    <h2>Vermessene Expertinnen und Experten<\/h2>\n                                <\/div>\n                                <div class=\"project-slider__text\">\n                                    <!-- wp:paragraph -->\n<p><a href=\"https:\/\/www.hslu.ch\/de-ch\/hochschule-luzern\/forschung\/projekte\/detail\/?pid=4233\" target=\"_blank\" rel=\"noreferrer noopener\">Die Dienstleistungen von Experten im Gesundheits,- Sozial- und Bildungswesen werden zwecks Leistungssteuerung quantifiziert. Nun gilt es zu untersuchen, welche nichtintendierten Nebenfolgen damit auf die Leistungserbringung verursacht werden.<\/a><\/p>\n<!-- \/wp:paragraph -->                                <\/div>\n                            <\/div>\n                        <\/div>\n                    <\/div>\n                                    \n                    <div>\n                        <div>\n                            <div>\n                                <div class=\"project-slider__imgwrap\">\n                                    <h2>Virtual Kids &#8211; Virtuelle Charaktere zur Verbesserung der Qualit\u00e4t von Kindesbefragungen<\/h2>\n                                <\/div>\n                                <div class=\"project-slider__text\">\n                                    <!-- wp:paragraph -->\n<p><a href=\"https:\/\/www.hslu.ch\/de-ch\/hochschule-luzern\/forschung\/projekte\/detail\/?pid=5467\" target=\"_blank\" rel=\"noreferrer noopener\">Kinder brauchen in Strafverfahren kompetente Befragende. Eine neue Software soll realit\u00e4tsnahe Trainingsbedingungen bieten.<\/a><\/p>\n<!-- \/wp:paragraph -->                                <\/div>\n                            <\/div>\n                        <\/div>\n                    <\/div>\n                                    \n                    <div>\n                        <div>\n                            <div>\n                                <div class=\"project-slider__imgwrap\">\n                                    <h2>Virtual Kids Akzeptanzstudie<\/h2>\n                                <\/div>\n                                <div class=\"project-slider__text\">\n                                    <!-- wp:paragraph -->\n<p><a href=\"https:\/\/www.hslu.ch\/de-ch\/hochschule-luzern\/forschung\/projekte\/detail\/?pid=6383\" data-type=\"link\" data-id=\"https:\/\/www.hslu.ch\/de-ch\/hochschule-luzern\/forschung\/projekte\/detail\/?pid=6383\" target=\"_blank\" rel=\"noreferrer noopener\">Kindesbefragungen gezielt \u00fcben: K\u00f6nnen digitale Avatare den gew\u00fcnschten Mehrwert erzielen? Das wird im Rahmen dieser Studie untersucht.<\/a><\/p>\n<!-- \/wp:paragraph -->                                <\/div>\n                            <\/div>\n                        <\/div>\n                    <\/div>\n                                    \n                    <div>\n                        <div>\n                            <div>\n                                <div class=\"project-slider__imgwrap\">\n                                    <h2>Virtuelles Schwarzarbeiten in der Gig-Economy<\/h2>\n                                <\/div>\n                                <div class=\"project-slider__text\">\n                                    <!-- wp:paragraph -->\n<p><a href=\"https:\/\/www.hslu.ch\/en\/lucerne-university-of-applied-sciences-and-arts\/research\/projects\/detail\/?pid=5616\" target=\"_blank\" rel=\"noreferrer noopener\">Ziel des explorativen Projektes ist es, empirisch in einer Publikation belegen zu k\u00f6nnen, was das (Schadens-)Potential f\u00fcr virtuelles Schwarzarbeiten in Verbindung mit den Plattformen ist und Handlungsempfehlungen, f\u00fcr die mit der Bek\u00e4mpfung der Schwarzarbeit beauftragten Beh\u00f6rden auszuarbeiten.<\/a><\/p>\n<!-- \/wp:paragraph -->                                <\/div>\n                            <\/div>\n                        <\/div>\n                    <\/div>\n                                    \n                    <div>\n                        <div>\n                            <div>\n                                <div class=\"project-slider__imgwrap\">\n                                    <h2>Zero-Waste-Fashion<\/h2>\n                                <\/div>\n                                <div class=\"project-slider__text\">\n                                    <!-- wp:paragraph -->\n<p><a href=\"https:\/\/www.hslu.ch\/de-ch\/hochschule-luzern\/forschung\/projekte\/detail\/?pid=5784\" target=\"_blank\" rel=\"noreferrer noopener\">Es wird untersucht, in welcher Form ein digitales Plattformkonzept mit Hilfe von Flachstrickmaschinen realisierbar ist, um Kleider regional und nachhaltiger zu produzieren. Der Fokus liegt dabei speziell auf der Gestaltung transorganisationaler Prozesse.<\/a><\/p>\n<!-- \/wp:paragraph -->                                <\/div>\n                            <\/div>\n                        <\/div>\n                    <\/div>\n                                <\/div>\n        <\/div>\n    <\/div>\n<\/div>\n\n\n<ul class=\"wp-block-list\">\n<li>Zur\u00fcck zum ITC <a href=\"https:\/\/sites.hslu.ch\/itc\/digitale-transformation-der-arbeitswelt\/\" data-type=\"URL\" data-id=\"https:\/\/sites.hslu.ch\/itc\/digitale-transformation-der-arbeitswelt\/\">\u00abDigitale Transformation der Arbeitswelt\u00bb<\/a><\/li>\n<\/ul>\n","protected":false},"excerpt":{"rendered":"<p>Das Fokusthema behandelte folgende Fragen: Im Rahmen dieses Fokusthemas entstanden z. B. die Projekte Virtual Kids, VA Pepr, People Analytics at Work und Digital Female Founders. Alle Projekte im \u00dcberblick<\/p>\n","protected":false},"author":110,"featured_media":0,"parent":1988,"menu_order":0,"comment_status":"closed","ping_status":"closed","template":"","meta":{"_acf_changed":false,"footnotes":""},"class_list":["post-1937","page","type-page","status-publish","hentry"],"acf":[],"_links":{"self":[{"href":"https:\/\/sites.hslu.ch\/itc\/wp-json\/wp\/v2\/pages\/1937","targetHints":{"allow":["GET"]}}],"collection":[{"href":"https:\/\/sites.hslu.ch\/itc\/wp-json\/wp\/v2\/pages"}],"about":[{"href":"https:\/\/sites.hslu.ch\/itc\/wp-json\/wp\/v2\/types\/page"}],"author":[{"embeddable":true,"href":"https:\/\/sites.hslu.ch\/itc\/wp-json\/wp\/v2\/users\/110"}],"replies":[{"embeddable":true,"href":"https:\/\/sites.hslu.ch\/itc\/wp-json\/wp\/v2\/comments?post=1937"}],"version-history":[{"count":14,"href":"https:\/\/sites.hslu.ch\/itc\/wp-json\/wp\/v2\/pages\/1937\/revisions"}],"predecessor-version":[{"id":3024,"href":"https:\/\/sites.hslu.ch\/itc\/wp-json\/wp\/v2\/pages\/1937\/revisions\/3024"}],"up":[{"embeddable":true,"href":"https:\/\/sites.hslu.ch\/itc\/wp-json\/wp\/v2\/pages\/1988"}],"wp:attachment":[{"href":"https:\/\/sites.hslu.ch\/itc\/wp-json\/wp\/v2\/media?parent=1937"}],"curies":[{"name":"wp","href":"https:\/\/api.w.org\/{rel}","templated":true}]}}