{"id":1925,"date":"2023-02-23T10:35:43","date_gmt":"2023-02-23T10:35:43","guid":{"rendered":"https:\/\/sites.hslu.ch\/itc\/?page_id=1925"},"modified":"2024-04-25T20:07:21","modified_gmt":"2024-04-25T20:07:21","slug":"digitalisierte-und-individualisierte-bildung","status":"publish","type":"page","link":"https:\/\/sites.hslu.ch\/itc\/digitale-transformation-der-arbeitswelt\/digitalisierte-und-individualisierte-bildung\/","title":{"rendered":"Fokusthema Digitalisierte und individualisierte Bildung"},"content":{"rendered":"\n<p>Das Fokusthema behandelte folgende Fragen:<\/p>\n\n\n\n<ul class=\"wp-block-list\">\n<li>Wie muss sich das Bildungswesen entwickeln, damit den Anforderungen der digitalen Transformation der Arbeitswelt entsprochen werden kann?<\/li>\n\n\n\n<li>Welchen Beitrag kann Bildung und Ausbildung f\u00fcr die digitale Transformation leisten?<\/li>\n\n\n\n<li>Welchen Beitrag k\u00f6nnen digitale Hilfsmittel zur Eruierung eines individuellen Kompetenzprofils leisten?<\/li>\n\n\n\n<li>Welche \u00abNext Level\u00bb-Entwicklungen der Digitalisierung (KI, Algorithmierung) pr\u00e4gen die Bildung der Zukunft?<\/li>\n\n\n\n<li>Welchen Beitrag k\u00f6nnen kulturelle Bildung und k\u00fcnstlerisches Schaffen f\u00fcr die Anforderungen der digitalen Transformation leisten?<\/li>\n\n\n\n<li>Wie k\u00f6nnen kulturelle und interkulturelle Kompetenzen und&nbsp;digital literacy&nbsp;gef\u00f6rdert werden?<\/li>\n\n\n\n<li>Welche M\u00f6glichkeiten gibt es, die Kompetenzanforderungen des digitalen Wandels zu antizipieren (\u00abweak signals\u00bb) und abzubilden, um Schritt zu halten mit der Entwicklung und ver\u00e4nderungsf\u00e4hig zu bleiben?<\/li>\n<\/ul>\n\n\n\n<p>Im Rahmen dieses Fokusthemas entstanden z. B. die Projekte <a href=\"https:\/\/sites.hslu.ch\/itc\/digikanti\/\" data-type=\"page\" data-id=\"1638\">DigiKanti<\/a> und <a href=\"https:\/\/sites.hslu.ch\/itc\/virtual-reality-in-kleintheatern\/\" data-type=\"page\" data-id=\"1618\">Virtual Reality in Kleintheatern<\/a>.<\/p>\n\n\n\n<h6 class=\"wp-block-heading\">Alle Projekte im \u00dcberblick<\/h6>\n\n\n<div class=\"row\">\n    <div class=\"col-12 col-sm-12 col-md-12 col-lg-10 offset-lg-2 default__slider\">\n        <div class=\"fade-slider\">\n            <div class=\"project-slider dt-projects\">\n                                \n                    <div>\n                        <div>\n                            <div>\n                                <div class=\"project-slider__imgwrap\">\n                                    <h2>Agil Inside. Agil-Kollaboratives People Management in KMU: Gestaltungsfaktoren aus multidisziplin\u00e4rer Sicht<\/h2>\n                                <\/div>\n                                <div class=\"project-slider__text\">\n                                    <!-- wp:paragraph -->\n<p><a href=\"https:\/\/www.hslu.ch\/de-ch\/hochschule-luzern\/forschung\/projekte\/detail\/?pid=4155\" target=\"_blank\" rel=\"noreferrer noopener\" aria-label=\"Ziel des ITC-Projekts ist die Ausarbeitung von Erfolgsfaktoren f\u00fcr neue Formen eines kollaborativen People Managements in KMUs \u2013 dies aus einer multidisziplin\u00e4ren Perspektive. (\u00f6ffnet in neuem Tab)\">Ziel des ITC-Projekts ist die Ausarbeitung von Erfolgsfaktoren f\u00fcr neue Formen eines kollaborativen People Managements in KMUs \u2013 dies aus einer multidisziplin\u00e4ren Perspektive.<\/a><\/p>\n<!-- \/wp:paragraph -->                                <\/div>\n                            <\/div>\n                        <\/div>\n                    <\/div>\n                                    \n                    <div>\n                        <div>\n                            <div>\n                                <div class=\"project-slider__imgwrap\">\n                                    <h2>Artificial Ideation<\/h2>\n                                <\/div>\n                                <div class=\"project-slider__text\">\n                                    <!-- wp:paragraph -->\n<p><a href=\"https:\/\/www.hslu.ch\/de-ch\/hochschule-luzern\/forschung\/projekte\/detail\/?pid=6436\" data-type=\"link\" data-id=\"https:\/\/www.hslu.ch\/de-ch\/hochschule-luzern\/forschung\/projekte\/detail\/?pid=6436\" target=\"_blank\" rel=\"noreferrer noopener\">Das Projekt erforscht innovative Ans\u00e4tze zur Nutzung generativer Technologien der K\u00fcnstlichen Intelligenz (KI) in Ideenfindungsprozessen innerhalb der Kreativwirtschaft.<\/a><\/p>\n<!-- \/wp:paragraph -->                                <\/div>\n                            <\/div>\n                        <\/div>\n                    <\/div>\n                                    \n                    <div>\n                        <div>\n                            <div>\n                                <div class=\"project-slider__imgwrap\">\n                                    <h2>Beyond Covid 19: Uncovering the future learning experience<\/h2>\n                                <\/div>\n                                <div class=\"project-slider__text\">\n                                    <!-- wp:paragraph -->\n<p><a href=\"https:\/\/www.hslu.ch\/en\/lucerne-university-of-applied-sciences-and-arts\/research\/projects\/detail\/?pid=5792\" target=\"_blank\" rel=\"noreferrer noopener\">The aim of this project is to explore the views of the learning experience of design and business students in hybrid environments.<\/a><\/p>\n<!-- \/wp:paragraph -->                                <\/div>\n                            <\/div>\n                        <\/div>\n                    <\/div>\n                                    \n                    <div>\n                        <div>\n                            <div>\n                                <div class=\"project-slider__imgwrap\">\n                                    <h2>Cocreation-Toolbox f\u00fcr interdisziplin\u00e4re Zusammenarbeit<\/h2>\n                                <\/div>\n                                <div class=\"project-slider__text\">\n                                    <!-- wp:paragraph -->\n<p><a href=\"https:\/\/www.hslu.ch\/de-ch\/hochschule-luzern\/forschung\/projekte\/detail\/?pid=6201\" data-type=\"URL\" data-id=\"https:\/\/www.hslu.ch\/de-ch\/hochschule-luzern\/forschung\/projekte\/detail\/?pid=6201\" target=\"_blank\" rel=\"noreferrer noopener\">Die Zusammenarbeit zwischen Disziplinen ist in der digitalen Transformation kaum wegzudenken. Dieses Projekt will Wissen \u00fcber interdisziplin\u00e4re Zusammenarbeit festhalten und f\u00fcr andere Kontexte vermittelbar machen.<\/a><\/p>\n<!-- \/wp:paragraph -->                                <\/div>\n                            <\/div>\n                        <\/div>\n                    <\/div>\n                                    \n                    <div>\n                        <div>\n                            <div>\n                                <div class=\"project-slider__imgwrap\">\n                                    <h2>Derzeitige und zuk\u00fcnftige Berufe im Bachelorstudiengang Social Informatics<\/h2>\n                                <\/div>\n                                <div class=\"project-slider__text\">\n                                    <!-- wp:paragraph -->\n<p><a href=\"https:\/\/www.hslu.ch\/de-ch\/hochschule-luzern\/forschung\/projekte\/detail\/?pid=5661\" target=\"_blank\" rel=\"noreferrer noopener\">Welche derzeitigen Berufsbilder passen zu Kompetenzprofilen von Absolventinnen und Absolventen eines Bachelorstudiengangs Social Informatics, sowohl bez\u00fcglich den Inhalten als auch bez\u00fcglich dem Umfang der Besch\u00e4ftigungsm\u00f6glichkeiten?<\/a><\/p>\n<!-- \/wp:paragraph -->                                <\/div>\n                            <\/div>\n                        <\/div>\n                    <\/div>\n                                    \n                    <div>\n                        <div>\n                            <div>\n                                <div class=\"project-slider__imgwrap\">\n                                    <h2>DigiKanti: Digitalisierung Luzerner Gymnasien<\/h2>\n                                <\/div>\n                                <div class=\"project-slider__text\">\n                                    <!-- wp:paragraph -->\n<p><a rel=\"noreferrer noopener\" href=\"https:\/\/www.hslu.ch\/de-ch\/hochschule-luzern\/forschung\/projekte\/detail\/?pid=5753\" target=\"_blank\">Die Digitalisierung ver\u00e4ndert schulische Lern- und Lehrformen markant. Kaum thematisiert, werden die daraus resultierenden Formen zu neuen betrieblichen Bedingungen der Schulen. Expertinnen und Experten der Hochschule Luzern sowie der PH Luzern stellen sich den betrieblichen Fragen.<\/a><\/p>\n<!-- \/wp:paragraph -->                                <\/div>\n                            <\/div>\n                        <\/div>\n                    <\/div>\n                                    \n                    <div>\n                        <div>\n                            <div>\n                                <div class=\"project-slider__imgwrap\">\n                                    <h2>Digitale Transformation Sozialer Dienste<\/h2>\n                                <\/div>\n                                <div class=\"project-slider__text\">\n                                    <!-- wp:paragraph -->\n<p><a href=\"https:\/\/www.hslu.ch\/de-ch\/hochschule-luzern\/forschung\/projekte\/detail\/?pid=5634\" target=\"_blank\" rel=\"noreferrer noopener\">Vorliegendes Forschungsvorhaben m\u00f6chte Sozialen Diensten Hand bieten, um den digitalen Wandel aktiv und fachlich mitzugestalten und Chancen wie z.B. Angebotsentwicklung, Prozess- und Strukturvereinfachung oder neue Zusammenarbeitsformen zu nutzen.<\/a><\/p>\n<!-- \/wp:paragraph -->                                <\/div>\n                            <\/div>\n                        <\/div>\n                    <\/div>\n                                    \n                    <div>\n                        <div>\n                            <div>\n                                <div class=\"project-slider__imgwrap\">\n                                    <h2>Herzfroh 2.0: Entwicklung eines barrierefreien narrativen Spiels<\/h2>\n                                <\/div>\n                                <div class=\"project-slider__text\">\n                                    <!-- wp:paragraph -->\n<p><a href=\"https:\/\/www.hslu.ch\/de-ch\/hochschule-luzern\/forschung\/projekte\/detail\/?pid=6390\" data-type=\"link\" data-id=\"https:\/\/www.hslu.ch\/de-ch\/hochschule-luzern\/forschung\/projekte\/detail\/?pid=6390\">Die bew\u00e4hrte sexualp\u00e4dagogische Materialsammlung &#8222;Herzfroh&#8220; wird im Rahmen von Herzfroh 2.0 aktualisiert und digitalisiert. Zuk\u00fcnftig wird auch ein narratives Spiel die Materialien erg\u00e4nzen.<\/a><\/p>\n<!-- \/wp:paragraph -->                                <\/div>\n                            <\/div>\n                        <\/div>\n                    <\/div>\n                                    \n                    <div>\n                        <div>\n                            <div>\n                                <div class=\"project-slider__imgwrap\">\n                                    <h2>Kulturelle Bildung f\u00fcr die digitale (Arbeits-)Welt<\/h2>\n                                <\/div>\n                                <div class=\"project-slider__text\">\n                                    <!-- wp:paragraph -->\n<p><a href=\"https:\/\/www.hslu.ch\/de-ch\/hochschule-luzern\/forschung\/projekte\/detail\/?pid=6431\" data-type=\"link\" data-id=\"https:\/\/www.hslu.ch\/de-ch\/hochschule-luzern\/forschung\/projekte\/detail\/?pid=6431\" target=\"_blank\" rel=\"noreferrer noopener\">Das Projekt geht der Frage auf den Grund, wie sich das Bildungswesen entwickeln muss, damit den Anforderungen der digitalen Transformation der Arbeitswelt entsprochen werden kann.<\/a><\/p>\n<!-- \/wp:paragraph -->                                <\/div>\n                            <\/div>\n                        <\/div>\n                    <\/div>\n                                    \n                    <div>\n                        <div>\n                            <div>\n                                <div class=\"project-slider__imgwrap\">\n                                    <h2>Let me help you!<\/h2>\n                                <\/div>\n                                <div class=\"project-slider__text\">\n                                    <!-- wp:paragraph -->\n<p><a rel=\"noreferrer noopener\" href=\"https:\/\/www.hslu.ch\/de-ch\/hochschule-luzern\/forschung\/projekte\/detail\/?pid=6226\" data-type=\"URL\" data-id=\"https:\/\/www.hslu.ch\/de-ch\/hochschule-luzern\/forschung\/projekte\/detail\/?pid=6226\" target=\"_blank\">German-language chatbot system for emotional support of older people in the fight against loneliness<\/a>.<\/p>\n<!-- \/wp:paragraph -->                                <\/div>\n                            <\/div>\n                        <\/div>\n                    <\/div>\n                                    \n                    <div>\n                        <div>\n                            <div>\n                                <div class=\"project-slider__imgwrap\">\n                                    <h2>Musikunterricht digital<\/h2>\n                                <\/div>\n                                <div class=\"project-slider__text\">\n                                    <!-- wp:paragraph -->\n<p><a href=\"https:\/\/www.hslu.ch\/de-ch\/hochschule-luzern\/forschung\/projekte\/detail\/?pid=5795\" target=\"_blank\" rel=\"noreferrer noopener\">Die Herausforderungen der Digitalisierung im Bereich des Musikunterrichts haben zu einem als dringlich eingesch\u00e4tzten Bed\u00fcrfnis nach Konzeptualisierung und angewandten L\u00f6sungen gef\u00fchrt. Mit der Konzeptstudie verbunden ist eine Projektskizze f\u00fcr ein Hauptprojekt mit Musikschulen als Praxispartnerinnen.&nbsp;<\/a><\/p>\n<!-- \/wp:paragraph -->                                <\/div>\n                            <\/div>\n                        <\/div>\n                    <\/div>\n                                    \n                    <div>\n                        <div>\n                            <div>\n                                <div class=\"project-slider__imgwrap\">\n                                    <h2>My Work ID &#8211; Future Talents<\/h2>\n                                <\/div>\n                                <div class=\"project-slider__text\">\n                                    <!-- wp:paragraph -->\n<p><a href=\"https:\/\/www.hslu.ch\/de-ch\/hochschule-luzern\/forschung\/projekte\/detail\/?pid=6006\" target=\"_blank\" rel=\"noreferrer noopener\">Ziel des Forschungsprojektes ist es, der Frage nachzugehen, wie Karrieregestaltung im digitalen Zeitalter mit Hilfe eines digitalen Kompetenzreflexions- und Matching Tools unterst\u00fctzt werden kann.<\/a><\/p>\n<!-- \/wp:paragraph -->                                <\/div>\n                            <\/div>\n                        <\/div>\n                    <\/div>\n                                    \n                    <div>\n                        <div>\n                            <div>\n                                <div class=\"project-slider__imgwrap\">\n                                    <h2>Nonverbale Kommunikation in der Virtual Reality<\/h2>\n                                <\/div>\n                                <div class=\"project-slider__text\">\n                                    <!-- wp:paragraph -->\n<p><a href=\"https:\/\/www.hslu.ch\/de-ch\/hochschule-luzern\/forschung\/projekte\/detail\/?pid=5566\" target=\"_blank\" rel=\"noreferrer noopener\">In diesem Projekt wird der Einfluss von Handanimation in VR auf Zeigegesten untersuchen und daraus erste Erkenntnisse \u00fcber die Realisierung und die Relevanz der nonverbalen Kommunikation im VR erarbeiten.<\/a><\/p>\n<!-- \/wp:paragraph -->                                <\/div>\n                            <\/div>\n                        <\/div>\n                    <\/div>\n                                    \n                    <div>\n                        <div>\n                            <div>\n                                <div class=\"project-slider__imgwrap\">\n                                    <h2>Onset-Detection von Schlagzeugkl\u00e4ngen in komplexen Schallsignalen<\/h2>\n                                <\/div>\n                                <div class=\"project-slider__text\">\n                                    <!-- wp:paragraph -->\n<p><a rel=\"noreferrer noopener\" href=\"https:\/\/www.hslu.ch\/en\/lucerne-university-of-applied-sciences-and-arts\/research\/projects\/detail\/?pid=6144\" data-type=\"URL\" data-id=\"https:\/\/www.hslu.ch\/en\/lucerne-university-of-applied-sciences-and-arts\/research\/projects\/detail\/?pid=6144\" target=\"_blank\">Die Bestimmung von Klangeins\u00e4tzen ist f\u00fcr die Performanceforschung von zentraler Bedeutung. <\/a><a rel=\"noreferrer noopener\" href=\"https:\/\/www.hslu.ch\/en\/lucerne-university-of-applied-sciences-and-arts\/research\/projects\/detail\/?pid=6144\" data-type=\"URL\" data-id=\"https:\/\/www.hslu.ch\/en\/lucerne-university-of-applied-sciences-and-arts\/research\/projects\/detail\/?pid=6144\" target=\"_blank\">B<\/a><a rel=\"noreferrer noopener\" href=\"https:\/\/www.hslu.ch\/en\/lucerne-university-of-applied-sciences-and-arts\/research\/projects\/detail\/?pid=6144\" data-type=\"URL\" data-id=\"https:\/\/www.hslu.ch\/en\/lucerne-university-of-applied-sciences-and-arts\/research\/projects\/detail\/?pid=6144\" target=\"_blank\">e<\/a><a rel=\"noreferrer noopener\" href=\"https:\/\/www.hslu.ch\/en\/lucerne-university-of-applied-sciences-and-arts\/research\/projects\/detail\/?pid=6144\" data-type=\"URL\" data-id=\"https:\/\/www.hslu.ch\/en\/lucerne-university-of-applied-sciences-and-arts\/research\/projects\/detail\/?pid=6144\" target=\"_blank\">i<\/a><a rel=\"noreferrer noopener\" href=\"https:\/\/www.hslu.ch\/en\/lucerne-university-of-applied-sciences-and-arts\/research\/projects\/detail\/?pid=6144\" data-type=\"URL\" data-id=\"https:\/\/www.hslu.ch\/en\/lucerne-university-of-applied-sciences-and-arts\/research\/projects\/detail\/?pid=6144\" target=\"_blank\"> <\/a><a rel=\"noreferrer noopener\" href=\"https:\/\/www.hslu.ch\/en\/lucerne-university-of-applied-sciences-and-arts\/research\/projects\/detail\/?pid=6144\" data-type=\"URL\" data-id=\"https:\/\/www.hslu.ch\/en\/lucerne-university-of-applied-sciences-and-arts\/research\/projects\/detail\/?pid=6144\" target=\"_blank\">mehreren Schallquellen gleichzeitig, versagen traditionelle Messmethoden. In diesem Projekt soll ein alternativer Ansatz aus der AI getestet werden.<\/a><\/p>\n<!-- \/wp:paragraph -->                                <\/div>\n                            <\/div>\n                        <\/div>\n                    <\/div>\n                                    \n                    <div>\n                        <div>\n                            <div>\n                                <div class=\"project-slider__imgwrap\">\n                                    <h2>Vergr\u00f6sserung der Wahlfreiheit f\u00fcr Menschen mit kognitiven Beeintr\u00e4chtigungen<\/h2>\n                                <\/div>\n                                <div class=\"project-slider__text\">\n                                    <!-- wp:paragraph -->\n<p><a href=\"https:\/\/www.hslu.ch\/en\/lucerne-university-of-applied-sciences-and-arts\/research\/projects\/detail\/?pid=5965\" target=\"_blank\" rel=\"noreferrer noopener\">Im Projekt werden Erkenntnisse \u00fcber den Stand von bestehenden Softwareprodukten, Serviceangeboten und digitalen Plattformen f\u00fcr Menschen mit kognitiven Beeintr\u00e4chtigungen und zu Unterst\u00fctzungsangeboten erarbeitet.<\/a><\/p>\n<!-- \/wp:paragraph -->                                <\/div>\n                            <\/div>\n                        <\/div>\n                    <\/div>\n                                    \n                    <div>\n                        <div>\n                            <div>\n                                <div class=\"project-slider__imgwrap\">\n                                    <h2>Virtual Kids &#8211; Virtuelle Charaktere zur Verbesserung der Qualit\u00e4t von Kindesbefragungen<\/h2>\n                                <\/div>\n                                <div class=\"project-slider__text\">\n                                    <!-- wp:paragraph -->\n<p><a href=\"https:\/\/www.hslu.ch\/de-ch\/hochschule-luzern\/forschung\/projekte\/detail\/?pid=5467\" target=\"_blank\" rel=\"noreferrer noopener\">Kinder brauchen in Strafverfahren kompetente Befragende. Eine neue Software soll realit\u00e4tsnahe Trainingsbedingungen bieten.<\/a><\/p>\n<!-- \/wp:paragraph -->                                <\/div>\n                            <\/div>\n                        <\/div>\n                    <\/div>\n                                    \n                    <div>\n                        <div>\n                            <div>\n                                <div class=\"project-slider__imgwrap\">\n                                    <h2>Virtual Kids Akzeptanzstudie<\/h2>\n                                <\/div>\n                                <div class=\"project-slider__text\">\n                                    <!-- wp:paragraph -->\n<p><a href=\"https:\/\/www.hslu.ch\/de-ch\/hochschule-luzern\/forschung\/projekte\/detail\/?pid=6383\" data-type=\"link\" data-id=\"https:\/\/www.hslu.ch\/de-ch\/hochschule-luzern\/forschung\/projekte\/detail\/?pid=6383\" target=\"_blank\" rel=\"noreferrer noopener\">Kindesbefragungen gezielt \u00fcben: K\u00f6nnen digitale Avatare den gew\u00fcnschten Mehrwert erzielen? Das wird im Rahmen dieser Studie untersucht.<\/a><\/p>\n<!-- \/wp:paragraph -->                                <\/div>\n                            <\/div>\n                        <\/div>\n                    <\/div>\n                                    \n                    <div>\n                        <div>\n                            <div>\n                                <div class=\"project-slider__imgwrap\">\n                                    <h2>Virtual Reality im Theater<\/h2>\n                                <\/div>\n                                <div class=\"project-slider__text\">\n                                    <!-- wp:paragraph -->\n<p><a href=\"https:\/\/www.hslu.ch\/de-ch\/hochschule-luzern\/forschung\/projekte\/detail\/?pid=5885\" data-type=\"URL\" data-id=\"https:\/\/www.hslu.ch\/de-ch\/hochschule-luzern\/forschung\/projekte\/detail\/?pid=5885\" target=\"_blank\" rel=\"noreferrer noopener\">Begleitung des Kleintheaters Luzern und Kunstschaffender zu Auff\u00fchrung von Virtual Reality Performances.<\/a><\/p>\n<!-- \/wp:paragraph -->                                <\/div>\n                            <\/div>\n                        <\/div>\n                    <\/div>\n                                    \n                    <div>\n                        <div>\n                            <div>\n                                <div class=\"project-slider__imgwrap\">\n                                    <h2>Virtuelle Influencer im Tourismus<\/h2>\n                                <\/div>\n                                <div class=\"project-slider__text\">\n                                    <!-- wp:paragraph -->\n<p><a href=\"https:\/\/www.hslu.ch\/de-ch\/hochschule-luzern\/forschung\/projekte\/detail\/?pid=6051\" data-type=\"URL\" data-id=\"https:\/\/www.hslu.ch\/de-ch\/hochschule-luzern\/forschung\/projekte\/detail\/?pid=6051\" target=\"_blank\" rel=\"noreferrer noopener\">Die Digitale Transformation hat ein weiteres Gesicht bekommen &#8211; virtuelle Influencer (VI), k\u00fcnstlich geschaffene Avatare mit eigenen Social Media Profilen. In dem Projekt wird geforscht, welche Rolle VIs im Tourismus und im Arbeitsumfeld spielen k\u00f6nnen.<\/a><\/p>\n<!-- \/wp:paragraph -->                                <\/div>\n                            <\/div>\n                        <\/div>\n                    <\/div>\n                                <\/div>\n        <\/div>\n    <\/div>\n<\/div>\n\n\n<ul class=\"wp-block-list\">\n<li>Zur\u00fcck zum ITC <a href=\"https:\/\/sites.hslu.ch\/itc\/digitale-transformation-der-arbeitswelt\/\" data-type=\"URL\" data-id=\"https:\/\/sites.hslu.ch\/itc\/digitale-transformation-der-arbeitswelt\/\">\u00abDigitale Transformation der Arbeitswelt\u00bb<\/a><\/li>\n<\/ul>\n","protected":false},"excerpt":{"rendered":"<p>Das Fokusthema behandelte folgende Fragen: Im Rahmen dieses Fokusthemas entstanden z. B. die Projekte DigiKanti und Virtual Reality in Kleintheatern. Alle Projekte im \u00dcberblick<\/p>\n","protected":false},"author":110,"featured_media":0,"parent":1988,"menu_order":0,"comment_status":"closed","ping_status":"closed","template":"","meta":{"_acf_changed":false,"footnotes":""},"class_list":["post-1925","page","type-page","status-publish","hentry"],"acf":[],"_links":{"self":[{"href":"https:\/\/sites.hslu.ch\/itc\/wp-json\/wp\/v2\/pages\/1925","targetHints":{"allow":["GET"]}}],"collection":[{"href":"https:\/\/sites.hslu.ch\/itc\/wp-json\/wp\/v2\/pages"}],"about":[{"href":"https:\/\/sites.hslu.ch\/itc\/wp-json\/wp\/v2\/types\/page"}],"author":[{"embeddable":true,"href":"https:\/\/sites.hslu.ch\/itc\/wp-json\/wp\/v2\/users\/110"}],"replies":[{"embeddable":true,"href":"https:\/\/sites.hslu.ch\/itc\/wp-json\/wp\/v2\/comments?post=1925"}],"version-history":[{"count":12,"href":"https:\/\/sites.hslu.ch\/itc\/wp-json\/wp\/v2\/pages\/1925\/revisions"}],"predecessor-version":[{"id":3003,"href":"https:\/\/sites.hslu.ch\/itc\/wp-json\/wp\/v2\/pages\/1925\/revisions\/3003"}],"up":[{"embeddable":true,"href":"https:\/\/sites.hslu.ch\/itc\/wp-json\/wp\/v2\/pages\/1988"}],"wp:attachment":[{"href":"https:\/\/sites.hslu.ch\/itc\/wp-json\/wp\/v2\/media?parent=1925"}],"curies":[{"name":"wp","href":"https:\/\/api.w.org\/{rel}","templated":true}]}}