{"id":30442,"date":"2024-01-15T15:20:35","date_gmt":"2024-01-15T14:20:35","guid":{"rendered":"https:\/\/sites.hslu.ch\/architektur\/?post_type=semesterruckblick&#038;p=30442"},"modified":"2024-08-16T09:32:27","modified_gmt":"2024-08-16T07:32:27","slug":"lebenszyklus-4","status":"publish","type":"semesterruckblick","link":"https:\/\/sites.hslu.ch\/architektur\/module\/curriculum\/lebenszyklus-4\/","title":{"rendered":"LEBENSZYKLUS"},"content":{"rendered":"<h3><strong>Highlight Modul LEBENSZYKLUS <\/strong><\/h3>\n\n\n<h2 class=\"wp-block-heading\">Moduleinf\u00fchrung<\/h2>\n\n\n\n<p>Das Modul Lebenszyklus, als Auftakt in der Kernmodulschiene Baukultur, m\u00f6chte den Blick weiten. Ein Fundament f\u00fcr eine umsichtige und kritische Haltung aufbauen, indem das Verst\u00e4ndnis f\u00fcr Zusammenh\u00e4nge zwischen Architektur mit Kultur, Gesellschaft, Wirtschaft und Umwelt untersucht wird. Dadurch soll Architektur als Teil des Lebensraums verstanden werden, Lebensraum als ein komplexes und subjektive wirkendes Konstrukt. Eine vielschichtige Auseinandersetzung mit handlungsbed\u00fcrftigen Bauten, deren Untersuchung und Einordnung sowie das Wagnis einer Zukunftsprognose, bilden das R\u00fcckgrat des Moduls.<\/p>\n\n\n\n<h2 class=\"wp-block-heading\">Semesterablauf<\/h2>\n\n\n\n<p>Im ersten Studienelement ging es darum das zugeteilte Studienobjekt kennenzulernen, chronologisch &#8211; etappenweise in Form eines biografischen Portraits zu pr\u00e4sentieren und seine Bedeutung im lokalen und historischen Kontext einzusch\u00e4tzen. Folgende Studienobjekte wurden vorgegeben:<\/p>\n\n\n\n<ul class=\"wp-block-list\">\n<li>Neubad Luzern, Bireggstrasse 36, 6003 Luzern<\/li>\n\n\n\n<li>Caritas, Bleicherstrasse 10, 6003 Luzern<\/li>\n\n\n\n<li>Ehem. Postgeb\u00e4ude, L\u00f6wengraben 14, 6004 Luzern<\/li>\n\n\n\n<li>Naturmuseum Luzern, Kasernenplatz 6, 6003 Luzern<\/li>\n\n\n\n<li>Villa Musegg, Auf Musegg 1, 6004 Luzern<\/li>\n<\/ul>\n\n\n\n<p>Mit Kenntnis \u00fcber das Studienobjekt und seiner Geschichte ging es im weiteren Ablauf darum, einen Fokus auf Materialien und Bauteilschichten zu legen, hinsichtlich Kreislaufpotenzials einzuordnen und gem\u00e4ss nachhaltigen Kriterien auszuwerten und zu vergleichen. Das Studium von Materialien und deren Verwendung im urspr\u00fcnglichen Zustand, im Fall einer Sanierung oder eines Ersatzneubaus, erm\u00f6glicht wertvolle R\u00fcckschl\u00fcsse auf Konzeption, Qualit\u00e4t und Gebrauch. Der Ursprung, m\u00f6gliche Meilensteine bis und nach seiner Verwendung in Bauwerken ergeben einen \u201eLebensgeschichte\u201c eines Materials \/ Baustoffs, den es anhand einer Kreislaufgrafik zu recherchieren, konstruktiv zu denken und darzustellen galt.<\/p>\n\n\n\n<p>Nach den Bauteilen analysieren wir das zuk\u00fcnftige Potential des Geb\u00e4udes. Wir setzen den Fokus auf Themen wie die Ausnutzung, m\u00f6gliche Kostenwerte, der Betriebs- und Grauenergiebedarf und der Aufwand Lebenskreisl\u00e4ufe zu schliessen. Mit dem Vergleich der Ergebnisse der Sanierung und des Ersatzneubaus schaffen wir weitere Erkenntnisse, was mit dem Studienobjekt geschehen soll. Anhand einer Collage und der gew\u00e4hlten Vorgehensweise werden die bislang erarbeitenden Betrachtungsweisen kombiniert und in einer eigenen Haltung umgesetzt.<\/p>\n\n\n    <div class=\"ms-gallery \">\n        <div class=\"ms-gallery-sizer\"><\/div>\n        <div class=\"ms-gallery-gutter\"><\/div>\n                                    <div class=\"ms-gallery-item wide\">\n                                                        <a href=\"https:\/\/sites.hslu.ch\/architektur\/wp-content\/uploads\/sites\/11\/2024\/08\/Bild-07-2.jpg\" data-lightbox=\"masonery-gallery\"  data-size=\"wide\"  data-title=\"\" data-alt=\"\">\n                        <img decoding=\"async\" class=\"ms-gallery-item__image\"  data-size=\"wide\"  src=\"https:\/\/sites.hslu.ch\/architektur\/wp-content\/uploads\/sites\/11\/2024\/08\/Bild-07-2.jpg\" alt=\"\" \/>\n                    <\/a>\n                                        <\/div>\n\n                                                                    <div class=\"ms-gallery-item narrow\">\n                                                            <a href=\"https:\/\/sites.hslu.ch\/architektur\/wp-content\/uploads\/sites\/11\/2024\/08\/Bild-12-2.jpg\" data-lightbox=\"masonery-gallery\"  data-size=\"narrow\"  data-title=\"\" data-alt=\"\">\n                        <img decoding=\"async\" class=\"ms-gallery-item__image\"  data-size=\"narrow\"  src=\"https:\/\/sites.hslu.ch\/architektur\/wp-content\/uploads\/sites\/11\/2024\/08\/Bild-12-2.jpg\" alt=\"\" \/>\n                    <\/a>\n                                        <\/div>\n\n                                                                <div class=\"ms-gallery-item wide\">\n                                                        <a href=\"https:\/\/sites.hslu.ch\/architektur\/wp-content\/uploads\/sites\/11\/2024\/08\/Bild-09-1.jpg\" data-lightbox=\"masonery-gallery\"  data-size=\"wide\"  data-title=\"\" data-alt=\"\">\n                        <img decoding=\"async\" class=\"ms-gallery-item__image\"  data-size=\"wide\"  src=\"https:\/\/sites.hslu.ch\/architektur\/wp-content\/uploads\/sites\/11\/2024\/08\/Bild-09-1.jpg\" alt=\"\" \/>\n                    <\/a>\n                                        <\/div>\n\n                                                                    <div class=\"ms-gallery-item narrow\">\n                                                            <a href=\"https:\/\/sites.hslu.ch\/architektur\/wp-content\/uploads\/sites\/11\/2024\/08\/uuuuu-2.jpg\" data-lightbox=\"masonery-gallery\"  data-size=\"narrow\"  data-title=\"\" data-alt=\"\">\n                        <img decoding=\"async\" class=\"ms-gallery-item__image\"  data-size=\"narrow\"  src=\"https:\/\/sites.hslu.ch\/architektur\/wp-content\/uploads\/sites\/11\/2024\/08\/uuuuu-2.jpg\" alt=\"\" \/>\n                    <\/a>\n                                        <\/div>\n\n                                                                <div class=\"ms-gallery-item wide\">\n                                                        <a href=\"https:\/\/sites.hslu.ch\/architektur\/wp-content\/uploads\/sites\/11\/2024\/08\/Bild-11-1.jpg\" data-lightbox=\"masonery-gallery\"  data-size=\"wide\"  data-title=\"\" data-alt=\"\">\n                        <img decoding=\"async\" class=\"ms-gallery-item__image\"  data-size=\"wide\"  src=\"https:\/\/sites.hslu.ch\/architektur\/wp-content\/uploads\/sites\/11\/2024\/08\/Bild-11-1.jpg\" alt=\"\" \/>\n                    <\/a>\n                                        <\/div>\n\n                                                                    <div class=\"ms-gallery-item narrow\">\n                                                            <a href=\"https:\/\/sites.hslu.ch\/architektur\/wp-content\/uploads\/sites\/11\/2024\/08\/Bild-13-1.jpg\" data-lightbox=\"masonery-gallery\"  data-size=\"narrow\"  data-title=\"\" data-alt=\"\">\n                        <img decoding=\"async\" class=\"ms-gallery-item__image\"  data-size=\"narrow\"  src=\"https:\/\/sites.hslu.ch\/architektur\/wp-content\/uploads\/sites\/11\/2024\/08\/Bild-13-1.jpg\" alt=\"\" \/>\n                    <\/a>\n                                        <\/div>\n\n                                                                    <div class=\"ms-gallery-item narrow\">\n                                                            <a href=\"https:\/\/sites.hslu.ch\/architektur\/wp-content\/uploads\/sites\/11\/2024\/08\/Bild-05-3.jpg\" data-lightbox=\"masonery-gallery\"  data-size=\"narrow\"  data-title=\"\" data-alt=\"\">\n                        <img decoding=\"async\" class=\"ms-gallery-item__image\"  data-size=\"narrow\"  src=\"https:\/\/sites.hslu.ch\/architektur\/wp-content\/uploads\/sites\/11\/2024\/08\/Bild-05-3.jpg\" alt=\"\" \/>\n                    <\/a>\n                                        <\/div>\n\n                                                                    <div class=\"ms-gallery-item narrow\">\n                                                            <a href=\"https:\/\/sites.hslu.ch\/architektur\/wp-content\/uploads\/sites\/11\/2024\/08\/Bild-02-6.jpg\" data-lightbox=\"masonery-gallery\"  data-size=\"narrow\"  data-title=\"\" data-alt=\"\">\n                        <img decoding=\"async\" class=\"ms-gallery-item__image\"  data-size=\"narrow\"  src=\"https:\/\/sites.hslu.ch\/architektur\/wp-content\/uploads\/sites\/11\/2024\/08\/Bild-02-6.jpg\" alt=\"\" \/>\n                    <\/a>\n                                        <\/div>\n\n                                                                    <div class=\"ms-gallery-item narrow\">\n                                                            <a href=\"https:\/\/sites.hslu.ch\/architektur\/wp-content\/uploads\/sites\/11\/2024\/08\/Bild-04-2.jpg\" data-lightbox=\"masonery-gallery\"  data-size=\"narrow\"  data-title=\"\" data-alt=\"\">\n                        <img decoding=\"async\" class=\"ms-gallery-item__image\"  data-size=\"narrow\"  src=\"https:\/\/sites.hslu.ch\/architektur\/wp-content\/uploads\/sites\/11\/2024\/08\/Bild-04-2.jpg\" alt=\"\" \/>\n                    <\/a>\n                                        <\/div>\n\n                                                                    <div class=\"ms-gallery-item narrow\">\n                                                            <a href=\"https:\/\/sites.hslu.ch\/architektur\/wp-content\/uploads\/sites\/11\/2024\/08\/hhhhhh.jpg\" data-lightbox=\"masonery-gallery\"  data-size=\"narrow\"  data-title=\"\" data-alt=\"\">\n                        <img decoding=\"async\" class=\"ms-gallery-item__image\"  data-size=\"narrow\"  src=\"https:\/\/sites.hslu.ch\/architektur\/wp-content\/uploads\/sites\/11\/2024\/08\/hhhhhh.jpg\" alt=\"\" \/>\n                    <\/a>\n                                        <\/div>\n\n                                                                <div class=\"ms-gallery-item wide\">\n                                                        <a href=\"https:\/\/sites.hslu.ch\/architektur\/wp-content\/uploads\/sites\/11\/2024\/08\/Bild-10-1.jpg\" data-lightbox=\"masonery-gallery\"  data-size=\"wide\"  data-title=\"\" data-alt=\"\">\n                        <img decoding=\"async\" class=\"ms-gallery-item__image\"  data-size=\"wide\"  src=\"https:\/\/sites.hslu.ch\/architektur\/wp-content\/uploads\/sites\/11\/2024\/08\/Bild-10-1.jpg\" alt=\"\" \/>\n                    <\/a>\n                                        <\/div>\n\n                                                                <div class=\"ms-gallery-item wide\">\n                                                        <a href=\"https:\/\/sites.hslu.ch\/architektur\/wp-content\/uploads\/sites\/11\/2024\/08\/Bild-14-1.jpg\" data-lightbox=\"masonery-gallery\"  data-size=\"wide\"  data-title=\"\" data-alt=\"\">\n                        <img decoding=\"async\" class=\"ms-gallery-item__image\"  data-size=\"wide\"  src=\"https:\/\/sites.hslu.ch\/architektur\/wp-content\/uploads\/sites\/11\/2024\/08\/Bild-14-1.jpg\" alt=\"\" \/>\n                    <\/a>\n                                        <\/div>\n\n                                                                    <div class=\"ms-gallery-item narrow\">\n                                                            <a href=\"https:\/\/sites.hslu.ch\/architektur\/wp-content\/uploads\/sites\/11\/2024\/08\/Bild-06-2.jpg\" data-lightbox=\"masonery-gallery\"  data-size=\"narrow\"  data-title=\"\" data-alt=\"\">\n                        <img decoding=\"async\" class=\"ms-gallery-item__image\"  data-size=\"narrow\"  src=\"https:\/\/sites.hslu.ch\/architektur\/wp-content\/uploads\/sites\/11\/2024\/08\/Bild-06-2.jpg\" alt=\"\" \/>\n                    <\/a>\n                                        <\/div>\n\n                                                                    <div class=\"ms-gallery-item narrow\">\n                                                            <a href=\"https:\/\/sites.hslu.ch\/architektur\/wp-content\/uploads\/sites\/11\/2024\/08\/Bildschirmfoto-2024-08-07-um-17.09.26.png\" data-lightbox=\"masonery-gallery\"  data-size=\"narrow\"  data-title=\"\" data-alt=\"\">\n                        <img decoding=\"async\" class=\"ms-gallery-item__image\"  data-size=\"narrow\"  src=\"https:\/\/sites.hslu.ch\/architektur\/wp-content\/uploads\/sites\/11\/2024\/08\/Bildschirmfoto-2024-08-07-um-17.09.26.png\" alt=\"\" \/>\n                    <\/a>\n                                        <\/div>\n\n                                                    <div class=\"ms-gallery-item narrow\">\n                <\/div>\n                <\/div>\n            ","protected":false},"excerpt":{"rendered":"<p>Moduleinf\u00fchrung Das Modul Lebenszyklus, als Auftakt in der Kernmodulschiene Baukultur, m\u00f6chte den Blick weiten. Ein Fundament f\u00fcr eine umsichtige und kritische Haltung aufbauen, indem das Verst\u00e4ndnis f\u00fcr Zusammenh\u00e4nge zwischen Architektur [&hellip;]<\/p>\n","protected":false},"author":75,"featured_media":30443,"template":"","meta":{"_acf_changed":true},"stufe":[78],"curriculums":[247,81],"class_list":["post-30442","semesterruckblick","type-semesterruckblick","status-publish","has-post-thumbnail","hentry","stufe-bachelor-basic","curriculums-f-2024","curriculums-fruhlingssemester"],"acf":[],"yoast_head":"<!-- This site is optimized with the Yoast SEO plugin v27.5 - https:\/\/yoast.com\/product\/yoast-seo-wordpress\/ -->\n<title>LEBENSZYKLUS - Architektur an der Hochschule Luzern<\/title>\n<meta name=\"robots\" content=\"index, follow, max-snippet:-1, max-image-preview:large, max-video-preview:-1\" \/>\n<link rel=\"canonical\" href=\"https:\/\/sites.hslu.ch\/architektur\/module\/curriculum\/lebenszyklus-4\/\" \/>\n<meta property=\"og:locale\" content=\"de_DE\" \/>\n<meta property=\"og:type\" content=\"article\" \/>\n<meta property=\"og:title\" content=\"LEBENSZYKLUS - Architektur an der Hochschule Luzern\" \/>\n<meta property=\"og:description\" content=\"Moduleinf\u00fchrung Das Modul Lebenszyklus, als Auftakt in der Kernmodulschiene Baukultur, m\u00f6chte den Blick weiten. Ein Fundament f\u00fcr eine umsichtige und kritische Haltung aufbauen, indem das Verst\u00e4ndnis f\u00fcr Zusammenh\u00e4nge zwischen Architektur [&hellip;]\" \/>\n<meta property=\"og:url\" content=\"https:\/\/sites.hslu.ch\/architektur\/module\/curriculum\/lebenszyklus-4\/\" \/>\n<meta property=\"og:site_name\" content=\"Architektur an der Hochschule Luzern\" \/>\n<meta property=\"article:modified_time\" content=\"2024-08-16T07:32:27+00:00\" \/>\n<meta property=\"og:image\" content=\"https:\/\/sites.hslu.ch\/architektur\/wp-content\/uploads\/sites\/11\/2024\/01\/da-vinci-sketch-photoshop-tutorial.jpg\" \/>\n\t<meta property=\"og:image:width\" content=\"650\" \/>\n\t<meta property=\"og:image:height\" content=\"506\" \/>\n\t<meta property=\"og:image:type\" content=\"image\/jpeg\" \/>\n<meta name=\"twitter:card\" content=\"summary_large_image\" \/>\n<meta name=\"twitter:label1\" content=\"Gesch\u00e4tzte Lesezeit\" \/>\n\t<meta name=\"twitter:data1\" content=\"2\u00a0Minuten\" \/>\n<script type=\"application\/ld+json\" class=\"yoast-schema-graph\">{\"@context\":\"https:\\\/\\\/schema.org\",\"@graph\":[{\"@type\":\"WebPage\",\"@id\":\"https:\\\/\\\/sites.hslu.ch\\\/architektur\\\/module\\\/curriculum\\\/lebenszyklus-4\\\/\",\"url\":\"https:\\\/\\\/sites.hslu.ch\\\/architektur\\\/module\\\/curriculum\\\/lebenszyklus-4\\\/\",\"name\":\"LEBENSZYKLUS - Architektur an der Hochschule Luzern\",\"isPartOf\":{\"@id\":\"https:\\\/\\\/sites.hslu.ch\\\/architektur\\\/#website\"},\"primaryImageOfPage\":{\"@id\":\"https:\\\/\\\/sites.hslu.ch\\\/architektur\\\/module\\\/curriculum\\\/lebenszyklus-4\\\/#primaryimage\"},\"image\":{\"@id\":\"https:\\\/\\\/sites.hslu.ch\\\/architektur\\\/module\\\/curriculum\\\/lebenszyklus-4\\\/#primaryimage\"},\"thumbnailUrl\":\"https:\\\/\\\/sites.hslu.ch\\\/architektur\\\/wp-content\\\/uploads\\\/sites\\\/11\\\/2024\\\/01\\\/da-vinci-sketch-photoshop-tutorial.jpg\",\"datePublished\":\"2024-01-15T14:20:35+00:00\",\"dateModified\":\"2024-08-16T07:32:27+00:00\",\"breadcrumb\":{\"@id\":\"https:\\\/\\\/sites.hslu.ch\\\/architektur\\\/module\\\/curriculum\\\/lebenszyklus-4\\\/#breadcrumb\"},\"inLanguage\":\"de\",\"potentialAction\":[{\"@type\":\"ReadAction\",\"target\":[\"https:\\\/\\\/sites.hslu.ch\\\/architektur\\\/module\\\/curriculum\\\/lebenszyklus-4\\\/\"]}]},{\"@type\":\"ImageObject\",\"inLanguage\":\"de\",\"@id\":\"https:\\\/\\\/sites.hslu.ch\\\/architektur\\\/module\\\/curriculum\\\/lebenszyklus-4\\\/#primaryimage\",\"url\":\"https:\\\/\\\/sites.hslu.ch\\\/architektur\\\/wp-content\\\/uploads\\\/sites\\\/11\\\/2024\\\/01\\\/da-vinci-sketch-photoshop-tutorial.jpg\",\"contentUrl\":\"https:\\\/\\\/sites.hslu.ch\\\/architektur\\\/wp-content\\\/uploads\\\/sites\\\/11\\\/2024\\\/01\\\/da-vinci-sketch-photoshop-tutorial.jpg\",\"width\":650,\"height\":506,\"caption\":\"Leonardo da Vinci, Lost Page, Codex - The golden Spiral\"},{\"@type\":\"BreadcrumbList\",\"@id\":\"https:\\\/\\\/sites.hslu.ch\\\/architektur\\\/module\\\/curriculum\\\/lebenszyklus-4\\\/#breadcrumb\",\"itemListElement\":[{\"@type\":\"ListItem\",\"position\":1,\"name\":\"Home\",\"item\":\"https:\\\/\\\/sites.hslu.ch\\\/architektur\\\/\"},{\"@type\":\"ListItem\",\"position\":2,\"name\":\"LEBENSZYKLUS\"}]},{\"@type\":\"WebSite\",\"@id\":\"https:\\\/\\\/sites.hslu.ch\\\/architektur\\\/#website\",\"url\":\"https:\\\/\\\/sites.hslu.ch\\\/architektur\\\/\",\"name\":\"Architektur an der Hochschule Luzern\",\"description\":\"\",\"potentialAction\":[{\"@type\":\"SearchAction\",\"target\":{\"@type\":\"EntryPoint\",\"urlTemplate\":\"https:\\\/\\\/sites.hslu.ch\\\/architektur\\\/?s={search_term_string}\"},\"query-input\":{\"@type\":\"PropertyValueSpecification\",\"valueRequired\":true,\"valueName\":\"search_term_string\"}}],\"inLanguage\":\"de\"}]}<\/script>\n<!-- \/ Yoast SEO plugin. -->","yoast_head_json":{"title":"LEBENSZYKLUS - Architektur an der Hochschule Luzern","robots":{"index":"index","follow":"follow","max-snippet":"max-snippet:-1","max-image-preview":"max-image-preview:large","max-video-preview":"max-video-preview:-1"},"canonical":"https:\/\/sites.hslu.ch\/architektur\/module\/curriculum\/lebenszyklus-4\/","og_locale":"de_DE","og_type":"article","og_title":"LEBENSZYKLUS - Architektur an der Hochschule Luzern","og_description":"Moduleinf\u00fchrung Das Modul Lebenszyklus, als Auftakt in der Kernmodulschiene Baukultur, m\u00f6chte den Blick weiten. Ein Fundament f\u00fcr eine umsichtige und kritische Haltung aufbauen, indem das Verst\u00e4ndnis f\u00fcr Zusammenh\u00e4nge zwischen Architektur [&hellip;]","og_url":"https:\/\/sites.hslu.ch\/architektur\/module\/curriculum\/lebenszyklus-4\/","og_site_name":"Architektur an der Hochschule Luzern","article_modified_time":"2024-08-16T07:32:27+00:00","og_image":[{"width":650,"height":506,"url":"https:\/\/sites.hslu.ch\/architektur\/wp-content\/uploads\/sites\/11\/2024\/01\/da-vinci-sketch-photoshop-tutorial.jpg","type":"image\/jpeg"}],"twitter_card":"summary_large_image","twitter_misc":{"Gesch\u00e4tzte Lesezeit":"2\u00a0Minuten"},"schema":{"@context":"https:\/\/schema.org","@graph":[{"@type":"WebPage","@id":"https:\/\/sites.hslu.ch\/architektur\/module\/curriculum\/lebenszyklus-4\/","url":"https:\/\/sites.hslu.ch\/architektur\/module\/curriculum\/lebenszyklus-4\/","name":"LEBENSZYKLUS - Architektur an der Hochschule Luzern","isPartOf":{"@id":"https:\/\/sites.hslu.ch\/architektur\/#website"},"primaryImageOfPage":{"@id":"https:\/\/sites.hslu.ch\/architektur\/module\/curriculum\/lebenszyklus-4\/#primaryimage"},"image":{"@id":"https:\/\/sites.hslu.ch\/architektur\/module\/curriculum\/lebenszyklus-4\/#primaryimage"},"thumbnailUrl":"https:\/\/sites.hslu.ch\/architektur\/wp-content\/uploads\/sites\/11\/2024\/01\/da-vinci-sketch-photoshop-tutorial.jpg","datePublished":"2024-01-15T14:20:35+00:00","dateModified":"2024-08-16T07:32:27+00:00","breadcrumb":{"@id":"https:\/\/sites.hslu.ch\/architektur\/module\/curriculum\/lebenszyklus-4\/#breadcrumb"},"inLanguage":"de","potentialAction":[{"@type":"ReadAction","target":["https:\/\/sites.hslu.ch\/architektur\/module\/curriculum\/lebenszyklus-4\/"]}]},{"@type":"ImageObject","inLanguage":"de","@id":"https:\/\/sites.hslu.ch\/architektur\/module\/curriculum\/lebenszyklus-4\/#primaryimage","url":"https:\/\/sites.hslu.ch\/architektur\/wp-content\/uploads\/sites\/11\/2024\/01\/da-vinci-sketch-photoshop-tutorial.jpg","contentUrl":"https:\/\/sites.hslu.ch\/architektur\/wp-content\/uploads\/sites\/11\/2024\/01\/da-vinci-sketch-photoshop-tutorial.jpg","width":650,"height":506,"caption":"Leonardo da Vinci, Lost Page, Codex - The golden Spiral"},{"@type":"BreadcrumbList","@id":"https:\/\/sites.hslu.ch\/architektur\/module\/curriculum\/lebenszyklus-4\/#breadcrumb","itemListElement":[{"@type":"ListItem","position":1,"name":"Home","item":"https:\/\/sites.hslu.ch\/architektur\/"},{"@type":"ListItem","position":2,"name":"LEBENSZYKLUS"}]},{"@type":"WebSite","@id":"https:\/\/sites.hslu.ch\/architektur\/#website","url":"https:\/\/sites.hslu.ch\/architektur\/","name":"Architektur an der Hochschule Luzern","description":"","potentialAction":[{"@type":"SearchAction","target":{"@type":"EntryPoint","urlTemplate":"https:\/\/sites.hslu.ch\/architektur\/?s={search_term_string}"},"query-input":{"@type":"PropertyValueSpecification","valueRequired":true,"valueName":"search_term_string"}}],"inLanguage":"de"}]}},"_links":{"self":[{"href":"https:\/\/sites.hslu.ch\/architektur\/wp-json\/wp\/v2\/semesterruckblick\/30442","targetHints":{"allow":["GET"]}}],"collection":[{"href":"https:\/\/sites.hslu.ch\/architektur\/wp-json\/wp\/v2\/semesterruckblick"}],"about":[{"href":"https:\/\/sites.hslu.ch\/architektur\/wp-json\/wp\/v2\/types\/semesterruckblick"}],"author":[{"embeddable":true,"href":"https:\/\/sites.hslu.ch\/architektur\/wp-json\/wp\/v2\/users\/75"}],"wp:featuredmedia":[{"embeddable":true,"href":"https:\/\/sites.hslu.ch\/architektur\/wp-json\/wp\/v2\/media\/30443"}],"wp:attachment":[{"href":"https:\/\/sites.hslu.ch\/architektur\/wp-json\/wp\/v2\/media?parent=30442"}],"wp:term":[{"taxonomy":"stufe","embeddable":true,"href":"https:\/\/sites.hslu.ch\/architektur\/wp-json\/wp\/v2\/stufe?post=30442"},{"taxonomy":"curriculums","embeddable":true,"href":"https:\/\/sites.hslu.ch\/architektur\/wp-json\/wp\/v2\/curriculums?post=30442"}],"curies":[{"name":"wp","href":"https:\/\/api.w.org\/{rel}","templated":true}]}}