{"id":30437,"date":"2024-01-15T13:22:31","date_gmt":"2024-01-15T12:22:31","guid":{"rendered":"https:\/\/sites.hslu.ch\/architektur\/?post_type=semesterruckblick&#038;p=30437"},"modified":"2024-08-01T08:13:31","modified_gmt":"2024-08-01T06:13:31","slug":"struktur-3","status":"publish","type":"semesterruckblick","link":"https:\/\/sites.hslu.ch\/architektur\/module\/curriculum\/struktur-3\/","title":{"rendered":"STRUKTUR"},"content":{"rendered":"<h3><strong>Highlight Modul STRUKTUR <\/strong><\/h3>\n\n\n<h3 class=\"wp-block-heading\">Bildhaueratelier von Clemens Stadler<\/h3>\n\n\n\n<p>Das neue Bildhauer-Atelier steht im Kontrast zu den restlichen, wesentlich \u00e4lteren Geb\u00e4uden auf der Insel. Es verf\u00fcgt \u00fcber einen Atelier- und Werkstattbereich sowie einen Ausstellungsraum, um allen Anforderungen eines Bildhauers gerecht zu werden. Die Aussenwand ist durch zahlreiche L\u00f6cher gekennzeichnet, die ein Spiel von Licht, Schatten, Wind und Wetter erm\u00f6glichen. Obwohl der Bildhauer vor Regen gesch\u00fctzt ist, ist nur der Ausstellungsraum als geschlossener Raum konzipiert. Die Ausstellung wird durch das grosse Dachfenster besonders gut beleuchtet und durch das besondere Raumgef\u00fchl auf ein h\u00f6heres Niveau gehoben. Beim Betrachten des Geb\u00e4udes f\u00e4llt zuerst die dreistufige Fassadeneinteilung auf. Der \u00dcbergang zwischen den einzelnen Zonen ist so strukturiert, dass der Sockel ausschliesslich aus Naturstein besteht. Die mittlere Zone kombiniert die Baustoffe Holz und Naturstein, w\u00e4hrend in der oberen Zone ausschliesslich Holz sichtbar ist. Aufgrund der stark strukturierten Fassade wurde eine zur\u00fcckhaltende Dachform gew\u00e4hlt.<\/p>\n\n\n    <div class=\"ms-gallery \">\n        <div class=\"ms-gallery-sizer\"><\/div>\n        <div class=\"ms-gallery-gutter\"><\/div>\n                                        <div class=\"ms-gallery-item narrow\">\n                                                            <a href=\"https:\/\/sites.hslu.ch\/architektur\/wp-content\/uploads\/sites\/11\/2024\/01\/Modellfoto_Ausstellung_K.jpg\" data-lightbox=\"masonery-gallery\"  data-size=\"narrow\"  data-title=\"\" data-alt=\"\">\n                        <img decoding=\"async\" class=\"ms-gallery-item__image\"  data-size=\"narrow\"  src=\"https:\/\/sites.hslu.ch\/architektur\/wp-content\/uploads\/sites\/11\/2024\/01\/Modellfoto_Ausstellung_K.jpg\" alt=\"\" \/>\n                    <\/a>\n                                        <\/div>\n\n                                                                    <div class=\"ms-gallery-item narrow\">\n                                                            <a href=\"https:\/\/sites.hslu.ch\/architektur\/wp-content\/uploads\/sites\/11\/2024\/01\/Modellfoto_Eingang_K.jpg\" data-lightbox=\"masonery-gallery\"  data-size=\"narrow\"  data-title=\"\" data-alt=\"\">\n                        <img decoding=\"async\" class=\"ms-gallery-item__image\"  data-size=\"narrow\"  src=\"https:\/\/sites.hslu.ch\/architektur\/wp-content\/uploads\/sites\/11\/2024\/01\/Modellfoto_Eingang_K.jpg\" alt=\"\" \/>\n                    <\/a>\n                                        <\/div>\n\n                                                                    <div class=\"ms-gallery-item narrow\">\n                                                            <a href=\"https:\/\/sites.hslu.ch\/architektur\/wp-content\/uploads\/sites\/11\/2024\/01\/Modellfoto_Werkstatt_K.jpg\" data-lightbox=\"masonery-gallery\"  data-size=\"narrow\"  data-title=\"\" data-alt=\"\">\n                        <img decoding=\"async\" class=\"ms-gallery-item__image\"  data-size=\"narrow\"  src=\"https:\/\/sites.hslu.ch\/architektur\/wp-content\/uploads\/sites\/11\/2024\/01\/Modellfoto_Werkstatt_K.jpg\" alt=\"\" \/>\n                    <\/a>\n                                        <\/div>\n\n                                                                <div class=\"ms-gallery-item wide\">\n                                                        <a href=\"https:\/\/sites.hslu.ch\/architektur\/wp-content\/uploads\/sites\/11\/2024\/01\/5.2-Grundriss.jpg\" data-lightbox=\"masonery-gallery\"  data-size=\"wide\"  data-title=\"\" data-alt=\"\">\n                        <img decoding=\"async\" class=\"ms-gallery-item__image\"  data-size=\"wide\"  src=\"https:\/\/sites.hslu.ch\/architektur\/wp-content\/uploads\/sites\/11\/2024\/01\/5.2-Grundriss.jpg\" alt=\"\" \/>\n                    <\/a>\n                                        <\/div>\n\n                                                                <div class=\"ms-gallery-item wide\">\n                                                        <a href=\"https:\/\/sites.hslu.ch\/architektur\/wp-content\/uploads\/sites\/11\/2024\/01\/5.5-Suedfassade.jpg\" data-lightbox=\"masonery-gallery\"  data-size=\"wide\"  data-title=\"\" data-alt=\"\">\n                        <img decoding=\"async\" class=\"ms-gallery-item__image\"  data-size=\"wide\"  src=\"https:\/\/sites.hslu.ch\/architektur\/wp-content\/uploads\/sites\/11\/2024\/01\/5.5-Suedfassade.jpg\" alt=\"\" \/>\n                    <\/a>\n                                        <\/div>\n\n                                                                <div class=\"ms-gallery-item wide\">\n                                                        <a href=\"https:\/\/sites.hslu.ch\/architektur\/wp-content\/uploads\/sites\/11\/2024\/01\/5.6-Laengschnitt.jpg\" data-lightbox=\"masonery-gallery\"  data-size=\"wide\"  data-title=\"\" data-alt=\"\">\n                        <img decoding=\"async\" class=\"ms-gallery-item__image\"  data-size=\"wide\"  src=\"https:\/\/sites.hslu.ch\/architektur\/wp-content\/uploads\/sites\/11\/2024\/01\/5.6-Laengschnitt.jpg\" alt=\"\" \/>\n                    <\/a>\n                                        <\/div>\n\n                                                                <div class=\"ms-gallery-item wide\">\n                                                        <a href=\"https:\/\/sites.hslu.ch\/architektur\/wp-content\/uploads\/sites\/11\/2024\/01\/5.7-Querschnitt.jpg\" data-lightbox=\"masonery-gallery\"  data-size=\"wide\"  data-title=\"\" data-alt=\"\">\n                        <img decoding=\"async\" class=\"ms-gallery-item__image\"  data-size=\"wide\"  src=\"https:\/\/sites.hslu.ch\/architektur\/wp-content\/uploads\/sites\/11\/2024\/01\/5.7-Querschnitt.jpg\" alt=\"\" \/>\n                    <\/a>\n                                        <\/div>\n\n                                                                <div class=\"ms-gallery-item wide\">\n                                                        <a href=\"https:\/\/sites.hslu.ch\/architektur\/wp-content\/uploads\/sites\/11\/2024\/01\/Modellfoto_Westfassade_K.jpg\" data-lightbox=\"masonery-gallery\"  data-size=\"wide\"  data-title=\"\" data-alt=\"\">\n                        <img decoding=\"async\" class=\"ms-gallery-item__image\"  data-size=\"wide\"  src=\"https:\/\/sites.hslu.ch\/architektur\/wp-content\/uploads\/sites\/11\/2024\/01\/Modellfoto_Westfassade_K.jpg\" alt=\"\" \/>\n                    <\/a>\n                                        <\/div>\n\n                                                                <div class=\"ms-gallery-item wide\">\n                                                        <a href=\"https:\/\/sites.hslu.ch\/architektur\/wp-content\/uploads\/sites\/11\/2024\/01\/5.4-Westfassade.jpg\" data-lightbox=\"masonery-gallery\"  data-size=\"wide\"  data-title=\"\" data-alt=\"\">\n                        <img decoding=\"async\" class=\"ms-gallery-item__image\"  data-size=\"wide\"  src=\"https:\/\/sites.hslu.ch\/architektur\/wp-content\/uploads\/sites\/11\/2024\/01\/5.4-Westfassade.jpg\" alt=\"\" \/>\n                    <\/a>\n                                        <\/div>\n\n                                                                <div class=\"ms-gallery-item wide\">\n                                                        <a href=\"https:\/\/sites.hslu.ch\/architektur\/wp-content\/uploads\/sites\/11\/2024\/01\/5.1-Situation.jpg\" data-lightbox=\"masonery-gallery\"  data-size=\"wide\"  data-title=\"\" data-alt=\"\">\n                        <img decoding=\"async\" class=\"ms-gallery-item__image\"  data-size=\"wide\"  src=\"https:\/\/sites.hslu.ch\/architektur\/wp-content\/uploads\/sites\/11\/2024\/01\/5.1-Situation.jpg\" alt=\"\" \/>\n                    <\/a>\n                                        <\/div>\n\n                                                                <div class=\"ms-gallery-item wide\">\n                                                        <a href=\"https:\/\/sites.hslu.ch\/architektur\/wp-content\/uploads\/sites\/11\/2024\/01\/5.3-Wirkung.jpg\" data-lightbox=\"masonery-gallery\"  data-size=\"wide\"  data-title=\"\" data-alt=\"\">\n                        <img decoding=\"async\" class=\"ms-gallery-item__image\"  data-size=\"wide\"  src=\"https:\/\/sites.hslu.ch\/architektur\/wp-content\/uploads\/sites\/11\/2024\/01\/5.3-Wirkung.jpg\" alt=\"\" \/>\n                    <\/a>\n                                        <\/div>\n\n                                                    <div class=\"ms-gallery-item narrow\">\n                <\/div>\n                <\/div>\n            ","protected":false},"excerpt":{"rendered":"<p>Bildhaueratelier von Clemens Stadler Das neue Bildhauer-Atelier steht im Kontrast zu den restlichen, wesentlich \u00e4lteren Geb\u00e4uden auf der Insel. Es verf\u00fcgt \u00fcber einen Atelier- und Werkstattbereich sowie einen Ausstellungsraum, um [&hellip;]<\/p>\n","protected":false},"author":81,"featured_media":30445,"template":"","meta":{"_acf_changed":true},"stufe":[78],"curriculums":[247,81],"class_list":["post-30437","semesterruckblick","type-semesterruckblick","status-publish","has-post-thumbnail","hentry","stufe-bachelor-basic","curriculums-f-2024","curriculums-fruhlingssemester"],"acf":[],"yoast_head":"<!-- This site is optimized with the Yoast SEO plugin v27.5 - https:\/\/yoast.com\/product\/yoast-seo-wordpress\/ -->\n<title>STRUKTUR - Architektur an der Hochschule Luzern<\/title>\n<meta name=\"robots\" content=\"index, follow, max-snippet:-1, max-image-preview:large, max-video-preview:-1\" \/>\n<link rel=\"canonical\" href=\"https:\/\/sites.hslu.ch\/architektur\/module\/curriculum\/struktur-3\/\" \/>\n<meta property=\"og:locale\" content=\"de_DE\" \/>\n<meta property=\"og:type\" content=\"article\" \/>\n<meta property=\"og:title\" content=\"STRUKTUR - Architektur an der Hochschule Luzern\" \/>\n<meta property=\"og:description\" content=\"Bildhaueratelier von Clemens Stadler Das neue Bildhauer-Atelier steht im Kontrast zu den restlichen, wesentlich \u00e4lteren Geb\u00e4uden auf der Insel. Es verf\u00fcgt \u00fcber einen Atelier- und Werkstattbereich sowie einen Ausstellungsraum, um [&hellip;]\" \/>\n<meta property=\"og:url\" content=\"https:\/\/sites.hslu.ch\/architektur\/module\/curriculum\/struktur-3\/\" \/>\n<meta property=\"og:site_name\" content=\"Architektur an der Hochschule Luzern\" \/>\n<meta property=\"article:modified_time\" content=\"2024-08-01T06:13:31+00:00\" \/>\n<meta property=\"og:image\" content=\"https:\/\/sites.hslu.ch\/architektur\/wp-content\/uploads\/sites\/11\/2024\/01\/HolzStein.jpg\" \/>\n\t<meta property=\"og:image:width\" content=\"1920\" \/>\n\t<meta property=\"og:image:height\" content=\"1080\" \/>\n\t<meta property=\"og:image:type\" content=\"image\/jpeg\" \/>\n<meta name=\"twitter:card\" content=\"summary_large_image\" \/>\n<meta name=\"twitter:label1\" content=\"Gesch\u00e4tzte Lesezeit\" \/>\n\t<meta name=\"twitter:data1\" content=\"1\u00a0Minute\" \/>\n<script type=\"application\/ld+json\" class=\"yoast-schema-graph\">{\"@context\":\"https:\\\/\\\/schema.org\",\"@graph\":[{\"@type\":\"WebPage\",\"@id\":\"https:\\\/\\\/sites.hslu.ch\\\/architektur\\\/module\\\/curriculum\\\/struktur-3\\\/\",\"url\":\"https:\\\/\\\/sites.hslu.ch\\\/architektur\\\/module\\\/curriculum\\\/struktur-3\\\/\",\"name\":\"STRUKTUR - Architektur an der Hochschule Luzern\",\"isPartOf\":{\"@id\":\"https:\\\/\\\/sites.hslu.ch\\\/architektur\\\/#website\"},\"primaryImageOfPage\":{\"@id\":\"https:\\\/\\\/sites.hslu.ch\\\/architektur\\\/module\\\/curriculum\\\/struktur-3\\\/#primaryimage\"},\"image\":{\"@id\":\"https:\\\/\\\/sites.hslu.ch\\\/architektur\\\/module\\\/curriculum\\\/struktur-3\\\/#primaryimage\"},\"thumbnailUrl\":\"https:\\\/\\\/sites.hslu.ch\\\/architektur\\\/wp-content\\\/uploads\\\/sites\\\/11\\\/2024\\\/01\\\/HolzStein.jpg\",\"datePublished\":\"2024-01-15T12:22:31+00:00\",\"dateModified\":\"2024-08-01T06:13:31+00:00\",\"breadcrumb\":{\"@id\":\"https:\\\/\\\/sites.hslu.ch\\\/architektur\\\/module\\\/curriculum\\\/struktur-3\\\/#breadcrumb\"},\"inLanguage\":\"de\",\"potentialAction\":[{\"@type\":\"ReadAction\",\"target\":[\"https:\\\/\\\/sites.hslu.ch\\\/architektur\\\/module\\\/curriculum\\\/struktur-3\\\/\"]}]},{\"@type\":\"ImageObject\",\"inLanguage\":\"de\",\"@id\":\"https:\\\/\\\/sites.hslu.ch\\\/architektur\\\/module\\\/curriculum\\\/struktur-3\\\/#primaryimage\",\"url\":\"https:\\\/\\\/sites.hslu.ch\\\/architektur\\\/wp-content\\\/uploads\\\/sites\\\/11\\\/2024\\\/01\\\/HolzStein.jpg\",\"contentUrl\":\"https:\\\/\\\/sites.hslu.ch\\\/architektur\\\/wp-content\\\/uploads\\\/sites\\\/11\\\/2024\\\/01\\\/HolzStein.jpg\",\"width\":1920,\"height\":1080},{\"@type\":\"BreadcrumbList\",\"@id\":\"https:\\\/\\\/sites.hslu.ch\\\/architektur\\\/module\\\/curriculum\\\/struktur-3\\\/#breadcrumb\",\"itemListElement\":[{\"@type\":\"ListItem\",\"position\":1,\"name\":\"Home\",\"item\":\"https:\\\/\\\/sites.hslu.ch\\\/architektur\\\/\"},{\"@type\":\"ListItem\",\"position\":2,\"name\":\"STRUKTUR\"}]},{\"@type\":\"WebSite\",\"@id\":\"https:\\\/\\\/sites.hslu.ch\\\/architektur\\\/#website\",\"url\":\"https:\\\/\\\/sites.hslu.ch\\\/architektur\\\/\",\"name\":\"Architektur an der Hochschule Luzern\",\"description\":\"\",\"potentialAction\":[{\"@type\":\"SearchAction\",\"target\":{\"@type\":\"EntryPoint\",\"urlTemplate\":\"https:\\\/\\\/sites.hslu.ch\\\/architektur\\\/?s={search_term_string}\"},\"query-input\":{\"@type\":\"PropertyValueSpecification\",\"valueRequired\":true,\"valueName\":\"search_term_string\"}}],\"inLanguage\":\"de\"}]}<\/script>\n<!-- \/ Yoast SEO plugin. -->","yoast_head_json":{"title":"STRUKTUR - Architektur an der Hochschule Luzern","robots":{"index":"index","follow":"follow","max-snippet":"max-snippet:-1","max-image-preview":"max-image-preview:large","max-video-preview":"max-video-preview:-1"},"canonical":"https:\/\/sites.hslu.ch\/architektur\/module\/curriculum\/struktur-3\/","og_locale":"de_DE","og_type":"article","og_title":"STRUKTUR - Architektur an der Hochschule Luzern","og_description":"Bildhaueratelier von Clemens Stadler Das neue Bildhauer-Atelier steht im Kontrast zu den restlichen, wesentlich \u00e4lteren Geb\u00e4uden auf der Insel. Es verf\u00fcgt \u00fcber einen Atelier- und Werkstattbereich sowie einen Ausstellungsraum, um [&hellip;]","og_url":"https:\/\/sites.hslu.ch\/architektur\/module\/curriculum\/struktur-3\/","og_site_name":"Architektur an der Hochschule Luzern","article_modified_time":"2024-08-01T06:13:31+00:00","og_image":[{"width":1920,"height":1080,"url":"https:\/\/sites.hslu.ch\/architektur\/wp-content\/uploads\/sites\/11\/2024\/01\/HolzStein.jpg","type":"image\/jpeg"}],"twitter_card":"summary_large_image","twitter_misc":{"Gesch\u00e4tzte Lesezeit":"1\u00a0Minute"},"schema":{"@context":"https:\/\/schema.org","@graph":[{"@type":"WebPage","@id":"https:\/\/sites.hslu.ch\/architektur\/module\/curriculum\/struktur-3\/","url":"https:\/\/sites.hslu.ch\/architektur\/module\/curriculum\/struktur-3\/","name":"STRUKTUR - Architektur an der Hochschule Luzern","isPartOf":{"@id":"https:\/\/sites.hslu.ch\/architektur\/#website"},"primaryImageOfPage":{"@id":"https:\/\/sites.hslu.ch\/architektur\/module\/curriculum\/struktur-3\/#primaryimage"},"image":{"@id":"https:\/\/sites.hslu.ch\/architektur\/module\/curriculum\/struktur-3\/#primaryimage"},"thumbnailUrl":"https:\/\/sites.hslu.ch\/architektur\/wp-content\/uploads\/sites\/11\/2024\/01\/HolzStein.jpg","datePublished":"2024-01-15T12:22:31+00:00","dateModified":"2024-08-01T06:13:31+00:00","breadcrumb":{"@id":"https:\/\/sites.hslu.ch\/architektur\/module\/curriculum\/struktur-3\/#breadcrumb"},"inLanguage":"de","potentialAction":[{"@type":"ReadAction","target":["https:\/\/sites.hslu.ch\/architektur\/module\/curriculum\/struktur-3\/"]}]},{"@type":"ImageObject","inLanguage":"de","@id":"https:\/\/sites.hslu.ch\/architektur\/module\/curriculum\/struktur-3\/#primaryimage","url":"https:\/\/sites.hslu.ch\/architektur\/wp-content\/uploads\/sites\/11\/2024\/01\/HolzStein.jpg","contentUrl":"https:\/\/sites.hslu.ch\/architektur\/wp-content\/uploads\/sites\/11\/2024\/01\/HolzStein.jpg","width":1920,"height":1080},{"@type":"BreadcrumbList","@id":"https:\/\/sites.hslu.ch\/architektur\/module\/curriculum\/struktur-3\/#breadcrumb","itemListElement":[{"@type":"ListItem","position":1,"name":"Home","item":"https:\/\/sites.hslu.ch\/architektur\/"},{"@type":"ListItem","position":2,"name":"STRUKTUR"}]},{"@type":"WebSite","@id":"https:\/\/sites.hslu.ch\/architektur\/#website","url":"https:\/\/sites.hslu.ch\/architektur\/","name":"Architektur an der Hochschule Luzern","description":"","potentialAction":[{"@type":"SearchAction","target":{"@type":"EntryPoint","urlTemplate":"https:\/\/sites.hslu.ch\/architektur\/?s={search_term_string}"},"query-input":{"@type":"PropertyValueSpecification","valueRequired":true,"valueName":"search_term_string"}}],"inLanguage":"de"}]}},"_links":{"self":[{"href":"https:\/\/sites.hslu.ch\/architektur\/wp-json\/wp\/v2\/semesterruckblick\/30437","targetHints":{"allow":["GET"]}}],"collection":[{"href":"https:\/\/sites.hslu.ch\/architektur\/wp-json\/wp\/v2\/semesterruckblick"}],"about":[{"href":"https:\/\/sites.hslu.ch\/architektur\/wp-json\/wp\/v2\/types\/semesterruckblick"}],"author":[{"embeddable":true,"href":"https:\/\/sites.hslu.ch\/architektur\/wp-json\/wp\/v2\/users\/81"}],"wp:featuredmedia":[{"embeddable":true,"href":"https:\/\/sites.hslu.ch\/architektur\/wp-json\/wp\/v2\/media\/30445"}],"wp:attachment":[{"href":"https:\/\/sites.hslu.ch\/architektur\/wp-json\/wp\/v2\/media?parent=30437"}],"wp:term":[{"taxonomy":"stufe","embeddable":true,"href":"https:\/\/sites.hslu.ch\/architektur\/wp-json\/wp\/v2\/stufe?post=30437"},{"taxonomy":"curriculums","embeddable":true,"href":"https:\/\/sites.hslu.ch\/architektur\/wp-json\/wp\/v2\/curriculums?post=30437"}],"curies":[{"name":"wp","href":"https:\/\/api.w.org\/{rel}","templated":true}]}}