{"id":30408,"date":"2024-01-12T18:00:00","date_gmt":"2024-01-12T17:00:00","guid":{"rendered":"https:\/\/sites.hslu.ch\/architektur\/?post_type=semesterruckblick&#038;p=30408"},"modified":"2024-08-04T13:14:00","modified_gmt":"2024-08-04T11:14:00","slug":"philosophie-3","status":"publish","type":"semesterruckblick","link":"https:\/\/sites.hslu.ch\/architektur\/module\/curriculum\/philosophie-3\/","title":{"rendered":"Philosophie"},"content":{"rendered":"<h3><strong>Highlight Modul Philosophie <\/strong>Bewusster Genuss von Debora Amsler<\/h3>\n\n\n<h3 class=\"wp-block-heading\">Bewusster Genuss<\/h3>\n\n\n\n<p>Debora Amsler fordert in ihrem Manifest Ver\u00e4nderungen im Denken, Handeln und Konsumieren. In ihrer gestalterischen Arbeit hat sie aus Ton neuartige Bestecke zum Schaufeln, Schneiden, Spiessen und Sch\u00f6pfen entwickelt. Das abstrakte Design der Keramikobjekte regt die G\u00e4ste an, innezuhalten und dar\u00fcber nachzudenken, wie sie die Gegenst\u00e4nde am sinnvollsten nutzen. Dieses Innehalten verlangsamt und intensiviert den Akt des Essens.<\/p>\n\n\n    <div class=\"ms-gallery \">\n        <div class=\"ms-gallery-sizer\"><\/div>\n        <div class=\"ms-gallery-gutter\"><\/div>\n                                        <div class=\"ms-gallery-item narrow\">\n                                                            <a href=\"https:\/\/sites.hslu.ch\/architektur\/wp-content\/uploads\/sites\/11\/2024\/01\/HUB_Fotodokumentation_bewusster-Genuss_Seite_11_Bild_0001.jpg\" data-lightbox=\"masonery-gallery\"  data-size=\"narrow\"  data-title=\"\" data-alt=\"\">\n                        <img decoding=\"async\" class=\"ms-gallery-item__image\"  data-size=\"narrow\"  src=\"https:\/\/sites.hslu.ch\/architektur\/wp-content\/uploads\/sites\/11\/2024\/01\/HUB_Fotodokumentation_bewusster-Genuss_Seite_11_Bild_0001.jpg\" alt=\"\" \/>\n                    <\/a>\n                                        <\/div>\n\n                                                                <div class=\"ms-gallery-item wide\">\n                                                        <a href=\"https:\/\/sites.hslu.ch\/architektur\/wp-content\/uploads\/sites\/11\/2024\/01\/HUB_.jpg\" data-lightbox=\"masonery-gallery\"  data-size=\"wide\"  data-title=\"\" data-alt=\"\">\n                        <img decoding=\"async\" class=\"ms-gallery-item__image\"  data-size=\"wide\"  src=\"https:\/\/sites.hslu.ch\/architektur\/wp-content\/uploads\/sites\/11\/2024\/01\/HUB_.jpg\" alt=\"\" \/>\n                    <\/a>\n                                        <\/div>\n\n                                                                    <div class=\"ms-gallery-item narrow\">\n                                                            <a href=\"https:\/\/sites.hslu.ch\/architektur\/wp-content\/uploads\/sites\/11\/2024\/01\/HUB_Fotodokumentation_bewusster-Genuss_Seite_15_Bild_0001.jpg\" data-lightbox=\"masonery-gallery\"  data-size=\"narrow\"  data-title=\"\" data-alt=\"\">\n                        <img decoding=\"async\" class=\"ms-gallery-item__image\"  data-size=\"narrow\"  src=\"https:\/\/sites.hslu.ch\/architektur\/wp-content\/uploads\/sites\/11\/2024\/01\/HUB_Fotodokumentation_bewusster-Genuss_Seite_15_Bild_0001.jpg\" alt=\"\" \/>\n                    <\/a>\n                                        <\/div>\n\n                                                                <div class=\"ms-gallery-item wide\">\n                                                        <a href=\"https:\/\/sites.hslu.ch\/architektur\/wp-content\/uploads\/sites\/11\/2024\/01\/HUB_Fotodokumentation_bewusster-Genuss_Seite_13_Bild_0001.jpg\" data-lightbox=\"masonery-gallery\"  data-size=\"wide\"  data-title=\"\" data-alt=\"\">\n                        <img decoding=\"async\" class=\"ms-gallery-item__image\"  data-size=\"wide\"  src=\"https:\/\/sites.hslu.ch\/architektur\/wp-content\/uploads\/sites\/11\/2024\/01\/HUB_Fotodokumentation_bewusster-Genuss_Seite_13_Bild_0001.jpg\" alt=\"\" \/>\n                    <\/a>\n                                        <\/div>\n\n                                                                    <div class=\"ms-gallery-item narrow\">\n                                                            <a href=\"https:\/\/sites.hslu.ch\/architektur\/wp-content\/uploads\/sites\/11\/2024\/01\/HUB_Fotodokumentation_bewusster-Genuss_Seite_16_Bild_0001.jpg\" data-lightbox=\"masonery-gallery\"  data-size=\"narrow\"  data-title=\"\" data-alt=\"\">\n                        <img decoding=\"async\" class=\"ms-gallery-item__image\"  data-size=\"narrow\"  src=\"https:\/\/sites.hslu.ch\/architektur\/wp-content\/uploads\/sites\/11\/2024\/01\/HUB_Fotodokumentation_bewusster-Genuss_Seite_16_Bild_0001.jpg\" alt=\"\" \/>\n                    <\/a>\n                                        <\/div>\n\n                                                                <div class=\"ms-gallery-item wide\">\n                                                        <a href=\"https:\/\/sites.hslu.ch\/architektur\/wp-content\/uploads\/sites\/11\/2024\/01\/HUB_Fotodokumentation_bewusster-Genuss_Seite_01_Bild_0001.jpg\" data-lightbox=\"masonery-gallery\"  data-size=\"wide\"  data-title=\"\" data-alt=\"\">\n                        <img decoding=\"async\" class=\"ms-gallery-item__image\"  data-size=\"wide\"  src=\"https:\/\/sites.hslu.ch\/architektur\/wp-content\/uploads\/sites\/11\/2024\/01\/HUB_Fotodokumentation_bewusster-Genuss_Seite_01_Bild_0001.jpg\" alt=\"\" \/>\n                    <\/a>\n                                        <\/div>\n\n                                                                <div class=\"ms-gallery-item wide\">\n                                                        <a href=\"https:\/\/sites.hslu.ch\/architektur\/wp-content\/uploads\/sites\/11\/2024\/01\/HUB_Fotodokumentation_bewusster-Genuss_Seite_07_Bild_0001.jpg\" data-lightbox=\"masonery-gallery\"  data-size=\"wide\"  data-title=\"\" data-alt=\"\">\n                        <img decoding=\"async\" class=\"ms-gallery-item__image\"  data-size=\"wide\"  src=\"https:\/\/sites.hslu.ch\/architektur\/wp-content\/uploads\/sites\/11\/2024\/01\/HUB_Fotodokumentation_bewusster-Genuss_Seite_07_Bild_0001.jpg\" alt=\"\" \/>\n                    <\/a>\n                                        <\/div>\n\n                                                    <div class=\"ms-gallery-item narrow\">\n                <\/div>\n                <\/div>\n            ","protected":false},"excerpt":{"rendered":"<p>Bewusster Genuss Debora Amsler fordert in ihrem Manifest Ver\u00e4nderungen im Denken, Handeln und Konsumieren. In ihrer gestalterischen Arbeit hat sie aus Ton neuartige Bestecke zum Schaufeln, Schneiden, Spiessen und Sch\u00f6pfen [&hellip;]<\/p>\n","protected":false},"author":71,"featured_media":30423,"template":"","meta":{"_acf_changed":true},"stufe":[77],"curriculums":[247,81],"class_list":["post-30408","semesterruckblick","type-semesterruckblick","status-publish","has-post-thumbnail","hentry","stufe-bachelor-advanced","curriculums-f-2024","curriculums-fruhlingssemester"],"acf":[],"yoast_head":"<!-- This site is optimized with the Yoast SEO plugin v27.5 - https:\/\/yoast.com\/product\/yoast-seo-wordpress\/ -->\n<title>Philosophie - Architektur an der Hochschule Luzern<\/title>\n<meta name=\"robots\" content=\"index, follow, max-snippet:-1, max-image-preview:large, max-video-preview:-1\" \/>\n<link rel=\"canonical\" href=\"https:\/\/sites.hslu.ch\/architektur\/module\/curriculum\/philosophie-3\/\" \/>\n<meta property=\"og:locale\" content=\"de_DE\" \/>\n<meta property=\"og:type\" content=\"article\" \/>\n<meta property=\"og:title\" content=\"Philosophie - Architektur an der Hochschule Luzern\" \/>\n<meta property=\"og:description\" content=\"Bewusster Genuss Debora Amsler fordert in ihrem Manifest Ver\u00e4nderungen im Denken, Handeln und Konsumieren. In ihrer gestalterischen Arbeit hat sie aus Ton neuartige Bestecke zum Schaufeln, Schneiden, Spiessen und Sch\u00f6pfen [&hellip;]\" \/>\n<meta property=\"og:url\" content=\"https:\/\/sites.hslu.ch\/architektur\/module\/curriculum\/philosophie-3\/\" \/>\n<meta property=\"og:site_name\" content=\"Architektur an der Hochschule Luzern\" \/>\n<meta property=\"article:modified_time\" content=\"2024-08-04T11:14:00+00:00\" \/>\n<meta property=\"og:image\" content=\"https:\/\/sites.hslu.ch\/architektur\/wp-content\/uploads\/sites\/11\/2024\/01\/Simone-Leigh.jpg\" \/>\n\t<meta property=\"og:image:width\" content=\"973\" \/>\n\t<meta property=\"og:image:height\" content=\"650\" \/>\n\t<meta property=\"og:image:type\" content=\"image\/jpeg\" \/>\n<meta name=\"twitter:card\" content=\"summary_large_image\" \/>\n<meta name=\"twitter:label1\" content=\"Gesch\u00e4tzte Lesezeit\" \/>\n\t<meta name=\"twitter:data1\" content=\"1\u00a0Minute\" \/>\n<script type=\"application\/ld+json\" class=\"yoast-schema-graph\">{\"@context\":\"https:\\\/\\\/schema.org\",\"@graph\":[{\"@type\":\"WebPage\",\"@id\":\"https:\\\/\\\/sites.hslu.ch\\\/architektur\\\/module\\\/curriculum\\\/philosophie-3\\\/\",\"url\":\"https:\\\/\\\/sites.hslu.ch\\\/architektur\\\/module\\\/curriculum\\\/philosophie-3\\\/\",\"name\":\"Philosophie - Architektur an der Hochschule Luzern\",\"isPartOf\":{\"@id\":\"https:\\\/\\\/sites.hslu.ch\\\/architektur\\\/#website\"},\"primaryImageOfPage\":{\"@id\":\"https:\\\/\\\/sites.hslu.ch\\\/architektur\\\/module\\\/curriculum\\\/philosophie-3\\\/#primaryimage\"},\"image\":{\"@id\":\"https:\\\/\\\/sites.hslu.ch\\\/architektur\\\/module\\\/curriculum\\\/philosophie-3\\\/#primaryimage\"},\"thumbnailUrl\":\"https:\\\/\\\/sites.hslu.ch\\\/architektur\\\/wp-content\\\/uploads\\\/sites\\\/11\\\/2024\\\/01\\\/Simone-Leigh.jpg\",\"datePublished\":\"2024-01-12T17:00:00+00:00\",\"dateModified\":\"2024-08-04T11:14:00+00:00\",\"breadcrumb\":{\"@id\":\"https:\\\/\\\/sites.hslu.ch\\\/architektur\\\/module\\\/curriculum\\\/philosophie-3\\\/#breadcrumb\"},\"inLanguage\":\"de\",\"potentialAction\":[{\"@type\":\"ReadAction\",\"target\":[\"https:\\\/\\\/sites.hslu.ch\\\/architektur\\\/module\\\/curriculum\\\/philosophie-3\\\/\"]}]},{\"@type\":\"ImageObject\",\"inLanguage\":\"de\",\"@id\":\"https:\\\/\\\/sites.hslu.ch\\\/architektur\\\/module\\\/curriculum\\\/philosophie-3\\\/#primaryimage\",\"url\":\"https:\\\/\\\/sites.hslu.ch\\\/architektur\\\/wp-content\\\/uploads\\\/sites\\\/11\\\/2024\\\/01\\\/Simone-Leigh.jpg\",\"contentUrl\":\"https:\\\/\\\/sites.hslu.ch\\\/architektur\\\/wp-content\\\/uploads\\\/sites\\\/11\\\/2024\\\/01\\\/Simone-Leigh.jpg\",\"width\":973,\"height\":650,\"caption\":\"Simone Leigh, Brick House, 2019, Manhattan, NYC\"},{\"@type\":\"BreadcrumbList\",\"@id\":\"https:\\\/\\\/sites.hslu.ch\\\/architektur\\\/module\\\/curriculum\\\/philosophie-3\\\/#breadcrumb\",\"itemListElement\":[{\"@type\":\"ListItem\",\"position\":1,\"name\":\"Home\",\"item\":\"https:\\\/\\\/sites.hslu.ch\\\/architektur\\\/\"},{\"@type\":\"ListItem\",\"position\":2,\"name\":\"Philosophie\"}]},{\"@type\":\"WebSite\",\"@id\":\"https:\\\/\\\/sites.hslu.ch\\\/architektur\\\/#website\",\"url\":\"https:\\\/\\\/sites.hslu.ch\\\/architektur\\\/\",\"name\":\"Architektur an der Hochschule Luzern\",\"description\":\"\",\"potentialAction\":[{\"@type\":\"SearchAction\",\"target\":{\"@type\":\"EntryPoint\",\"urlTemplate\":\"https:\\\/\\\/sites.hslu.ch\\\/architektur\\\/?s={search_term_string}\"},\"query-input\":{\"@type\":\"PropertyValueSpecification\",\"valueRequired\":true,\"valueName\":\"search_term_string\"}}],\"inLanguage\":\"de\"}]}<\/script>\n<!-- \/ Yoast SEO plugin. -->","yoast_head_json":{"title":"Philosophie - Architektur an der Hochschule Luzern","robots":{"index":"index","follow":"follow","max-snippet":"max-snippet:-1","max-image-preview":"max-image-preview:large","max-video-preview":"max-video-preview:-1"},"canonical":"https:\/\/sites.hslu.ch\/architektur\/module\/curriculum\/philosophie-3\/","og_locale":"de_DE","og_type":"article","og_title":"Philosophie - Architektur an der Hochschule Luzern","og_description":"Bewusster Genuss Debora Amsler fordert in ihrem Manifest Ver\u00e4nderungen im Denken, Handeln und Konsumieren. In ihrer gestalterischen Arbeit hat sie aus Ton neuartige Bestecke zum Schaufeln, Schneiden, Spiessen und Sch\u00f6pfen [&hellip;]","og_url":"https:\/\/sites.hslu.ch\/architektur\/module\/curriculum\/philosophie-3\/","og_site_name":"Architektur an der Hochschule Luzern","article_modified_time":"2024-08-04T11:14:00+00:00","og_image":[{"width":973,"height":650,"url":"https:\/\/sites.hslu.ch\/architektur\/wp-content\/uploads\/sites\/11\/2024\/01\/Simone-Leigh.jpg","type":"image\/jpeg"}],"twitter_card":"summary_large_image","twitter_misc":{"Gesch\u00e4tzte Lesezeit":"1\u00a0Minute"},"schema":{"@context":"https:\/\/schema.org","@graph":[{"@type":"WebPage","@id":"https:\/\/sites.hslu.ch\/architektur\/module\/curriculum\/philosophie-3\/","url":"https:\/\/sites.hslu.ch\/architektur\/module\/curriculum\/philosophie-3\/","name":"Philosophie - Architektur an der Hochschule Luzern","isPartOf":{"@id":"https:\/\/sites.hslu.ch\/architektur\/#website"},"primaryImageOfPage":{"@id":"https:\/\/sites.hslu.ch\/architektur\/module\/curriculum\/philosophie-3\/#primaryimage"},"image":{"@id":"https:\/\/sites.hslu.ch\/architektur\/module\/curriculum\/philosophie-3\/#primaryimage"},"thumbnailUrl":"https:\/\/sites.hslu.ch\/architektur\/wp-content\/uploads\/sites\/11\/2024\/01\/Simone-Leigh.jpg","datePublished":"2024-01-12T17:00:00+00:00","dateModified":"2024-08-04T11:14:00+00:00","breadcrumb":{"@id":"https:\/\/sites.hslu.ch\/architektur\/module\/curriculum\/philosophie-3\/#breadcrumb"},"inLanguage":"de","potentialAction":[{"@type":"ReadAction","target":["https:\/\/sites.hslu.ch\/architektur\/module\/curriculum\/philosophie-3\/"]}]},{"@type":"ImageObject","inLanguage":"de","@id":"https:\/\/sites.hslu.ch\/architektur\/module\/curriculum\/philosophie-3\/#primaryimage","url":"https:\/\/sites.hslu.ch\/architektur\/wp-content\/uploads\/sites\/11\/2024\/01\/Simone-Leigh.jpg","contentUrl":"https:\/\/sites.hslu.ch\/architektur\/wp-content\/uploads\/sites\/11\/2024\/01\/Simone-Leigh.jpg","width":973,"height":650,"caption":"Simone Leigh, Brick House, 2019, Manhattan, NYC"},{"@type":"BreadcrumbList","@id":"https:\/\/sites.hslu.ch\/architektur\/module\/curriculum\/philosophie-3\/#breadcrumb","itemListElement":[{"@type":"ListItem","position":1,"name":"Home","item":"https:\/\/sites.hslu.ch\/architektur\/"},{"@type":"ListItem","position":2,"name":"Philosophie"}]},{"@type":"WebSite","@id":"https:\/\/sites.hslu.ch\/architektur\/#website","url":"https:\/\/sites.hslu.ch\/architektur\/","name":"Architektur an der Hochschule Luzern","description":"","potentialAction":[{"@type":"SearchAction","target":{"@type":"EntryPoint","urlTemplate":"https:\/\/sites.hslu.ch\/architektur\/?s={search_term_string}"},"query-input":{"@type":"PropertyValueSpecification","valueRequired":true,"valueName":"search_term_string"}}],"inLanguage":"de"}]}},"_links":{"self":[{"href":"https:\/\/sites.hslu.ch\/architektur\/wp-json\/wp\/v2\/semesterruckblick\/30408","targetHints":{"allow":["GET"]}}],"collection":[{"href":"https:\/\/sites.hslu.ch\/architektur\/wp-json\/wp\/v2\/semesterruckblick"}],"about":[{"href":"https:\/\/sites.hslu.ch\/architektur\/wp-json\/wp\/v2\/types\/semesterruckblick"}],"author":[{"embeddable":true,"href":"https:\/\/sites.hslu.ch\/architektur\/wp-json\/wp\/v2\/users\/71"}],"wp:featuredmedia":[{"embeddable":true,"href":"https:\/\/sites.hslu.ch\/architektur\/wp-json\/wp\/v2\/media\/30423"}],"wp:attachment":[{"href":"https:\/\/sites.hslu.ch\/architektur\/wp-json\/wp\/v2\/media?parent=30408"}],"wp:term":[{"taxonomy":"stufe","embeddable":true,"href":"https:\/\/sites.hslu.ch\/architektur\/wp-json\/wp\/v2\/stufe?post=30408"},{"taxonomy":"curriculums","embeddable":true,"href":"https:\/\/sites.hslu.ch\/architektur\/wp-json\/wp\/v2\/curriculums?post=30408"}],"curies":[{"name":"wp","href":"https:\/\/api.w.org\/{rel}","templated":true}]}}