{"id":25826,"date":"2023-07-20T12:06:56","date_gmt":"2023-07-20T10:06:56","guid":{"rendered":"https:\/\/sites.hslu.ch\/architektur\/?post_type=semesterruckblick&#038;p=25826"},"modified":"2024-01-16T11:37:14","modified_gmt":"2024-01-16T10:37:14","slug":"verantwortung-5","status":"publish","type":"semesterruckblick","link":"https:\/\/sites.hslu.ch\/architektur\/module\/curriculum\/verantwortung-5\/","title":{"rendered":"Verantwortung"},"content":{"rendered":"<h3><strong>Highlight Modul Verantwortung <\/strong>Fotografische Einstiegs\u00fcbung Bildraum<\/h3>\n\n\n<h3 class=\"wp-block-heading\">Aufgabe<\/h3>\n\n\n\n<p>Objekt-und Raumqualit\u00e4t soll mittels Papier und Laser-Restmaterialien entwickelt und bildr\u00e4umlich pr\u00e4gnant dokumentiert werden. Kompositionelle \u00dcberlegungen sollen in den eigenen Objekt- und Bildaufbau integriert werden. Formal spannende Bildserien zusammenstellen. Bilder sollen erg\u00e4nzt werden durch passende Manifest-Zitate aus dem Bereich Architektur, Design, Kunst und eigenen. Einfu\u0308hrung in die Grundlagen der Fotografie (Kameratechnik) und Weiterentwicklung der Layoutkompetenzen.<\/p>\n\n\n\n<p><strong>Gezeigte Studierenden-Arbeiten:<br><\/strong>\u2013 Jonas Wagner<strong>:<\/strong> Konzept, frontale Blickachsen<br>\u2013 Marc H\u00e4ller: Konzept, Objektsprache, Komposition<br>\u2013 Pamina Della Casa: Objektsprache, Material Integration, Bildverknu\u0308pfungen<br>\u2013 Jewan Ahmed: Objekte, Formensprache, Blickachsen, Symmetrie<br>\u2013 Janine Arnold: Reduktion, grafische Fotografie, Komposition, Layout<br>\u2013 Jonathan Appel: Lichtstimmung, Bildqualit\u00e4t<br>\u2013 Nils Mu\u0308ller: Hochformat und Querformat, Layout und Typografie, Materialumgang<\/p>\n\n\n    <div class=\"ms-gallery \">\n        <div class=\"ms-gallery-sizer\"><\/div>\n        <div class=\"ms-gallery-gutter\"><\/div>\n                                        <div class=\"ms-gallery-item narrow\">\n                                                            <a href=\"https:\/\/sites.hslu.ch\/architektur\/wp-content\/uploads\/sites\/11\/2023\/07\/Wagner_Jonas_Bildraum_HS23_Seite_03.jpg\" data-lightbox=\"masonery-gallery\"  data-size=\"narrow\"  data-title=\"Jonas Wagner\" data-alt=\"\">\n                        <img decoding=\"async\" class=\"ms-gallery-item__image\"  data-size=\"narrow\"  src=\"https:\/\/sites.hslu.ch\/architektur\/wp-content\/uploads\/sites\/11\/2023\/07\/Wagner_Jonas_Bildraum_HS23_Seite_03.jpg\" alt=\"\" \/>\n                    <\/a>\n                                            <p>Jonas Wagner<\/p>\n                                        <\/div>\n\n                                                                <div class=\"ms-gallery-item wide\">\n                                                        <a href=\"https:\/\/sites.hslu.ch\/architektur\/wp-content\/uploads\/sites\/11\/2023\/07\/Haeller_Marc_Bildraum_HS23_Seite_05.jpg\" data-lightbox=\"masonery-gallery\"  data-size=\"wide\"  data-title=\"Marc H\u00e4ller\" data-alt=\"\">\n                        <img decoding=\"async\" class=\"ms-gallery-item__image\"  data-size=\"wide\"  src=\"https:\/\/sites.hslu.ch\/architektur\/wp-content\/uploads\/sites\/11\/2023\/07\/Haeller_Marc_Bildraum_HS23_Seite_05.jpg\" alt=\"\" \/>\n                    <\/a>\n                                            <p>Marc H\u00e4ller<\/p>\n                                        <\/div>\n\n                                                                    <div class=\"ms-gallery-item narrow\">\n                                                            <a href=\"https:\/\/sites.hslu.ch\/architektur\/wp-content\/uploads\/sites\/11\/2023\/07\/Della_Casa_Pamina_Bildraum_HS23_Seite_06.jpg\" data-lightbox=\"masonery-gallery\"  data-size=\"narrow\"  data-title=\"Pamina Della Casa\" data-alt=\"\">\n                        <img decoding=\"async\" class=\"ms-gallery-item__image\"  data-size=\"narrow\"  src=\"https:\/\/sites.hslu.ch\/architektur\/wp-content\/uploads\/sites\/11\/2023\/07\/Della_Casa_Pamina_Bildraum_HS23_Seite_06.jpg\" alt=\"\" \/>\n                    <\/a>\n                                            <p>Pamina Della Casa<\/p>\n                                        <\/div>\n\n                                                                <div class=\"ms-gallery-item wide\">\n                                                        <a href=\"https:\/\/sites.hslu.ch\/architektur\/wp-content\/uploads\/sites\/11\/2023\/07\/Ahmed_Jewan_Bildraum_Seite_07.jpg\" data-lightbox=\"masonery-gallery\"  data-size=\"wide\"  data-title=\"Jewan Ahmed\" data-alt=\"\">\n                        <img decoding=\"async\" class=\"ms-gallery-item__image\"  data-size=\"wide\"  src=\"https:\/\/sites.hslu.ch\/architektur\/wp-content\/uploads\/sites\/11\/2023\/07\/Ahmed_Jewan_Bildraum_Seite_07.jpg\" alt=\"\" \/>\n                    <\/a>\n                                            <p>Jewan Ahmed<\/p>\n                                        <\/div>\n\n                                                    <div class=\"ms-gallery-item narrow\">\n                <\/div>\n                <\/div>\n            \n\n    <div class=\"ms-gallery \">\n        <div class=\"ms-gallery-sizer\"><\/div>\n        <div class=\"ms-gallery-gutter\"><\/div>\n                                        <div class=\"ms-gallery-item narrow\">\n                                                            <a href=\"https:\/\/sites.hslu.ch\/architektur\/wp-content\/uploads\/sites\/11\/2023\/07\/Arnold_Janine_Bildraum_HS23_Seite_08.jpg\" data-lightbox=\"masonery-gallery\"  data-size=\"narrow\"  data-title=\"Janine Arnold\" data-alt=\"\">\n                        <img decoding=\"async\" class=\"ms-gallery-item__image\"  data-size=\"narrow\"  src=\"https:\/\/sites.hslu.ch\/architektur\/wp-content\/uploads\/sites\/11\/2023\/07\/Arnold_Janine_Bildraum_HS23_Seite_08.jpg\" alt=\"\" \/>\n                    <\/a>\n                                            <p>Janine Arnold<\/p>\n                                        <\/div>\n\n                                                                    <div class=\"ms-gallery-item narrow\">\n                                                            <a href=\"https:\/\/sites.hslu.ch\/architektur\/wp-content\/uploads\/sites\/11\/2023\/07\/Appel_Jonathan_Bildraum_HS23_Seite_09.jpg\" data-lightbox=\"masonery-gallery\"  data-size=\"narrow\"  data-title=\"Jonathan Appel\" data-alt=\"\">\n                        <img decoding=\"async\" class=\"ms-gallery-item__image\"  data-size=\"narrow\"  src=\"https:\/\/sites.hslu.ch\/architektur\/wp-content\/uploads\/sites\/11\/2023\/07\/Appel_Jonathan_Bildraum_HS23_Seite_09.jpg\" alt=\"\" \/>\n                    <\/a>\n                                            <p>Jonathan Appel<\/p>\n                                        <\/div>\n\n                                                                    <div class=\"ms-gallery-item narrow\">\n                                                            <a href=\"https:\/\/sites.hslu.ch\/architektur\/wp-content\/uploads\/sites\/11\/2023\/07\/Mueller_Nils__Bildraum_HS23_Seite_10.jpg\" data-lightbox=\"masonery-gallery\"  data-size=\"narrow\"  data-title=\"Nils M\u00fcller\" data-alt=\"\">\n                        <img decoding=\"async\" class=\"ms-gallery-item__image\"  data-size=\"narrow\"  src=\"https:\/\/sites.hslu.ch\/architektur\/wp-content\/uploads\/sites\/11\/2023\/07\/Mueller_Nils__Bildraum_HS23_Seite_10.jpg\" alt=\"\" \/>\n                    <\/a>\n                                            <p>Nils M\u00fcller<\/p>\n                                        <\/div>\n\n                                                    <div class=\"ms-gallery-item narrow\">\n                <\/div>\n                <\/div>\n            ","protected":false},"excerpt":{"rendered":"<p>Aufgabe Objekt-und Raumqualit\u00e4t soll mittels Papier und Laser-Restmaterialien entwickelt und bildr\u00e4umlich pr\u00e4gnant dokumentiert werden. Kompositionelle \u00dcberlegungen sollen in den eigenen Objekt- und Bildaufbau integriert werden. Formal spannende Bildserien zusammenstellen. Bilder [&hellip;]<\/p>\n","protected":false},"author":79,"featured_media":25803,"template":"","meta":{"_acf_changed":false},"stufe":[78],"curriculums":[238,85],"class_list":["post-25826","semesterruckblick","type-semesterruckblick","status-publish","has-post-thumbnail","hentry","stufe-bachelor-basic","curriculums-h-2023","curriculums-herbstsemester"],"acf":[],"yoast_head":"<!-- This site is optimized with the Yoast SEO plugin v27.4 - https:\/\/yoast.com\/product\/yoast-seo-wordpress\/ -->\n<title>Verantwortung - Architektur an der Hochschule Luzern<\/title>\n<meta name=\"robots\" content=\"index, follow, max-snippet:-1, max-image-preview:large, max-video-preview:-1\" \/>\n<link rel=\"canonical\" href=\"https:\/\/sites.hslu.ch\/architektur\/module\/curriculum\/verantwortung-5\/\" \/>\n<meta property=\"og:locale\" content=\"de_DE\" \/>\n<meta property=\"og:type\" content=\"article\" \/>\n<meta property=\"og:title\" content=\"Verantwortung - Architektur an der Hochschule Luzern\" \/>\n<meta property=\"og:description\" content=\"Aufgabe Objekt-und Raumqualit\u00e4t soll mittels Papier und Laser-Restmaterialien entwickelt und bildr\u00e4umlich pr\u00e4gnant dokumentiert werden. Kompositionelle \u00dcberlegungen sollen in den eigenen Objekt- und Bildaufbau integriert werden. Formal spannende Bildserien zusammenstellen. Bilder [&hellip;]\" \/>\n<meta property=\"og:url\" content=\"https:\/\/sites.hslu.ch\/architektur\/module\/curriculum\/verantwortung-5\/\" \/>\n<meta property=\"og:site_name\" content=\"Architektur an der Hochschule Luzern\" \/>\n<meta property=\"article:modified_time\" content=\"2024-01-16T10:37:14+00:00\" \/>\n<meta property=\"og:image\" content=\"https:\/\/sites.hslu.ch\/architektur\/wp-content\/uploads\/sites\/11\/2023\/07\/Fellmann_Livia_Fotoessay_MEP_1920px-2-1.jpg\" \/>\n\t<meta property=\"og:image:width\" content=\"1920\" \/>\n\t<meta property=\"og:image:height\" content=\"1280\" \/>\n\t<meta property=\"og:image:type\" content=\"image\/jpeg\" \/>\n<meta name=\"twitter:card\" content=\"summary_large_image\" \/>\n<meta name=\"twitter:label1\" content=\"Gesch\u00e4tzte Lesezeit\" \/>\n\t<meta name=\"twitter:data1\" content=\"1\u00a0Minute\" \/>\n<script type=\"application\/ld+json\" class=\"yoast-schema-graph\">{\"@context\":\"https:\\\/\\\/schema.org\",\"@graph\":[{\"@type\":\"WebPage\",\"@id\":\"https:\\\/\\\/sites.hslu.ch\\\/architektur\\\/module\\\/curriculum\\\/verantwortung-5\\\/\",\"url\":\"https:\\\/\\\/sites.hslu.ch\\\/architektur\\\/module\\\/curriculum\\\/verantwortung-5\\\/\",\"name\":\"Verantwortung - Architektur an der Hochschule Luzern\",\"isPartOf\":{\"@id\":\"https:\\\/\\\/sites.hslu.ch\\\/architektur\\\/#website\"},\"primaryImageOfPage\":{\"@id\":\"https:\\\/\\\/sites.hslu.ch\\\/architektur\\\/module\\\/curriculum\\\/verantwortung-5\\\/#primaryimage\"},\"image\":{\"@id\":\"https:\\\/\\\/sites.hslu.ch\\\/architektur\\\/module\\\/curriculum\\\/verantwortung-5\\\/#primaryimage\"},\"thumbnailUrl\":\"https:\\\/\\\/sites.hslu.ch\\\/architektur\\\/wp-content\\\/uploads\\\/sites\\\/11\\\/2023\\\/07\\\/Fellmann_Livia_Fotoessay_MEP_1920px-2-1.jpg\",\"datePublished\":\"2023-07-20T10:06:56+00:00\",\"dateModified\":\"2024-01-16T10:37:14+00:00\",\"breadcrumb\":{\"@id\":\"https:\\\/\\\/sites.hslu.ch\\\/architektur\\\/module\\\/curriculum\\\/verantwortung-5\\\/#breadcrumb\"},\"inLanguage\":\"de\",\"potentialAction\":[{\"@type\":\"ReadAction\",\"target\":[\"https:\\\/\\\/sites.hslu.ch\\\/architektur\\\/module\\\/curriculum\\\/verantwortung-5\\\/\"]}]},{\"@type\":\"ImageObject\",\"inLanguage\":\"de\",\"@id\":\"https:\\\/\\\/sites.hslu.ch\\\/architektur\\\/module\\\/curriculum\\\/verantwortung-5\\\/#primaryimage\",\"url\":\"https:\\\/\\\/sites.hslu.ch\\\/architektur\\\/wp-content\\\/uploads\\\/sites\\\/11\\\/2023\\\/07\\\/Fellmann_Livia_Fotoessay_MEP_1920px-2-1.jpg\",\"contentUrl\":\"https:\\\/\\\/sites.hslu.ch\\\/architektur\\\/wp-content\\\/uploads\\\/sites\\\/11\\\/2023\\\/07\\\/Fellmann_Livia_Fotoessay_MEP_1920px-2-1.jpg\",\"width\":1920,\"height\":1280,\"caption\":\"Livia Fellmann, Foto-Essay \u00abFr\u00fcheres Zuhause\u2026\u00bb, Geschichte \u00fcber ein verlassenes Bauernhaus, VERANT FS 2023\"},{\"@type\":\"BreadcrumbList\",\"@id\":\"https:\\\/\\\/sites.hslu.ch\\\/architektur\\\/module\\\/curriculum\\\/verantwortung-5\\\/#breadcrumb\",\"itemListElement\":[{\"@type\":\"ListItem\",\"position\":1,\"name\":\"Home\",\"item\":\"https:\\\/\\\/sites.hslu.ch\\\/architektur\\\/\"},{\"@type\":\"ListItem\",\"position\":2,\"name\":\"Verantwortung\"}]},{\"@type\":\"WebSite\",\"@id\":\"https:\\\/\\\/sites.hslu.ch\\\/architektur\\\/#website\",\"url\":\"https:\\\/\\\/sites.hslu.ch\\\/architektur\\\/\",\"name\":\"Architektur an der Hochschule Luzern\",\"description\":\"\",\"potentialAction\":[{\"@type\":\"SearchAction\",\"target\":{\"@type\":\"EntryPoint\",\"urlTemplate\":\"https:\\\/\\\/sites.hslu.ch\\\/architektur\\\/?s={search_term_string}\"},\"query-input\":{\"@type\":\"PropertyValueSpecification\",\"valueRequired\":true,\"valueName\":\"search_term_string\"}}],\"inLanguage\":\"de\"}]}<\/script>\n<!-- \/ Yoast SEO plugin. -->","yoast_head_json":{"title":"Verantwortung - Architektur an der Hochschule Luzern","robots":{"index":"index","follow":"follow","max-snippet":"max-snippet:-1","max-image-preview":"max-image-preview:large","max-video-preview":"max-video-preview:-1"},"canonical":"https:\/\/sites.hslu.ch\/architektur\/module\/curriculum\/verantwortung-5\/","og_locale":"de_DE","og_type":"article","og_title":"Verantwortung - Architektur an der Hochschule Luzern","og_description":"Aufgabe Objekt-und Raumqualit\u00e4t soll mittels Papier und Laser-Restmaterialien entwickelt und bildr\u00e4umlich pr\u00e4gnant dokumentiert werden. Kompositionelle \u00dcberlegungen sollen in den eigenen Objekt- und Bildaufbau integriert werden. Formal spannende Bildserien zusammenstellen. Bilder [&hellip;]","og_url":"https:\/\/sites.hslu.ch\/architektur\/module\/curriculum\/verantwortung-5\/","og_site_name":"Architektur an der Hochschule Luzern","article_modified_time":"2024-01-16T10:37:14+00:00","og_image":[{"width":1920,"height":1280,"url":"https:\/\/sites.hslu.ch\/architektur\/wp-content\/uploads\/sites\/11\/2023\/07\/Fellmann_Livia_Fotoessay_MEP_1920px-2-1.jpg","type":"image\/jpeg"}],"twitter_card":"summary_large_image","twitter_misc":{"Gesch\u00e4tzte Lesezeit":"1\u00a0Minute"},"schema":{"@context":"https:\/\/schema.org","@graph":[{"@type":"WebPage","@id":"https:\/\/sites.hslu.ch\/architektur\/module\/curriculum\/verantwortung-5\/","url":"https:\/\/sites.hslu.ch\/architektur\/module\/curriculum\/verantwortung-5\/","name":"Verantwortung - Architektur an der Hochschule Luzern","isPartOf":{"@id":"https:\/\/sites.hslu.ch\/architektur\/#website"},"primaryImageOfPage":{"@id":"https:\/\/sites.hslu.ch\/architektur\/module\/curriculum\/verantwortung-5\/#primaryimage"},"image":{"@id":"https:\/\/sites.hslu.ch\/architektur\/module\/curriculum\/verantwortung-5\/#primaryimage"},"thumbnailUrl":"https:\/\/sites.hslu.ch\/architektur\/wp-content\/uploads\/sites\/11\/2023\/07\/Fellmann_Livia_Fotoessay_MEP_1920px-2-1.jpg","datePublished":"2023-07-20T10:06:56+00:00","dateModified":"2024-01-16T10:37:14+00:00","breadcrumb":{"@id":"https:\/\/sites.hslu.ch\/architektur\/module\/curriculum\/verantwortung-5\/#breadcrumb"},"inLanguage":"de","potentialAction":[{"@type":"ReadAction","target":["https:\/\/sites.hslu.ch\/architektur\/module\/curriculum\/verantwortung-5\/"]}]},{"@type":"ImageObject","inLanguage":"de","@id":"https:\/\/sites.hslu.ch\/architektur\/module\/curriculum\/verantwortung-5\/#primaryimage","url":"https:\/\/sites.hslu.ch\/architektur\/wp-content\/uploads\/sites\/11\/2023\/07\/Fellmann_Livia_Fotoessay_MEP_1920px-2-1.jpg","contentUrl":"https:\/\/sites.hslu.ch\/architektur\/wp-content\/uploads\/sites\/11\/2023\/07\/Fellmann_Livia_Fotoessay_MEP_1920px-2-1.jpg","width":1920,"height":1280,"caption":"Livia Fellmann, Foto-Essay \u00abFr\u00fcheres Zuhause\u2026\u00bb, Geschichte \u00fcber ein verlassenes Bauernhaus, VERANT FS 2023"},{"@type":"BreadcrumbList","@id":"https:\/\/sites.hslu.ch\/architektur\/module\/curriculum\/verantwortung-5\/#breadcrumb","itemListElement":[{"@type":"ListItem","position":1,"name":"Home","item":"https:\/\/sites.hslu.ch\/architektur\/"},{"@type":"ListItem","position":2,"name":"Verantwortung"}]},{"@type":"WebSite","@id":"https:\/\/sites.hslu.ch\/architektur\/#website","url":"https:\/\/sites.hslu.ch\/architektur\/","name":"Architektur an der Hochschule Luzern","description":"","potentialAction":[{"@type":"SearchAction","target":{"@type":"EntryPoint","urlTemplate":"https:\/\/sites.hslu.ch\/architektur\/?s={search_term_string}"},"query-input":{"@type":"PropertyValueSpecification","valueRequired":true,"valueName":"search_term_string"}}],"inLanguage":"de"}]}},"_links":{"self":[{"href":"https:\/\/sites.hslu.ch\/architektur\/wp-json\/wp\/v2\/semesterruckblick\/25826","targetHints":{"allow":["GET"]}}],"collection":[{"href":"https:\/\/sites.hslu.ch\/architektur\/wp-json\/wp\/v2\/semesterruckblick"}],"about":[{"href":"https:\/\/sites.hslu.ch\/architektur\/wp-json\/wp\/v2\/types\/semesterruckblick"}],"author":[{"embeddable":true,"href":"https:\/\/sites.hslu.ch\/architektur\/wp-json\/wp\/v2\/users\/79"}],"wp:featuredmedia":[{"embeddable":true,"href":"https:\/\/sites.hslu.ch\/architektur\/wp-json\/wp\/v2\/media\/25803"}],"wp:attachment":[{"href":"https:\/\/sites.hslu.ch\/architektur\/wp-json\/wp\/v2\/media?parent=25826"}],"wp:term":[{"taxonomy":"stufe","embeddable":true,"href":"https:\/\/sites.hslu.ch\/architektur\/wp-json\/wp\/v2\/stufe?post=25826"},{"taxonomy":"curriculums","embeddable":true,"href":"https:\/\/sites.hslu.ch\/architektur\/wp-json\/wp\/v2\/curriculums?post=25826"}],"curies":[{"name":"wp","href":"https:\/\/api.w.org\/{rel}","templated":true}]}}