{"id":18669,"date":"2023-02-20T17:20:30","date_gmt":"2023-02-20T16:20:30","guid":{"rendered":"https:\/\/sites.hslu.ch\/architektur\/?post_type=semesterruckblick&#038;p=18669"},"modified":"2023-07-20T18:06:14","modified_gmt":"2023-07-20T16:06:14","slug":"architecture-material-parallax","status":"publish","type":"semesterruckblick","link":"https:\/\/sites.hslu.ch\/architektur\/module\/curriculum\/architecture-material-parallax\/","title":{"rendered":"Architecture &amp; Material\u00a0\u2013 Parallax"},"content":{"rendered":"<h3><strong>Highlight Modul Architecture &amp; Material\u00a0\u2013 Parallax <\/strong>Semester work by Elion Bytyqi, Lindon Bytyqi, Tobias Furter, Art Lubishtani, Rinor Rushiti<\/h3>\n\n\n<p class=\"is-style-lead-text\">Close one eye, and with the other, open eye view the screen displaying the text you are reading. Now close the open eye and simultaneously open the closed one: the screen appears to shift several centimetres \u2013 back and forth, back and forth \u2013 as is evident from its relationship to the background. This is parallax.<\/p>\n\n\n\n<p>The term \u2018parallax\u2019 (ancient Greek:&nbsp;\u03c0\u03b1\u03c1\u03ac\u03bb\u03bb\u03b1\u03be\u03b9\u03c2&nbsp;par\u00e1llaxis change, alternation) describes the apparent shift or change of an object when the observer adopts different positions. Applying this phenomenon, which seems to be merely a shift of one\u2019s own perception, to reality itself reveals the inconsistency of the world. Inherent antagonisms are materialised in objects and the space around us: sometimes objects appear like this, sometimes like that, and there is no ultimate truth.<\/p>\n\n\n\n<p>However, once we become conscious of this inconsistency the parallax shift opens up a gap, a possible space in between, and we can make use of this phenomenon as a design strategy: the multiple meanings inherent in the spaces of the present become an opportunity, ambiguity becomes a potential.<\/p>\n\n\n\n<p>Although architecture primarily separates and defines \u2013 drawing a line is always like drawing a border that includes or excludes space \u2013 we are advocating an architecture of joining that tries to undermine borders spatially and as an interface connects and extends spaces. In the Architecture &amp; Material module we approach this&nbsp;&nbsp;fluctuating space of relationships and explore it by means of various media. Ultimately we translate it into materialised architectonic interventions which rethink the relationship between the House and the City, Inside and Outside, Architecture and Landscape, in order to create spaces of community and co- existence between and beyond existing limits.<\/p>\n\n\n\n<figure class=\"wp-block-embed is-type-video is-provider-vimeo wp-block-embed-vimeo wp-embed-aspect-16-9 wp-has-aspect-ratio\"><div class=\"wp-block-embed__wrapper\">\n <iframe loading=\"lazy\" title=\"23FS_MasterMaterial_TRAILER_Tobias Furter\" src=\"https:\/\/player.vimeo.com\/video\/844949191?h=843a07a1d8&amp;app_id=122963\" width=\"640\" height=\"360\" frameborder=\"0\" allow=\"autoplay; fullscreen; picture-in-picture; clipboard-write\"><\/iframe>\n<\/div><figcaption class=\"wp-element-caption\">Tobias Furter<\/figcaption><\/figure>\n\n\n\n<figure class=\"wp-block-embed is-type-video is-provider-vimeo wp-block-embed-vimeo wp-embed-aspect-16-9 wp-has-aspect-ratio\"><div class=\"wp-block-embed__wrapper\">\n <iframe loading=\"lazy\" title=\"23FS_MasterMaterial_TRAILER_Elion Bytyqi\" src=\"https:\/\/player.vimeo.com\/video\/844949274?h=c9b5052360&amp;app_id=122963\" width=\"640\" height=\"360\" frameborder=\"0\" allow=\"autoplay; fullscreen; picture-in-picture; clipboard-write\"><\/iframe>\n<\/div><figcaption class=\"wp-element-caption\">Elion Bytyqi<\/figcaption><\/figure>\n\n\n\n<figure class=\"wp-block-embed is-type-video is-provider-vimeo wp-block-embed-vimeo wp-embed-aspect-16-9 wp-has-aspect-ratio\"><div class=\"wp-block-embed__wrapper\">\n <iframe loading=\"lazy\" title=\"23FS_MasterMaterial_TRAILER_Rinor Rushiti\" src=\"https:\/\/player.vimeo.com\/video\/844949722?h=d803cc0a82&amp;app_id=122963\" width=\"640\" height=\"360\" frameborder=\"0\" allow=\"autoplay; fullscreen; picture-in-picture; clipboard-write\"><\/iframe>\n<\/div><figcaption class=\"wp-element-caption\">Rinor Rushiti<\/figcaption><\/figure>\n\n\n\n<figure class=\"wp-block-image size-large\"><img loading=\"lazy\" decoding=\"async\" width=\"1024\" height=\"645\" src=\"https:\/\/sites.hslu.ch\/architektur\/wp-content\/uploads\/sites\/11\/2023\/02\/GESAMTPLAN_RED_k-1024x645.jpg\" alt=\"\" class=\"wp-image-24772\" srcset=\"https:\/\/sites.hslu.ch\/architektur\/wp-content\/uploads\/sites\/11\/2023\/02\/GESAMTPLAN_RED_k-1024x645.jpg 1024w, https:\/\/sites.hslu.ch\/architektur\/wp-content\/uploads\/sites\/11\/2023\/02\/GESAMTPLAN_RED_k-300x189.jpg 300w, https:\/\/sites.hslu.ch\/architektur\/wp-content\/uploads\/sites\/11\/2023\/02\/GESAMTPLAN_RED_k-768x484.jpg 768w, https:\/\/sites.hslu.ch\/architektur\/wp-content\/uploads\/sites\/11\/2023\/02\/GESAMTPLAN_RED_k-1536x967.jpg 1536w, https:\/\/sites.hslu.ch\/architektur\/wp-content\/uploads\/sites\/11\/2023\/02\/GESAMTPLAN_RED_k-600x378.jpg 600w, https:\/\/sites.hslu.ch\/architektur\/wp-content\/uploads\/sites\/11\/2023\/02\/GESAMTPLAN_RED_k.jpg 1920w\" sizes=\"auto, (max-width: 1024px) 100vw, 1024px\" \/><\/figure>\n\n\n\n<p><\/p>\n\n\n\n<p>The site of our observations is the area in the western part of Lucerne stretching along Baselstrasse, L\u00e4delistrasse, Dammstrasse, Meyerstrasse, Sentimattstrasse and G\u00fctschstrasse. The perimeter lies between the rural elements of the G\u00fctsch Hill and the Reuss River with its bridges. As a threshold space, it is inherently heterogeneous. It is marked by rifts; buildings from different times with different grain, programmatically diverse, passed through by traffic axes, topographically and infrastructurally complex; retaining walls, underpasses, car parks, old industries, commercial and residential, the funicular. Here the potential to be a parallactic, antagonistic space is immanent.<\/p>\n\n\n    <div class=\"ms-gallery \">\n        <div class=\"ms-gallery-sizer\"><\/div>\n        <div class=\"ms-gallery-gutter\"><\/div>\n                                    <div class=\"ms-gallery-item wide\">\n                                                        <a href=\"https:\/\/sites.hslu.ch\/architektur\/wp-content\/uploads\/sites\/11\/2023\/02\/COLLAGE_9_Tobias-Furter-Kopie.jpg\" data-lightbox=\"masonery-gallery\"  data-size=\"wide\"  data-title=\"\" data-alt=\"\">\n                        <img decoding=\"async\" class=\"ms-gallery-item__image\"  data-size=\"wide\"  src=\"https:\/\/sites.hslu.ch\/architektur\/wp-content\/uploads\/sites\/11\/2023\/02\/COLLAGE_9_Tobias-Furter-Kopie.jpg\" alt=\"\" \/>\n                    <\/a>\n                                        <\/div>\n\n                                                                                                                                                                <div class=\"ms-gallery-item wide\">\n                                                        <a href=\"https:\/\/sites.hslu.ch\/architektur\/wp-content\/uploads\/sites\/11\/2023\/02\/COLLAGE_8_Tobias-Furter-Kopie.jpg\" data-lightbox=\"masonery-gallery\"  data-size=\"wide\"  data-title=\"\" data-alt=\"\">\n                        <img decoding=\"async\" class=\"ms-gallery-item__image\"  data-size=\"wide\"  src=\"https:\/\/sites.hslu.ch\/architektur\/wp-content\/uploads\/sites\/11\/2023\/02\/COLLAGE_8_Tobias-Furter-Kopie.jpg\" alt=\"\" \/>\n                    <\/a>\n                                        <\/div>\n\n                                                                                                                                                                <div class=\"ms-gallery-item wide\">\n                                                        <a href=\"https:\/\/sites.hslu.ch\/architektur\/wp-content\/uploads\/sites\/11\/2023\/02\/COLLAGE_7_Tobias-Furter-Kopie.jpg\" data-lightbox=\"masonery-gallery\"  data-size=\"wide\"  data-title=\"\" data-alt=\"\">\n                        <img decoding=\"async\" class=\"ms-gallery-item__image\"  data-size=\"wide\"  src=\"https:\/\/sites.hslu.ch\/architektur\/wp-content\/uploads\/sites\/11\/2023\/02\/COLLAGE_7_Tobias-Furter-Kopie.jpg\" alt=\"\" \/>\n                    <\/a>\n                                        <\/div>\n\n                                                                                                                                                                <div class=\"ms-gallery-item wide\">\n                                                        <a href=\"https:\/\/sites.hslu.ch\/architektur\/wp-content\/uploads\/sites\/11\/2023\/02\/COLLAGE_6_Rinor-Rushiti_k.jpg\" data-lightbox=\"masonery-gallery\"  data-size=\"wide\"  data-title=\"\" data-alt=\"\">\n                        <img decoding=\"async\" class=\"ms-gallery-item__image\"  data-size=\"wide\"  src=\"https:\/\/sites.hslu.ch\/architektur\/wp-content\/uploads\/sites\/11\/2023\/02\/COLLAGE_6_Rinor-Rushiti_k.jpg\" alt=\"\" \/>\n                    <\/a>\n                                        <\/div>\n\n                                                                                                                                                                <div class=\"ms-gallery-item wide\">\n                                                        <a href=\"https:\/\/sites.hslu.ch\/architektur\/wp-content\/uploads\/sites\/11\/2023\/02\/COLLAGE_5_Art-Lubishtani_k.jpg\" data-lightbox=\"masonery-gallery\"  data-size=\"wide\"  data-title=\"\" data-alt=\"\">\n                        <img decoding=\"async\" class=\"ms-gallery-item__image\"  data-size=\"wide\"  src=\"https:\/\/sites.hslu.ch\/architektur\/wp-content\/uploads\/sites\/11\/2023\/02\/COLLAGE_5_Art-Lubishtani_k.jpg\" alt=\"\" \/>\n                    <\/a>\n                                        <\/div>\n\n                                                                                                                                                                <div class=\"ms-gallery-item wide\">\n                                                        <a href=\"https:\/\/sites.hslu.ch\/architektur\/wp-content\/uploads\/sites\/11\/2023\/02\/COLLAGE_4_Lindon-Bytyqi_k.jpg\" data-lightbox=\"masonery-gallery\"  data-size=\"wide\"  data-title=\"\" data-alt=\"\">\n                        <img decoding=\"async\" class=\"ms-gallery-item__image\"  data-size=\"wide\"  src=\"https:\/\/sites.hslu.ch\/architektur\/wp-content\/uploads\/sites\/11\/2023\/02\/COLLAGE_4_Lindon-Bytyqi_k.jpg\" alt=\"\" \/>\n                    <\/a>\n                                        <\/div>\n\n                                                                                                                                                                <div class=\"ms-gallery-item wide\">\n                                                        <a href=\"https:\/\/sites.hslu.ch\/architektur\/wp-content\/uploads\/sites\/11\/2023\/02\/COLLAGE_3_Elion-Bytyqi_k.jpg\" data-lightbox=\"masonery-gallery\"  data-size=\"wide\"  data-title=\"\" data-alt=\"\">\n                        <img decoding=\"async\" class=\"ms-gallery-item__image\"  data-size=\"wide\"  src=\"https:\/\/sites.hslu.ch\/architektur\/wp-content\/uploads\/sites\/11\/2023\/02\/COLLAGE_3_Elion-Bytyqi_k.jpg\" alt=\"\" \/>\n                    <\/a>\n                                        <\/div>\n\n                                                                                                                                                                <div class=\"ms-gallery-item wide\">\n                                                        <a href=\"https:\/\/sites.hslu.ch\/architektur\/wp-content\/uploads\/sites\/11\/2023\/02\/COLLAGE_2_Lindon-Bytyqi-Kopie.jpg\" data-lightbox=\"masonery-gallery\"  data-size=\"wide\"  data-title=\"\" data-alt=\"\">\n                        <img decoding=\"async\" class=\"ms-gallery-item__image\"  data-size=\"wide\"  src=\"https:\/\/sites.hslu.ch\/architektur\/wp-content\/uploads\/sites\/11\/2023\/02\/COLLAGE_2_Lindon-Bytyqi-Kopie.jpg\" alt=\"\" \/>\n                    <\/a>\n                                        <\/div>\n\n                                                                                                                                                                <div class=\"ms-gallery-item wide\">\n                                                        <a href=\"https:\/\/sites.hslu.ch\/architektur\/wp-content\/uploads\/sites\/11\/2023\/02\/COLLAGE_1_Art-Lubishtani_K.jpg\" data-lightbox=\"masonery-gallery\"  data-size=\"wide\"  data-title=\"\" data-alt=\"\">\n                        <img decoding=\"async\" class=\"ms-gallery-item__image\"  data-size=\"wide\"  src=\"https:\/\/sites.hslu.ch\/architektur\/wp-content\/uploads\/sites\/11\/2023\/02\/COLLAGE_1_Art-Lubishtani_K.jpg\" alt=\"\" \/>\n                    <\/a>\n                                        <\/div>\n\n                                                                                                                                                    <div class=\"ms-gallery-item narrow\">\n                <\/div>\n                <\/div>\n            \n\n    <div class=\"ms-gallery \">\n        <div class=\"ms-gallery-sizer\"><\/div>\n        <div class=\"ms-gallery-gutter\"><\/div>\n                                        <div class=\"ms-gallery-item narrow\">\n                                                            <a href=\"https:\/\/sites.hslu.ch\/architektur\/wp-content\/uploads\/sites\/11\/2023\/02\/23fs_20_Schlusskritik_MA_Winter_3727.jpg\" data-lightbox=\"masonery-gallery\"  data-size=\"narrow\"  data-title=\"\" data-alt=\"\">\n                        <img decoding=\"async\" class=\"ms-gallery-item__image\"  data-size=\"narrow\"  src=\"https:\/\/sites.hslu.ch\/architektur\/wp-content\/uploads\/sites\/11\/2023\/02\/23fs_20_Schlusskritik_MA_Winter_3727.jpg\" alt=\"\" \/>\n                    <\/a>\n                                        <\/div>\n\n                                                                                                                                                                <div class=\"ms-gallery-item wide\">\n                                                        <a href=\"https:\/\/sites.hslu.ch\/architektur\/wp-content\/uploads\/sites\/11\/2023\/02\/23fs_20_Schlusskritik_MA_Winter_3894-1.jpg\" data-lightbox=\"masonery-gallery\"  data-size=\"wide\"  data-title=\"\" data-alt=\"\">\n                        <img decoding=\"async\" class=\"ms-gallery-item__image\"  data-size=\"wide\"  src=\"https:\/\/sites.hslu.ch\/architektur\/wp-content\/uploads\/sites\/11\/2023\/02\/23fs_20_Schlusskritik_MA_Winter_3894-1.jpg\" alt=\"\" \/>\n                    <\/a>\n                                        <\/div>\n\n                                                                                                                                                                    <div class=\"ms-gallery-item narrow\">\n                                                            <a href=\"https:\/\/sites.hslu.ch\/architektur\/wp-content\/uploads\/sites\/11\/2023\/02\/23fs_20_Schlusskritik_MA_Winter_3861.jpg\" data-lightbox=\"masonery-gallery\"  data-size=\"narrow\"  data-title=\"\" data-alt=\"\">\n                        <img decoding=\"async\" class=\"ms-gallery-item__image\"  data-size=\"narrow\"  src=\"https:\/\/sites.hslu.ch\/architektur\/wp-content\/uploads\/sites\/11\/2023\/02\/23fs_20_Schlusskritik_MA_Winter_3861.jpg\" alt=\"\" \/>\n                    <\/a>\n                                        <\/div>\n\n                                                                                                                                                    <div class=\"ms-gallery-item narrow\">\n                <\/div>\n                <\/div>\n            ","protected":false},"excerpt":{"rendered":"<p>Close one eye, and with the other, open eye view the screen displaying the text you are reading. Now close the open eye and simultaneously open the closed one: the [&hellip;]<\/p>\n","protected":false},"author":44,"featured_media":18672,"template":"","meta":{"_acf_changed":false},"stufe":[80],"curriculums":[232,81],"class_list":["post-18669","semesterruckblick","type-semesterruckblick","status-publish","has-post-thumbnail","hentry","stufe-master","curriculums-f-2023","curriculums-fruhlingssemester"],"acf":[],"yoast_head":"<!-- This site is optimized with the Yoast SEO plugin v27.5 - https:\/\/yoast.com\/product\/yoast-seo-wordpress\/ -->\n<title>Architecture &amp; Material\u00a0\u2013 Parallax - Architektur an der Hochschule Luzern<\/title>\n<meta name=\"robots\" content=\"index, follow, max-snippet:-1, max-image-preview:large, max-video-preview:-1\" \/>\n<link rel=\"canonical\" href=\"https:\/\/sites.hslu.ch\/architektur\/module\/curriculum\/architecture-material-parallax\/\" \/>\n<meta property=\"og:locale\" content=\"de_DE\" \/>\n<meta property=\"og:type\" content=\"article\" \/>\n<meta property=\"og:title\" content=\"Architecture &amp; Material\u00a0\u2013 Parallax - Architektur an der Hochschule Luzern\" \/>\n<meta property=\"og:description\" content=\"Close one eye, and with the other, open eye view the screen displaying the text you are reading. Now close the open eye and simultaneously open the closed one: the [&hellip;]\" \/>\n<meta property=\"og:url\" content=\"https:\/\/sites.hslu.ch\/architektur\/module\/curriculum\/architecture-material-parallax\/\" \/>\n<meta property=\"og:site_name\" content=\"Architektur an der Hochschule Luzern\" \/>\n<meta property=\"article:modified_time\" content=\"2023-07-20T16:06:14+00:00\" \/>\n<meta property=\"og:image\" content=\"https:\/\/sites.hslu.ch\/architektur\/wp-content\/uploads\/sites\/11\/2023\/02\/Peter-Greenaway_The-Belly-of-an-Architect-Kopie.jpg\" \/>\n\t<meta property=\"og:image:width\" content=\"2875\" \/>\n\t<meta property=\"og:image:height\" content=\"1535\" \/>\n\t<meta property=\"og:image:type\" content=\"image\/jpeg\" \/>\n<meta name=\"twitter:card\" content=\"summary_large_image\" \/>\n<meta name=\"twitter:label1\" content=\"Gesch\u00e4tzte Lesezeit\" \/>\n\t<meta name=\"twitter:data1\" content=\"3\u00a0Minuten\" \/>\n<script type=\"application\/ld+json\" class=\"yoast-schema-graph\">{\"@context\":\"https:\\\/\\\/schema.org\",\"@graph\":[{\"@type\":\"WebPage\",\"@id\":\"https:\\\/\\\/sites.hslu.ch\\\/architektur\\\/module\\\/curriculum\\\/architecture-material-parallax\\\/\",\"url\":\"https:\\\/\\\/sites.hslu.ch\\\/architektur\\\/module\\\/curriculum\\\/architecture-material-parallax\\\/\",\"name\":\"Architecture &amp; Material\u00a0\u2013 Parallax - Architektur an der Hochschule Luzern\",\"isPartOf\":{\"@id\":\"https:\\\/\\\/sites.hslu.ch\\\/architektur\\\/#website\"},\"primaryImageOfPage\":{\"@id\":\"https:\\\/\\\/sites.hslu.ch\\\/architektur\\\/module\\\/curriculum\\\/architecture-material-parallax\\\/#primaryimage\"},\"image\":{\"@id\":\"https:\\\/\\\/sites.hslu.ch\\\/architektur\\\/module\\\/curriculum\\\/architecture-material-parallax\\\/#primaryimage\"},\"thumbnailUrl\":\"https:\\\/\\\/sites.hslu.ch\\\/architektur\\\/wp-content\\\/uploads\\\/sites\\\/11\\\/2023\\\/02\\\/Peter-Greenaway_The-Belly-of-an-Architect-Kopie.jpg\",\"datePublished\":\"2023-02-20T16:20:30+00:00\",\"dateModified\":\"2023-07-20T16:06:14+00:00\",\"breadcrumb\":{\"@id\":\"https:\\\/\\\/sites.hslu.ch\\\/architektur\\\/module\\\/curriculum\\\/architecture-material-parallax\\\/#breadcrumb\"},\"inLanguage\":\"de\",\"potentialAction\":[{\"@type\":\"ReadAction\",\"target\":[\"https:\\\/\\\/sites.hslu.ch\\\/architektur\\\/module\\\/curriculum\\\/architecture-material-parallax\\\/\"]}]},{\"@type\":\"ImageObject\",\"inLanguage\":\"de\",\"@id\":\"https:\\\/\\\/sites.hslu.ch\\\/architektur\\\/module\\\/curriculum\\\/architecture-material-parallax\\\/#primaryimage\",\"url\":\"https:\\\/\\\/sites.hslu.ch\\\/architektur\\\/wp-content\\\/uploads\\\/sites\\\/11\\\/2023\\\/02\\\/Peter-Greenaway_The-Belly-of-an-Architect-Kopie.jpg\",\"contentUrl\":\"https:\\\/\\\/sites.hslu.ch\\\/architektur\\\/wp-content\\\/uploads\\\/sites\\\/11\\\/2023\\\/02\\\/Peter-Greenaway_The-Belly-of-an-Architect-Kopie.jpg\",\"width\":2875,\"height\":1535,\"caption\":\"Picnic im ehemaligen Tepidarium (Villa Hadriana) (Film Still: Peter Greenaway, The Belly of an Architect, 1987)\"},{\"@type\":\"BreadcrumbList\",\"@id\":\"https:\\\/\\\/sites.hslu.ch\\\/architektur\\\/module\\\/curriculum\\\/architecture-material-parallax\\\/#breadcrumb\",\"itemListElement\":[{\"@type\":\"ListItem\",\"position\":1,\"name\":\"Home\",\"item\":\"https:\\\/\\\/sites.hslu.ch\\\/architektur\\\/\"},{\"@type\":\"ListItem\",\"position\":2,\"name\":\"Architecture &amp; Material\u00a0\u2013 Parallax\"}]},{\"@type\":\"WebSite\",\"@id\":\"https:\\\/\\\/sites.hslu.ch\\\/architektur\\\/#website\",\"url\":\"https:\\\/\\\/sites.hslu.ch\\\/architektur\\\/\",\"name\":\"Architektur an der Hochschule Luzern\",\"description\":\"\",\"potentialAction\":[{\"@type\":\"SearchAction\",\"target\":{\"@type\":\"EntryPoint\",\"urlTemplate\":\"https:\\\/\\\/sites.hslu.ch\\\/architektur\\\/?s={search_term_string}\"},\"query-input\":{\"@type\":\"PropertyValueSpecification\",\"valueRequired\":true,\"valueName\":\"search_term_string\"}}],\"inLanguage\":\"de\"}]}<\/script>\n<!-- \/ Yoast SEO plugin. -->","yoast_head_json":{"title":"Architecture &amp; Material\u00a0\u2013 Parallax - Architektur an der Hochschule Luzern","robots":{"index":"index","follow":"follow","max-snippet":"max-snippet:-1","max-image-preview":"max-image-preview:large","max-video-preview":"max-video-preview:-1"},"canonical":"https:\/\/sites.hslu.ch\/architektur\/module\/curriculum\/architecture-material-parallax\/","og_locale":"de_DE","og_type":"article","og_title":"Architecture &amp; Material\u00a0\u2013 Parallax - Architektur an der Hochschule Luzern","og_description":"Close one eye, and with the other, open eye view the screen displaying the text you are reading. Now close the open eye and simultaneously open the closed one: the [&hellip;]","og_url":"https:\/\/sites.hslu.ch\/architektur\/module\/curriculum\/architecture-material-parallax\/","og_site_name":"Architektur an der Hochschule Luzern","article_modified_time":"2023-07-20T16:06:14+00:00","og_image":[{"width":2875,"height":1535,"url":"https:\/\/sites.hslu.ch\/architektur\/wp-content\/uploads\/sites\/11\/2023\/02\/Peter-Greenaway_The-Belly-of-an-Architect-Kopie.jpg","type":"image\/jpeg"}],"twitter_card":"summary_large_image","twitter_misc":{"Gesch\u00e4tzte Lesezeit":"3\u00a0Minuten"},"schema":{"@context":"https:\/\/schema.org","@graph":[{"@type":"WebPage","@id":"https:\/\/sites.hslu.ch\/architektur\/module\/curriculum\/architecture-material-parallax\/","url":"https:\/\/sites.hslu.ch\/architektur\/module\/curriculum\/architecture-material-parallax\/","name":"Architecture &amp; Material\u00a0\u2013 Parallax - Architektur an der Hochschule Luzern","isPartOf":{"@id":"https:\/\/sites.hslu.ch\/architektur\/#website"},"primaryImageOfPage":{"@id":"https:\/\/sites.hslu.ch\/architektur\/module\/curriculum\/architecture-material-parallax\/#primaryimage"},"image":{"@id":"https:\/\/sites.hslu.ch\/architektur\/module\/curriculum\/architecture-material-parallax\/#primaryimage"},"thumbnailUrl":"https:\/\/sites.hslu.ch\/architektur\/wp-content\/uploads\/sites\/11\/2023\/02\/Peter-Greenaway_The-Belly-of-an-Architect-Kopie.jpg","datePublished":"2023-02-20T16:20:30+00:00","dateModified":"2023-07-20T16:06:14+00:00","breadcrumb":{"@id":"https:\/\/sites.hslu.ch\/architektur\/module\/curriculum\/architecture-material-parallax\/#breadcrumb"},"inLanguage":"de","potentialAction":[{"@type":"ReadAction","target":["https:\/\/sites.hslu.ch\/architektur\/module\/curriculum\/architecture-material-parallax\/"]}]},{"@type":"ImageObject","inLanguage":"de","@id":"https:\/\/sites.hslu.ch\/architektur\/module\/curriculum\/architecture-material-parallax\/#primaryimage","url":"https:\/\/sites.hslu.ch\/architektur\/wp-content\/uploads\/sites\/11\/2023\/02\/Peter-Greenaway_The-Belly-of-an-Architect-Kopie.jpg","contentUrl":"https:\/\/sites.hslu.ch\/architektur\/wp-content\/uploads\/sites\/11\/2023\/02\/Peter-Greenaway_The-Belly-of-an-Architect-Kopie.jpg","width":2875,"height":1535,"caption":"Picnic im ehemaligen Tepidarium (Villa Hadriana) (Film Still: Peter Greenaway, The Belly of an Architect, 1987)"},{"@type":"BreadcrumbList","@id":"https:\/\/sites.hslu.ch\/architektur\/module\/curriculum\/architecture-material-parallax\/#breadcrumb","itemListElement":[{"@type":"ListItem","position":1,"name":"Home","item":"https:\/\/sites.hslu.ch\/architektur\/"},{"@type":"ListItem","position":2,"name":"Architecture &amp; Material\u00a0\u2013 Parallax"}]},{"@type":"WebSite","@id":"https:\/\/sites.hslu.ch\/architektur\/#website","url":"https:\/\/sites.hslu.ch\/architektur\/","name":"Architektur an der Hochschule Luzern","description":"","potentialAction":[{"@type":"SearchAction","target":{"@type":"EntryPoint","urlTemplate":"https:\/\/sites.hslu.ch\/architektur\/?s={search_term_string}"},"query-input":{"@type":"PropertyValueSpecification","valueRequired":true,"valueName":"search_term_string"}}],"inLanguage":"de"}]}},"_links":{"self":[{"href":"https:\/\/sites.hslu.ch\/architektur\/wp-json\/wp\/v2\/semesterruckblick\/18669","targetHints":{"allow":["GET"]}}],"collection":[{"href":"https:\/\/sites.hslu.ch\/architektur\/wp-json\/wp\/v2\/semesterruckblick"}],"about":[{"href":"https:\/\/sites.hslu.ch\/architektur\/wp-json\/wp\/v2\/types\/semesterruckblick"}],"author":[{"embeddable":true,"href":"https:\/\/sites.hslu.ch\/architektur\/wp-json\/wp\/v2\/users\/44"}],"wp:featuredmedia":[{"embeddable":true,"href":"https:\/\/sites.hslu.ch\/architektur\/wp-json\/wp\/v2\/media\/18672"}],"wp:attachment":[{"href":"https:\/\/sites.hslu.ch\/architektur\/wp-json\/wp\/v2\/media?parent=18669"}],"wp:term":[{"taxonomy":"stufe","embeddable":true,"href":"https:\/\/sites.hslu.ch\/architektur\/wp-json\/wp\/v2\/stufe?post=18669"},{"taxonomy":"curriculums","embeddable":true,"href":"https:\/\/sites.hslu.ch\/architektur\/wp-json\/wp\/v2\/curriculums?post=18669"}],"curies":[{"name":"wp","href":"https:\/\/api.w.org\/{rel}","templated":true}]}}