{"id":18103,"date":"2023-02-20T14:11:23","date_gmt":"2023-02-20T13:11:23","guid":{"rendered":"https:\/\/sites.hslu.ch\/architektur\/?post_type=semesterruckblick&#038;p=18103"},"modified":"2023-10-26T09:27:42","modified_gmt":"2023-10-26T07:27:42","slug":"materialitaet-2","status":"publish","type":"semesterruckblick","link":"https:\/\/sites.hslu.ch\/architektur\/module\/curriculum\/materialitaet-2\/","title":{"rendered":"Materialit\u00e4t"},"content":{"rendered":"<h3><strong>Highlight Modul Materialit\u00e4t <\/strong><\/h3>\n\n\n<h3 class=\"wp-block-heading\">Kombinationen von Lehmfeinputz und Massivholz von Nora Meyer<\/h3>\n\n\n\n<p>Die Atmosph\u00e4re eines Innenraums wird massgeblich durch die Kombination der vorhandenen Materialien im Zusammenspiel mit dem Licht erzeugt. Da es mich interessiert das Potenzial der Oberfl\u00e4chengestaltung im Innenraum zu untersuchen \u2013 d.h. die k\u00f6rpernahen Oberfl\u00e4chen mit denen wir in direkten Kontakt treten, die unsere Sinne anregen und die Atmosph\u00e4re des Raumes bestimmen \u2013 habe ich mich in der freien Arbeit mit Lehmfeinputz und Massivholz auseinandergesetzt. Die Idee war es, eine Experimentierkiste zu gestalten, mit der verschiedene Kombinationen von Lehmfeinputz mit Massivholz direkt untersucht werden k\u00f6nnen, um die vielf\u00e4ltigen Wirkungen, die sich durch die Kombinationen der beiden Materialien je nach Lichtsituation ergeben, beobachten zu k\u00f6nnen. Gerade die Kombination von glatten, edel wirkenden Oberfl\u00e4chen \u2013 wie die des Nussbaums \u2013 mit eher rauen Oberfl\u00e4chen \u2013 wie ein gefilzter Lehmputz \u2013 wirken interessant und erzeugen eine starke atmosph\u00e4rische Wirkung.&nbsp;<\/p>\n\n\n    <div class=\"ms-gallery \">\n        <div class=\"ms-gallery-sizer\"><\/div>\n        <div class=\"ms-gallery-gutter\"><\/div>\n                                    <div class=\"ms-gallery-item wide\">\n                                                        <a href=\"https:\/\/sites.hslu.ch\/architektur\/wp-content\/uploads\/sites\/11\/2023\/07\/3_Materialstudie_Nora_Meyer.jpg\" data-lightbox=\"masonery-gallery\"  data-size=\"wide\"  data-title=\"\" data-alt=\"\">\n                        <img decoding=\"async\" class=\"ms-gallery-item__image\"  data-size=\"wide\"  src=\"https:\/\/sites.hslu.ch\/architektur\/wp-content\/uploads\/sites\/11\/2023\/07\/3_Materialstudie_Nora_Meyer.jpg\" alt=\"\" \/>\n                    <\/a>\n                                        <\/div>\n\n                                                                <div class=\"ms-gallery-item wide\">\n                                                        <a href=\"https:\/\/sites.hslu.ch\/architektur\/wp-content\/uploads\/sites\/11\/2023\/07\/1_Materialstudie_Nora_Meyer.jpg\" data-lightbox=\"masonery-gallery\"  data-size=\"wide\"  data-title=\"\" data-alt=\"\">\n                        <img decoding=\"async\" class=\"ms-gallery-item__image\"  data-size=\"wide\"  src=\"https:\/\/sites.hslu.ch\/architektur\/wp-content\/uploads\/sites\/11\/2023\/07\/1_Materialstudie_Nora_Meyer.jpg\" alt=\"\" \/>\n                    <\/a>\n                                        <\/div>\n\n                                                                <div class=\"ms-gallery-item wide\">\n                                                        <a href=\"https:\/\/sites.hslu.ch\/architektur\/wp-content\/uploads\/sites\/11\/2023\/07\/2_Materialstudie_Nora_Meyer.jpg\" data-lightbox=\"masonery-gallery\"  data-size=\"wide\"  data-title=\"\" data-alt=\"\">\n                        <img decoding=\"async\" class=\"ms-gallery-item__image\"  data-size=\"wide\"  src=\"https:\/\/sites.hslu.ch\/architektur\/wp-content\/uploads\/sites\/11\/2023\/07\/2_Materialstudie_Nora_Meyer.jpg\" alt=\"\" \/>\n                    <\/a>\n                                        <\/div>\n\n                                                    <div class=\"ms-gallery-item narrow\">\n                <\/div>\n                <\/div>\n            \n\n\n<h3 class=\"wp-block-heading\">Faltenwurf von Esther Steinmann<\/h3>\n\n\n\n<p>Das Jutegewebe und der Modellierton von der Ziegelei bildeten den Ausgangspunkt. Mittels unterschiedlicher Techniken werden die Materialien verbunden. Der Stoff wird ausgebreitet und eine Lehmrolle wird dem Rand entlang in das Gewebe eingearbeitet und in den Stoff eingerollt. Die Jutefl\u00e4che wird anschliessend mit Lehm \u00fcberzogen. Auf einer H\u00e4lfte wird der Lehm beidseitig von Jute gefasst. Dann wird alles in die H\u00f6he gehoben, wieder abgesetzt und geformt. Der fl\u00e4chige Stoff bildet nun Falten und w\u00e4chst in die H\u00f6he. Das flexible Gewebe kann zusammen mit dem modellierbaren Ton geformt werden, letzteres h\u00e4rtet im Laufe des Trocknungsprozesses aus. Der aufgerollte Rand als strukturell st\u00e4rkstes Element bildet eine Art runde \u00d6ffnung. Eine organische, spontane sowie fliessende Form entsteht aus den beiden nat\u00fcrlichen Materialien.&nbsp;<\/p>\n\n\n    <div class=\"ms-gallery \">\n        <div class=\"ms-gallery-sizer\"><\/div>\n        <div class=\"ms-gallery-gutter\"><\/div>\n                                        <div class=\"ms-gallery-item narrow\">\n                                                            <a href=\"https:\/\/sites.hslu.ch\/architektur\/wp-content\/uploads\/sites\/11\/2023\/07\/Esther-Steinmann_Bild-2.jpg\" data-lightbox=\"masonery-gallery\"  data-size=\"narrow\"  data-title=\"\" data-alt=\"\">\n                        <img decoding=\"async\" class=\"ms-gallery-item__image\"  data-size=\"narrow\"  src=\"https:\/\/sites.hslu.ch\/architektur\/wp-content\/uploads\/sites\/11\/2023\/07\/Esther-Steinmann_Bild-2.jpg\" alt=\"\" \/>\n                    <\/a>\n                                        <\/div>\n\n                                                                    <div class=\"ms-gallery-item narrow\">\n                                                            <a href=\"https:\/\/sites.hslu.ch\/architektur\/wp-content\/uploads\/sites\/11\/2023\/07\/Esther-Steinmann_Bild-3.jpg\" data-lightbox=\"masonery-gallery\"  data-size=\"narrow\"  data-title=\"\" data-alt=\"\">\n                        <img decoding=\"async\" class=\"ms-gallery-item__image\"  data-size=\"narrow\"  src=\"https:\/\/sites.hslu.ch\/architektur\/wp-content\/uploads\/sites\/11\/2023\/07\/Esther-Steinmann_Bild-3.jpg\" alt=\"\" \/>\n                    <\/a>\n                                        <\/div>\n\n                                                                    <div class=\"ms-gallery-item narrow\">\n                                                            <a href=\"https:\/\/sites.hslu.ch\/architektur\/wp-content\/uploads\/sites\/11\/2023\/07\/Esther-Steinmann_Bild-1.jpg\" data-lightbox=\"masonery-gallery\"  data-size=\"narrow\"  data-title=\"\" data-alt=\"\">\n                        <img decoding=\"async\" class=\"ms-gallery-item__image\"  data-size=\"narrow\"  src=\"https:\/\/sites.hslu.ch\/architektur\/wp-content\/uploads\/sites\/11\/2023\/07\/Esther-Steinmann_Bild-1.jpg\" alt=\"\" \/>\n                    <\/a>\n                                        <\/div>\n\n                                                    <div class=\"ms-gallery-item narrow\">\n                <\/div>\n                <\/div>\n            ","protected":false},"excerpt":{"rendered":"<p>Kombinationen von Lehmfeinputz und Massivholz von Nora Meyer Die Atmosph\u00e4re eines Innenraums wird massgeblich durch die Kombination der vorhandenen Materialien im Zusammenspiel mit dem Licht erzeugt. Da es mich interessiert [&hellip;]<\/p>\n","protected":false},"author":123,"featured_media":18104,"template":"","meta":{"_acf_changed":false},"stufe":[79],"curriculums":[232,81],"class_list":["post-18103","semesterruckblick","type-semesterruckblick","status-publish","has-post-thumbnail","hentry","stufe-bachelor-intermediate","curriculums-f-2023","curriculums-fruhlingssemester"],"acf":[],"yoast_head":"<!-- This site is optimized with the Yoast SEO plugin v27.4 - https:\/\/yoast.com\/product\/yoast-seo-wordpress\/ -->\n<title>Materialit\u00e4t - Architektur an der Hochschule Luzern<\/title>\n<meta name=\"robots\" content=\"index, follow, max-snippet:-1, max-image-preview:large, max-video-preview:-1\" \/>\n<link rel=\"canonical\" href=\"https:\/\/sites.hslu.ch\/architektur\/module\/curriculum\/materialitaet-2\/\" \/>\n<meta property=\"og:locale\" content=\"de_DE\" \/>\n<meta property=\"og:type\" content=\"article\" \/>\n<meta property=\"og:title\" content=\"Materialit\u00e4t - Architektur an der Hochschule Luzern\" \/>\n<meta property=\"og:description\" content=\"Kombinationen von Lehmfeinputz und Massivholz von Nora Meyer Die Atmosph\u00e4re eines Innenraums wird massgeblich durch die Kombination der vorhandenen Materialien im Zusammenspiel mit dem Licht erzeugt. Da es mich interessiert [&hellip;]\" \/>\n<meta property=\"og:url\" content=\"https:\/\/sites.hslu.ch\/architektur\/module\/curriculum\/materialitaet-2\/\" \/>\n<meta property=\"og:site_name\" content=\"Architektur an der Hochschule Luzern\" \/>\n<meta property=\"article:modified_time\" content=\"2023-10-26T07:27:42+00:00\" \/>\n<meta property=\"og:image\" content=\"https:\/\/sites.hslu.ch\/architektur\/wp-content\/uploads\/sites\/11\/2023\/02\/Modulblatt.jpg\" \/>\n\t<meta property=\"og:image:width\" content=\"1920\" \/>\n\t<meta property=\"og:image:height\" content=\"1080\" \/>\n\t<meta property=\"og:image:type\" content=\"image\/jpeg\" \/>\n<meta name=\"twitter:card\" content=\"summary_large_image\" \/>\n<meta name=\"twitter:label1\" content=\"Gesch\u00e4tzte Lesezeit\" \/>\n\t<meta name=\"twitter:data1\" content=\"2\u00a0Minuten\" \/>\n<script type=\"application\/ld+json\" class=\"yoast-schema-graph\">{\"@context\":\"https:\\\/\\\/schema.org\",\"@graph\":[{\"@type\":\"WebPage\",\"@id\":\"https:\\\/\\\/sites.hslu.ch\\\/architektur\\\/module\\\/curriculum\\\/materialitaet-2\\\/\",\"url\":\"https:\\\/\\\/sites.hslu.ch\\\/architektur\\\/module\\\/curriculum\\\/materialitaet-2\\\/\",\"name\":\"Materialit\u00e4t - Architektur an der Hochschule Luzern\",\"isPartOf\":{\"@id\":\"https:\\\/\\\/sites.hslu.ch\\\/architektur\\\/#website\"},\"primaryImageOfPage\":{\"@id\":\"https:\\\/\\\/sites.hslu.ch\\\/architektur\\\/module\\\/curriculum\\\/materialitaet-2\\\/#primaryimage\"},\"image\":{\"@id\":\"https:\\\/\\\/sites.hslu.ch\\\/architektur\\\/module\\\/curriculum\\\/materialitaet-2\\\/#primaryimage\"},\"thumbnailUrl\":\"https:\\\/\\\/sites.hslu.ch\\\/architektur\\\/wp-content\\\/uploads\\\/sites\\\/11\\\/2023\\\/02\\\/Modulblatt.jpg\",\"datePublished\":\"2023-02-20T13:11:23+00:00\",\"dateModified\":\"2023-10-26T07:27:42+00:00\",\"breadcrumb\":{\"@id\":\"https:\\\/\\\/sites.hslu.ch\\\/architektur\\\/module\\\/curriculum\\\/materialitaet-2\\\/#breadcrumb\"},\"inLanguage\":\"de\",\"potentialAction\":[{\"@type\":\"ReadAction\",\"target\":[\"https:\\\/\\\/sites.hslu.ch\\\/architektur\\\/module\\\/curriculum\\\/materialitaet-2\\\/\"]}]},{\"@type\":\"ImageObject\",\"inLanguage\":\"de\",\"@id\":\"https:\\\/\\\/sites.hslu.ch\\\/architektur\\\/module\\\/curriculum\\\/materialitaet-2\\\/#primaryimage\",\"url\":\"https:\\\/\\\/sites.hslu.ch\\\/architektur\\\/wp-content\\\/uploads\\\/sites\\\/11\\\/2023\\\/02\\\/Modulblatt.jpg\",\"contentUrl\":\"https:\\\/\\\/sites.hslu.ch\\\/architektur\\\/wp-content\\\/uploads\\\/sites\\\/11\\\/2023\\\/02\\\/Modulblatt.jpg\",\"width\":1920,\"height\":1080,\"caption\":\"aus: Vkhutemas and the Pedagogy of Space \\\/ Lara Almarcegui: Construction Rubble of Secession\u2019s Main Hall, Wien 2010, Foto: W. Thaler\"},{\"@type\":\"BreadcrumbList\",\"@id\":\"https:\\\/\\\/sites.hslu.ch\\\/architektur\\\/module\\\/curriculum\\\/materialitaet-2\\\/#breadcrumb\",\"itemListElement\":[{\"@type\":\"ListItem\",\"position\":1,\"name\":\"Home\",\"item\":\"https:\\\/\\\/sites.hslu.ch\\\/architektur\\\/\"},{\"@type\":\"ListItem\",\"position\":2,\"name\":\"Materialit\u00e4t\"}]},{\"@type\":\"WebSite\",\"@id\":\"https:\\\/\\\/sites.hslu.ch\\\/architektur\\\/#website\",\"url\":\"https:\\\/\\\/sites.hslu.ch\\\/architektur\\\/\",\"name\":\"Architektur an der Hochschule Luzern\",\"description\":\"\",\"potentialAction\":[{\"@type\":\"SearchAction\",\"target\":{\"@type\":\"EntryPoint\",\"urlTemplate\":\"https:\\\/\\\/sites.hslu.ch\\\/architektur\\\/?s={search_term_string}\"},\"query-input\":{\"@type\":\"PropertyValueSpecification\",\"valueRequired\":true,\"valueName\":\"search_term_string\"}}],\"inLanguage\":\"de\"}]}<\/script>\n<!-- \/ Yoast SEO plugin. -->","yoast_head_json":{"title":"Materialit\u00e4t - Architektur an der Hochschule Luzern","robots":{"index":"index","follow":"follow","max-snippet":"max-snippet:-1","max-image-preview":"max-image-preview:large","max-video-preview":"max-video-preview:-1"},"canonical":"https:\/\/sites.hslu.ch\/architektur\/module\/curriculum\/materialitaet-2\/","og_locale":"de_DE","og_type":"article","og_title":"Materialit\u00e4t - Architektur an der Hochschule Luzern","og_description":"Kombinationen von Lehmfeinputz und Massivholz von Nora Meyer Die Atmosph\u00e4re eines Innenraums wird massgeblich durch die Kombination der vorhandenen Materialien im Zusammenspiel mit dem Licht erzeugt. Da es mich interessiert [&hellip;]","og_url":"https:\/\/sites.hslu.ch\/architektur\/module\/curriculum\/materialitaet-2\/","og_site_name":"Architektur an der Hochschule Luzern","article_modified_time":"2023-10-26T07:27:42+00:00","og_image":[{"width":1920,"height":1080,"url":"https:\/\/sites.hslu.ch\/architektur\/wp-content\/uploads\/sites\/11\/2023\/02\/Modulblatt.jpg","type":"image\/jpeg"}],"twitter_card":"summary_large_image","twitter_misc":{"Gesch\u00e4tzte Lesezeit":"2\u00a0Minuten"},"schema":{"@context":"https:\/\/schema.org","@graph":[{"@type":"WebPage","@id":"https:\/\/sites.hslu.ch\/architektur\/module\/curriculum\/materialitaet-2\/","url":"https:\/\/sites.hslu.ch\/architektur\/module\/curriculum\/materialitaet-2\/","name":"Materialit\u00e4t - Architektur an der Hochschule Luzern","isPartOf":{"@id":"https:\/\/sites.hslu.ch\/architektur\/#website"},"primaryImageOfPage":{"@id":"https:\/\/sites.hslu.ch\/architektur\/module\/curriculum\/materialitaet-2\/#primaryimage"},"image":{"@id":"https:\/\/sites.hslu.ch\/architektur\/module\/curriculum\/materialitaet-2\/#primaryimage"},"thumbnailUrl":"https:\/\/sites.hslu.ch\/architektur\/wp-content\/uploads\/sites\/11\/2023\/02\/Modulblatt.jpg","datePublished":"2023-02-20T13:11:23+00:00","dateModified":"2023-10-26T07:27:42+00:00","breadcrumb":{"@id":"https:\/\/sites.hslu.ch\/architektur\/module\/curriculum\/materialitaet-2\/#breadcrumb"},"inLanguage":"de","potentialAction":[{"@type":"ReadAction","target":["https:\/\/sites.hslu.ch\/architektur\/module\/curriculum\/materialitaet-2\/"]}]},{"@type":"ImageObject","inLanguage":"de","@id":"https:\/\/sites.hslu.ch\/architektur\/module\/curriculum\/materialitaet-2\/#primaryimage","url":"https:\/\/sites.hslu.ch\/architektur\/wp-content\/uploads\/sites\/11\/2023\/02\/Modulblatt.jpg","contentUrl":"https:\/\/sites.hslu.ch\/architektur\/wp-content\/uploads\/sites\/11\/2023\/02\/Modulblatt.jpg","width":1920,"height":1080,"caption":"aus: Vkhutemas and the Pedagogy of Space \/ Lara Almarcegui: Construction Rubble of Secession\u2019s Main Hall, Wien 2010, Foto: W. Thaler"},{"@type":"BreadcrumbList","@id":"https:\/\/sites.hslu.ch\/architektur\/module\/curriculum\/materialitaet-2\/#breadcrumb","itemListElement":[{"@type":"ListItem","position":1,"name":"Home","item":"https:\/\/sites.hslu.ch\/architektur\/"},{"@type":"ListItem","position":2,"name":"Materialit\u00e4t"}]},{"@type":"WebSite","@id":"https:\/\/sites.hslu.ch\/architektur\/#website","url":"https:\/\/sites.hslu.ch\/architektur\/","name":"Architektur an der Hochschule Luzern","description":"","potentialAction":[{"@type":"SearchAction","target":{"@type":"EntryPoint","urlTemplate":"https:\/\/sites.hslu.ch\/architektur\/?s={search_term_string}"},"query-input":{"@type":"PropertyValueSpecification","valueRequired":true,"valueName":"search_term_string"}}],"inLanguage":"de"}]}},"_links":{"self":[{"href":"https:\/\/sites.hslu.ch\/architektur\/wp-json\/wp\/v2\/semesterruckblick\/18103","targetHints":{"allow":["GET"]}}],"collection":[{"href":"https:\/\/sites.hslu.ch\/architektur\/wp-json\/wp\/v2\/semesterruckblick"}],"about":[{"href":"https:\/\/sites.hslu.ch\/architektur\/wp-json\/wp\/v2\/types\/semesterruckblick"}],"author":[{"embeddable":true,"href":"https:\/\/sites.hslu.ch\/architektur\/wp-json\/wp\/v2\/users\/123"}],"wp:featuredmedia":[{"embeddable":true,"href":"https:\/\/sites.hslu.ch\/architektur\/wp-json\/wp\/v2\/media\/18104"}],"wp:attachment":[{"href":"https:\/\/sites.hslu.ch\/architektur\/wp-json\/wp\/v2\/media?parent=18103"}],"wp:term":[{"taxonomy":"stufe","embeddable":true,"href":"https:\/\/sites.hslu.ch\/architektur\/wp-json\/wp\/v2\/stufe?post=18103"},{"taxonomy":"curriculums","embeddable":true,"href":"https:\/\/sites.hslu.ch\/architektur\/wp-json\/wp\/v2\/curriculums?post=18103"}],"curies":[{"name":"wp","href":"https:\/\/api.w.org\/{rel}","templated":true}]}}