{"id":17395,"date":"2023-02-10T13:00:58","date_gmt":"2023-02-10T12:00:58","guid":{"rendered":"https:\/\/sites.hslu.ch\/architektur\/?post_type=semesterruckblick&#038;p=17395"},"modified":"2023-06-29T17:01:44","modified_gmt":"2023-06-29T15:01:44","slug":"atmosphaere-und-gebrauch","status":"publish","type":"semesterruckblick","link":"https:\/\/sites.hslu.ch\/architektur\/module\/curriculum\/atmosphaere-und-gebrauch\/","title":{"rendered":"Atmosph\u00e4re und Gebrauch"},"content":{"rendered":"<h3><strong>Highlight Modul Atmosph\u00e4re und Gebrauch <\/strong><\/h3>\n\n\n<h3 class=\"wp-block-heading\">Widderbar, Z\u00fcrich<\/h3>\n\n\n\n<p>Studierende: Sarah Durrer, Holly Z\u00fcrcher<\/p>\n\n\n    <div class=\"ms-gallery \">\n        <div class=\"ms-gallery-sizer\"><\/div>\n        <div class=\"ms-gallery-gutter\"><\/div>\n                                        <div class=\"ms-gallery-item narrow\">\n                                                            <a href=\"https:\/\/sites.hslu.ch\/architektur\/wp-content\/uploads\/sites\/11\/2023\/02\/Widderbar_Durrer_Zuercher_Text.jpg\" data-lightbox=\"masonery-gallery\"  data-size=\"narrow\"  data-title=\"Text\" data-alt=\"\">\n                        <img decoding=\"async\" class=\"ms-gallery-item__image\"  data-size=\"narrow\"  src=\"https:\/\/sites.hslu.ch\/architektur\/wp-content\/uploads\/sites\/11\/2023\/02\/Widderbar_Durrer_Zuercher_Text.jpg\" alt=\"\" \/>\n                    <\/a>\n                                            <p>Text<\/p>\n                                        <\/div>\n\n                                                                    <div class=\"ms-gallery-item narrow\">\n                                                            <a href=\"https:\/\/sites.hslu.ch\/architektur\/wp-content\/uploads\/sites\/11\/2023\/02\/Widderbar_Durrer_Zuercher_Bild-Kontext-1.jpg\" data-lightbox=\"masonery-gallery\"  data-size=\"narrow\"  data-title=\"Kontext\" data-alt=\"\">\n                        <img decoding=\"async\" class=\"ms-gallery-item__image\"  data-size=\"narrow\"  src=\"https:\/\/sites.hslu.ch\/architektur\/wp-content\/uploads\/sites\/11\/2023\/02\/Widderbar_Durrer_Zuercher_Bild-Kontext-1.jpg\" alt=\"\" \/>\n                    <\/a>\n                                            <p>Kontext<\/p>\n                                        <\/div>\n\n                                                                    <div class=\"ms-gallery-item narrow\">\n                                                            <a href=\"https:\/\/sites.hslu.ch\/architektur\/wp-content\/uploads\/sites\/11\/2023\/02\/Widderbar_Durrer_Zuercher_Bild-Portrait-1.jpg\" data-lightbox=\"masonery-gallery\"  data-size=\"narrow\"  data-title=\"Portrait\" data-alt=\"\">\n                        <img decoding=\"async\" class=\"ms-gallery-item__image\"  data-size=\"narrow\"  src=\"https:\/\/sites.hslu.ch\/architektur\/wp-content\/uploads\/sites\/11\/2023\/02\/Widderbar_Durrer_Zuercher_Bild-Portrait-1.jpg\" alt=\"\" \/>\n                    <\/a>\n                                            <p>Portrait<\/p>\n                                        <\/div>\n\n                                                                    <div class=\"ms-gallery-item narrow\">\n                                                            <a href=\"https:\/\/sites.hslu.ch\/architektur\/wp-content\/uploads\/sites\/11\/2023\/02\/Widderbar_Durrer_Zuercher_Bild-Detail-1.jpg\" data-lightbox=\"masonery-gallery\"  data-size=\"narrow\"  data-title=\"Detail\" data-alt=\"\">\n                        <img decoding=\"async\" class=\"ms-gallery-item__image\"  data-size=\"narrow\"  src=\"https:\/\/sites.hslu.ch\/architektur\/wp-content\/uploads\/sites\/11\/2023\/02\/Widderbar_Durrer_Zuercher_Bild-Detail-1.jpg\" alt=\"\" \/>\n                    <\/a>\n                                            <p>Detail<\/p>\n                                        <\/div>\n\n                                                                <div class=\"ms-gallery-item wide\">\n                                                        <a href=\"https:\/\/sites.hslu.ch\/architektur\/wp-content\/uploads\/sites\/11\/2023\/02\/Widderbar_Durrer_Zuercher_Linienzeichnung.jpg\" data-lightbox=\"masonery-gallery\"  data-size=\"wide\"  data-title=\"Linienzeichnung\" data-alt=\"\">\n                        <img decoding=\"async\" class=\"ms-gallery-item__image\"  data-size=\"wide\"  src=\"https:\/\/sites.hslu.ch\/architektur\/wp-content\/uploads\/sites\/11\/2023\/02\/Widderbar_Durrer_Zuercher_Linienzeichnung.jpg\" alt=\"\" \/>\n                    <\/a>\n                                            <p>Linienzeichnung<\/p>\n                                        <\/div>\n\n                                                                    <div class=\"ms-gallery-item narrow\">\n                                                            <a href=\"https:\/\/sites.hslu.ch\/architektur\/wp-content\/uploads\/sites\/11\/2023\/02\/Widderbar_Durrer_Zuercher_Manipulation1-1.jpg\" data-lightbox=\"masonery-gallery\"  data-size=\"narrow\"  data-title=\"Rendering Bestand\" data-alt=\"\">\n                        <img decoding=\"async\" class=\"ms-gallery-item__image\"  data-size=\"narrow\"  src=\"https:\/\/sites.hslu.ch\/architektur\/wp-content\/uploads\/sites\/11\/2023\/02\/Widderbar_Durrer_Zuercher_Manipulation1-1.jpg\" alt=\"\" \/>\n                    <\/a>\n                                            <p>Rendering Bestand<\/p>\n                                        <\/div>\n\n                                                                    <div class=\"ms-gallery-item narrow\">\n                                                            <a href=\"https:\/\/sites.hslu.ch\/architektur\/wp-content\/uploads\/sites\/11\/2023\/02\/Widderbar_Durrer_Zuercher_Manipulation4-1.jpg\" data-lightbox=\"masonery-gallery\"  data-size=\"narrow\"  data-title=\"Manipulation 3\" data-alt=\"\">\n                        <img decoding=\"async\" class=\"ms-gallery-item__image\"  data-size=\"narrow\"  src=\"https:\/\/sites.hslu.ch\/architektur\/wp-content\/uploads\/sites\/11\/2023\/02\/Widderbar_Durrer_Zuercher_Manipulation4-1.jpg\" alt=\"\" \/>\n                    <\/a>\n                                            <p>Manipulation 3<\/p>\n                                        <\/div>\n\n                                                                    <div class=\"ms-gallery-item narrow\">\n                                                            <a href=\"https:\/\/sites.hslu.ch\/architektur\/wp-content\/uploads\/sites\/11\/2023\/02\/Widderbar_Durrer_Zuercher_Manipulation3-1.jpg\" data-lightbox=\"masonery-gallery\"  data-size=\"narrow\"  data-title=\"Manipulation 2\" data-alt=\"\">\n                        <img decoding=\"async\" class=\"ms-gallery-item__image\"  data-size=\"narrow\"  src=\"https:\/\/sites.hslu.ch\/architektur\/wp-content\/uploads\/sites\/11\/2023\/02\/Widderbar_Durrer_Zuercher_Manipulation3-1.jpg\" alt=\"\" \/>\n                    <\/a>\n                                            <p>Manipulation 2<\/p>\n                                        <\/div>\n\n                                                                    <div class=\"ms-gallery-item narrow\">\n                                                            <a href=\"https:\/\/sites.hslu.ch\/architektur\/wp-content\/uploads\/sites\/11\/2023\/02\/Widderbar_Durrer_Zuercher_Manipulation2-1.jpg\" data-lightbox=\"masonery-gallery\"  data-size=\"narrow\"  data-title=\"Manipulation 1\" data-alt=\"\">\n                        <img decoding=\"async\" class=\"ms-gallery-item__image\"  data-size=\"narrow\"  src=\"https:\/\/sites.hslu.ch\/architektur\/wp-content\/uploads\/sites\/11\/2023\/02\/Widderbar_Durrer_Zuercher_Manipulation2-1.jpg\" alt=\"\" \/>\n                    <\/a>\n                                            <p>Manipulation 1<\/p>\n                                        <\/div>\n\n                                                    <div class=\"ms-gallery-item narrow\">\n                <\/div>\n                <\/div>\n            \n\n\n<h3 class=\"wp-block-heading\">Farelhaus, Biel<\/h3>\n\n\n\n<p>Studierende: Lucia Marienfeld, Anna Galliker, Jonas Durrer<\/p>\n\n\n    <div class=\"ms-gallery \">\n        <div class=\"ms-gallery-sizer\"><\/div>\n        <div class=\"ms-gallery-gutter\"><\/div>\n                                        <div class=\"ms-gallery-item narrow\">\n                                                            <a href=\"https:\/\/sites.hslu.ch\/architektur\/wp-content\/uploads\/sites\/11\/2023\/02\/Farelbistro_Marienfeld_Durrer_Galliker_Text.jpg\" data-lightbox=\"masonery-gallery\"  data-size=\"narrow\"  data-title=\"Text\" data-alt=\"\">\n                        <img decoding=\"async\" class=\"ms-gallery-item__image\"  data-size=\"narrow\"  src=\"https:\/\/sites.hslu.ch\/architektur\/wp-content\/uploads\/sites\/11\/2023\/02\/Farelbistro_Marienfeld_Durrer_Galliker_Text.jpg\" alt=\"\" \/>\n                    <\/a>\n                                            <p>Text<\/p>\n                                        <\/div>\n\n                                                                    <div class=\"ms-gallery-item narrow\">\n                                                            <a href=\"https:\/\/sites.hslu.ch\/architektur\/wp-content\/uploads\/sites\/11\/2023\/02\/Farelbistro_Marienfeld_Durrer_Galliker_Bild-Kontext-1.jpg\" data-lightbox=\"masonery-gallery\"  data-size=\"narrow\"  data-title=\"Kontext\" data-alt=\"\">\n                        <img decoding=\"async\" class=\"ms-gallery-item__image\"  data-size=\"narrow\"  src=\"https:\/\/sites.hslu.ch\/architektur\/wp-content\/uploads\/sites\/11\/2023\/02\/Farelbistro_Marienfeld_Durrer_Galliker_Bild-Kontext-1.jpg\" alt=\"\" \/>\n                    <\/a>\n                                            <p>Kontext<\/p>\n                                        <\/div>\n\n                                                                <div class=\"ms-gallery-item wide\">\n                                                        <a href=\"https:\/\/sites.hslu.ch\/architektur\/wp-content\/uploads\/sites\/11\/2023\/02\/Farelbistro_Marienfeld_Durrer_Galliker_Bild-Portrait-1.jpg\" data-lightbox=\"masonery-gallery\"  data-size=\"wide\"  data-title=\"Portrait\" data-alt=\"\">\n                        <img decoding=\"async\" class=\"ms-gallery-item__image\"  data-size=\"wide\"  src=\"https:\/\/sites.hslu.ch\/architektur\/wp-content\/uploads\/sites\/11\/2023\/02\/Farelbistro_Marienfeld_Durrer_Galliker_Bild-Portrait-1.jpg\" alt=\"\" \/>\n                    <\/a>\n                                            <p>Portrait<\/p>\n                                        <\/div>\n\n                                                                    <div class=\"ms-gallery-item narrow\">\n                                                            <a href=\"https:\/\/sites.hslu.ch\/architektur\/wp-content\/uploads\/sites\/11\/2023\/02\/Farelbistro_Marienfeld_Durrer_Galliker_Bild-Detail-1.jpg\" data-lightbox=\"masonery-gallery\"  data-size=\"narrow\"  data-title=\"Detail\" data-alt=\"\">\n                        <img decoding=\"async\" class=\"ms-gallery-item__image\"  data-size=\"narrow\"  src=\"https:\/\/sites.hslu.ch\/architektur\/wp-content\/uploads\/sites\/11\/2023\/02\/Farelbistro_Marienfeld_Durrer_Galliker_Bild-Detail-1.jpg\" alt=\"\" \/>\n                    <\/a>\n                                            <p>Detail<\/p>\n                                        <\/div>\n\n                                                                <div class=\"ms-gallery-item wide\">\n                                                        <a href=\"https:\/\/sites.hslu.ch\/architektur\/wp-content\/uploads\/sites\/11\/2023\/02\/Farelbistro_Marienfeld_Durrer_Galliker_Linienzeichnung.jpg\" data-lightbox=\"masonery-gallery\"  data-size=\"wide\"  data-title=\"Linienzeichnung\" data-alt=\"\">\n                        <img decoding=\"async\" class=\"ms-gallery-item__image\"  data-size=\"wide\"  src=\"https:\/\/sites.hslu.ch\/architektur\/wp-content\/uploads\/sites\/11\/2023\/02\/Farelbistro_Marienfeld_Durrer_Galliker_Linienzeichnung.jpg\" alt=\"\" \/>\n                    <\/a>\n                                            <p>Linienzeichnung<\/p>\n                                        <\/div>\n\n                                                                <div class=\"ms-gallery-item wide\">\n                                                        <a href=\"https:\/\/sites.hslu.ch\/architektur\/wp-content\/uploads\/sites\/11\/2023\/02\/Farelbistro_Marienfeld_Durrer_Galliker_Manipulation1-1.jpg\" data-lightbox=\"masonery-gallery\"  data-size=\"wide\"  data-title=\"Rendering Bestand\" data-alt=\"\">\n                        <img decoding=\"async\" class=\"ms-gallery-item__image\"  data-size=\"wide\"  src=\"https:\/\/sites.hslu.ch\/architektur\/wp-content\/uploads\/sites\/11\/2023\/02\/Farelbistro_Marienfeld_Durrer_Galliker_Manipulation1-1.jpg\" alt=\"\" \/>\n                    <\/a>\n                                            <p>Rendering Bestand<\/p>\n                                        <\/div>\n\n                                                                <div class=\"ms-gallery-item wide\">\n                                                        <a href=\"https:\/\/sites.hslu.ch\/architektur\/wp-content\/uploads\/sites\/11\/2023\/02\/Farelbistro_Marienfeld_Durrer_Galliker_Manipulation2-1.jpg\" data-lightbox=\"masonery-gallery\"  data-size=\"wide\"  data-title=\"Manipulation 1\" data-alt=\"\">\n                        <img decoding=\"async\" class=\"ms-gallery-item__image\"  data-size=\"wide\"  src=\"https:\/\/sites.hslu.ch\/architektur\/wp-content\/uploads\/sites\/11\/2023\/02\/Farelbistro_Marienfeld_Durrer_Galliker_Manipulation2-1.jpg\" alt=\"\" \/>\n                    <\/a>\n                                            <p>Manipulation 1<\/p>\n                                        <\/div>\n\n                                                                <div class=\"ms-gallery-item wide\">\n                                                        <a href=\"https:\/\/sites.hslu.ch\/architektur\/wp-content\/uploads\/sites\/11\/2023\/02\/Farelbistro_Marienfeld_Durrer_Galliker_Manipulation3-1.jpg\" data-lightbox=\"masonery-gallery\"  data-size=\"wide\"  data-title=\"Manipulation 2\" data-alt=\"\">\n                        <img decoding=\"async\" class=\"ms-gallery-item__image\"  data-size=\"wide\"  src=\"https:\/\/sites.hslu.ch\/architektur\/wp-content\/uploads\/sites\/11\/2023\/02\/Farelbistro_Marienfeld_Durrer_Galliker_Manipulation3-1.jpg\" alt=\"\" \/>\n                    <\/a>\n                                            <p>Manipulation 2<\/p>\n                                        <\/div>\n\n                                                                <div class=\"ms-gallery-item wide\">\n                                                        <a href=\"https:\/\/sites.hslu.ch\/architektur\/wp-content\/uploads\/sites\/11\/2023\/02\/Farelbistro_Marienfeld_Durrer_Galliker_Grundriss.jpg\" data-lightbox=\"masonery-gallery\"  data-size=\"wide\"  data-title=\"Grundriss\" data-alt=\"\">\n                        <img decoding=\"async\" class=\"ms-gallery-item__image\"  data-size=\"wide\"  src=\"https:\/\/sites.hslu.ch\/architektur\/wp-content\/uploads\/sites\/11\/2023\/02\/Farelbistro_Marienfeld_Durrer_Galliker_Grundriss.jpg\" alt=\"\" \/>\n                    <\/a>\n                                            <p>Grundriss<\/p>\n                                        <\/div>\n\n                                                    <div class=\"ms-gallery-item narrow\">\n                <\/div>\n                <\/div>\n            ","protected":false},"excerpt":{"rendered":"<p>Widderbar, Z\u00fcrich Studierende: Sarah Durrer, Holly Z\u00fcrcher Farelhaus, Biel Studierende: Lucia Marienfeld, Anna Galliker, Jonas Durrer<\/p>\n","protected":false},"author":44,"featured_media":17405,"template":"","meta":{"_acf_changed":false},"stufe":[77],"curriculums":[232,81],"class_list":["post-17395","semesterruckblick","type-semesterruckblick","status-publish","has-post-thumbnail","hentry","stufe-bachelor-advanced","curriculums-f-2023","curriculums-fruhlingssemester"],"acf":[],"yoast_head":"<!-- This site is optimized with the Yoast SEO plugin v27.4 - https:\/\/yoast.com\/product\/yoast-seo-wordpress\/ -->\n<title>Atmosph\u00e4re und Gebrauch - Architektur an der Hochschule Luzern<\/title>\n<meta name=\"robots\" content=\"index, follow, max-snippet:-1, max-image-preview:large, max-video-preview:-1\" \/>\n<link rel=\"canonical\" href=\"https:\/\/sites.hslu.ch\/architektur\/module\/curriculum\/atmosphaere-und-gebrauch\/\" \/>\n<meta property=\"og:locale\" content=\"de_DE\" \/>\n<meta property=\"og:type\" content=\"article\" \/>\n<meta property=\"og:title\" content=\"Atmosph\u00e4re und Gebrauch - Architektur an der Hochschule Luzern\" \/>\n<meta property=\"og:description\" content=\"Widderbar, Z\u00fcrich Studierende: Sarah Durrer, Holly Z\u00fcrcher Farelhaus, Biel Studierende: Lucia Marienfeld, Anna Galliker, Jonas Durrer\" \/>\n<meta property=\"og:url\" content=\"https:\/\/sites.hslu.ch\/architektur\/module\/curriculum\/atmosphaere-und-gebrauch\/\" \/>\n<meta property=\"og:site_name\" content=\"Architektur an der Hochschule Luzern\" \/>\n<meta property=\"article:modified_time\" content=\"2023-06-29T15:01:44+00:00\" \/>\n<meta property=\"og:image\" content=\"https:\/\/sites.hslu.ch\/architektur\/wp-content\/uploads\/sites\/11\/2023\/01\/Querformat.jpeg\" \/>\n\t<meta property=\"og:image:width\" content=\"1643\" \/>\n\t<meta property=\"og:image:height\" content=\"918\" \/>\n\t<meta property=\"og:image:type\" content=\"image\/jpeg\" \/>\n<meta name=\"twitter:card\" content=\"summary_large_image\" \/>\n<meta name=\"twitter:label1\" content=\"Gesch\u00e4tzte Lesezeit\" \/>\n\t<meta name=\"twitter:data1\" content=\"1\u00a0Minute\" \/>\n<script type=\"application\/ld+json\" class=\"yoast-schema-graph\">{\"@context\":\"https:\\\/\\\/schema.org\",\"@graph\":[{\"@type\":\"WebPage\",\"@id\":\"https:\\\/\\\/sites.hslu.ch\\\/architektur\\\/module\\\/curriculum\\\/atmosphaere-und-gebrauch\\\/\",\"url\":\"https:\\\/\\\/sites.hslu.ch\\\/architektur\\\/module\\\/curriculum\\\/atmosphaere-und-gebrauch\\\/\",\"name\":\"Atmosph\u00e4re und Gebrauch - Architektur an der Hochschule Luzern\",\"isPartOf\":{\"@id\":\"https:\\\/\\\/sites.hslu.ch\\\/architektur\\\/#website\"},\"primaryImageOfPage\":{\"@id\":\"https:\\\/\\\/sites.hslu.ch\\\/architektur\\\/module\\\/curriculum\\\/atmosphaere-und-gebrauch\\\/#primaryimage\"},\"image\":{\"@id\":\"https:\\\/\\\/sites.hslu.ch\\\/architektur\\\/module\\\/curriculum\\\/atmosphaere-und-gebrauch\\\/#primaryimage\"},\"thumbnailUrl\":\"https:\\\/\\\/sites.hslu.ch\\\/architektur\\\/wp-content\\\/uploads\\\/sites\\\/11\\\/2023\\\/01\\\/Querformat.jpeg\",\"datePublished\":\"2023-02-10T12:00:58+00:00\",\"dateModified\":\"2023-06-29T15:01:44+00:00\",\"breadcrumb\":{\"@id\":\"https:\\\/\\\/sites.hslu.ch\\\/architektur\\\/module\\\/curriculum\\\/atmosphaere-und-gebrauch\\\/#breadcrumb\"},\"inLanguage\":\"de\",\"potentialAction\":[{\"@type\":\"ReadAction\",\"target\":[\"https:\\\/\\\/sites.hslu.ch\\\/architektur\\\/module\\\/curriculum\\\/atmosphaere-und-gebrauch\\\/\"]}]},{\"@type\":\"ImageObject\",\"inLanguage\":\"de\",\"@id\":\"https:\\\/\\\/sites.hslu.ch\\\/architektur\\\/module\\\/curriculum\\\/atmosphaere-und-gebrauch\\\/#primaryimage\",\"url\":\"https:\\\/\\\/sites.hslu.ch\\\/architektur\\\/wp-content\\\/uploads\\\/sites\\\/11\\\/2023\\\/01\\\/Querformat.jpeg\",\"contentUrl\":\"https:\\\/\\\/sites.hslu.ch\\\/architektur\\\/wp-content\\\/uploads\\\/sites\\\/11\\\/2023\\\/01\\\/Querformat.jpeg\",\"width\":1643,\"height\":918,\"caption\":\"Andreas Gursky, St. Moritz, Restaurant, 1991\"},{\"@type\":\"BreadcrumbList\",\"@id\":\"https:\\\/\\\/sites.hslu.ch\\\/architektur\\\/module\\\/curriculum\\\/atmosphaere-und-gebrauch\\\/#breadcrumb\",\"itemListElement\":[{\"@type\":\"ListItem\",\"position\":1,\"name\":\"Home\",\"item\":\"https:\\\/\\\/sites.hslu.ch\\\/architektur\\\/\"},{\"@type\":\"ListItem\",\"position\":2,\"name\":\"Atmosph\u00e4re und Gebrauch\"}]},{\"@type\":\"WebSite\",\"@id\":\"https:\\\/\\\/sites.hslu.ch\\\/architektur\\\/#website\",\"url\":\"https:\\\/\\\/sites.hslu.ch\\\/architektur\\\/\",\"name\":\"Architektur an der Hochschule Luzern\",\"description\":\"\",\"potentialAction\":[{\"@type\":\"SearchAction\",\"target\":{\"@type\":\"EntryPoint\",\"urlTemplate\":\"https:\\\/\\\/sites.hslu.ch\\\/architektur\\\/?s={search_term_string}\"},\"query-input\":{\"@type\":\"PropertyValueSpecification\",\"valueRequired\":true,\"valueName\":\"search_term_string\"}}],\"inLanguage\":\"de\"}]}<\/script>\n<!-- \/ Yoast SEO plugin. -->","yoast_head_json":{"title":"Atmosph\u00e4re und Gebrauch - Architektur an der Hochschule Luzern","robots":{"index":"index","follow":"follow","max-snippet":"max-snippet:-1","max-image-preview":"max-image-preview:large","max-video-preview":"max-video-preview:-1"},"canonical":"https:\/\/sites.hslu.ch\/architektur\/module\/curriculum\/atmosphaere-und-gebrauch\/","og_locale":"de_DE","og_type":"article","og_title":"Atmosph\u00e4re und Gebrauch - Architektur an der Hochschule Luzern","og_description":"Widderbar, Z\u00fcrich Studierende: Sarah Durrer, Holly Z\u00fcrcher Farelhaus, Biel Studierende: Lucia Marienfeld, Anna Galliker, Jonas Durrer","og_url":"https:\/\/sites.hslu.ch\/architektur\/module\/curriculum\/atmosphaere-und-gebrauch\/","og_site_name":"Architektur an der Hochschule Luzern","article_modified_time":"2023-06-29T15:01:44+00:00","og_image":[{"width":1643,"height":918,"url":"https:\/\/sites.hslu.ch\/architektur\/wp-content\/uploads\/sites\/11\/2023\/01\/Querformat.jpeg","type":"image\/jpeg"}],"twitter_card":"summary_large_image","twitter_misc":{"Gesch\u00e4tzte Lesezeit":"1\u00a0Minute"},"schema":{"@context":"https:\/\/schema.org","@graph":[{"@type":"WebPage","@id":"https:\/\/sites.hslu.ch\/architektur\/module\/curriculum\/atmosphaere-und-gebrauch\/","url":"https:\/\/sites.hslu.ch\/architektur\/module\/curriculum\/atmosphaere-und-gebrauch\/","name":"Atmosph\u00e4re und Gebrauch - Architektur an der Hochschule Luzern","isPartOf":{"@id":"https:\/\/sites.hslu.ch\/architektur\/#website"},"primaryImageOfPage":{"@id":"https:\/\/sites.hslu.ch\/architektur\/module\/curriculum\/atmosphaere-und-gebrauch\/#primaryimage"},"image":{"@id":"https:\/\/sites.hslu.ch\/architektur\/module\/curriculum\/atmosphaere-und-gebrauch\/#primaryimage"},"thumbnailUrl":"https:\/\/sites.hslu.ch\/architektur\/wp-content\/uploads\/sites\/11\/2023\/01\/Querformat.jpeg","datePublished":"2023-02-10T12:00:58+00:00","dateModified":"2023-06-29T15:01:44+00:00","breadcrumb":{"@id":"https:\/\/sites.hslu.ch\/architektur\/module\/curriculum\/atmosphaere-und-gebrauch\/#breadcrumb"},"inLanguage":"de","potentialAction":[{"@type":"ReadAction","target":["https:\/\/sites.hslu.ch\/architektur\/module\/curriculum\/atmosphaere-und-gebrauch\/"]}]},{"@type":"ImageObject","inLanguage":"de","@id":"https:\/\/sites.hslu.ch\/architektur\/module\/curriculum\/atmosphaere-und-gebrauch\/#primaryimage","url":"https:\/\/sites.hslu.ch\/architektur\/wp-content\/uploads\/sites\/11\/2023\/01\/Querformat.jpeg","contentUrl":"https:\/\/sites.hslu.ch\/architektur\/wp-content\/uploads\/sites\/11\/2023\/01\/Querformat.jpeg","width":1643,"height":918,"caption":"Andreas Gursky, St. Moritz, Restaurant, 1991"},{"@type":"BreadcrumbList","@id":"https:\/\/sites.hslu.ch\/architektur\/module\/curriculum\/atmosphaere-und-gebrauch\/#breadcrumb","itemListElement":[{"@type":"ListItem","position":1,"name":"Home","item":"https:\/\/sites.hslu.ch\/architektur\/"},{"@type":"ListItem","position":2,"name":"Atmosph\u00e4re und Gebrauch"}]},{"@type":"WebSite","@id":"https:\/\/sites.hslu.ch\/architektur\/#website","url":"https:\/\/sites.hslu.ch\/architektur\/","name":"Architektur an der Hochschule Luzern","description":"","potentialAction":[{"@type":"SearchAction","target":{"@type":"EntryPoint","urlTemplate":"https:\/\/sites.hslu.ch\/architektur\/?s={search_term_string}"},"query-input":{"@type":"PropertyValueSpecification","valueRequired":true,"valueName":"search_term_string"}}],"inLanguage":"de"}]}},"_links":{"self":[{"href":"https:\/\/sites.hslu.ch\/architektur\/wp-json\/wp\/v2\/semesterruckblick\/17395","targetHints":{"allow":["GET"]}}],"collection":[{"href":"https:\/\/sites.hslu.ch\/architektur\/wp-json\/wp\/v2\/semesterruckblick"}],"about":[{"href":"https:\/\/sites.hslu.ch\/architektur\/wp-json\/wp\/v2\/types\/semesterruckblick"}],"author":[{"embeddable":true,"href":"https:\/\/sites.hslu.ch\/architektur\/wp-json\/wp\/v2\/users\/44"}],"wp:featuredmedia":[{"embeddable":true,"href":"https:\/\/sites.hslu.ch\/architektur\/wp-json\/wp\/v2\/media\/17405"}],"wp:attachment":[{"href":"https:\/\/sites.hslu.ch\/architektur\/wp-json\/wp\/v2\/media?parent=17395"}],"wp:term":[{"taxonomy":"stufe","embeddable":true,"href":"https:\/\/sites.hslu.ch\/architektur\/wp-json\/wp\/v2\/stufe?post=17395"},{"taxonomy":"curriculums","embeddable":true,"href":"https:\/\/sites.hslu.ch\/architektur\/wp-json\/wp\/v2\/curriculums?post=17395"}],"curies":[{"name":"wp","href":"https:\/\/api.w.org\/{rel}","templated":true}]}}