{"id":14465,"date":"2022-09-18T12:21:06","date_gmt":"2022-09-18T10:21:06","guid":{"rendered":"https:\/\/sites.hslu.ch\/architektur\/?post_type=semesterruckblick&#038;p=14465"},"modified":"2023-03-13T23:05:15","modified_gmt":"2023-03-13T22:05:15","slug":"raum-2","status":"publish","type":"semesterruckblick","link":"https:\/\/sites.hslu.ch\/architektur\/module\/curriculum\/raum-2\/","title":{"rendered":"Raum"},"content":{"rendered":"<h3><strong>Highlight Modul Raum <\/strong>Erstsemesterentwurf Sandro Wipfli (Atelier Heinrich Toews)<\/h3>\n\n\n<p>Zwischen hohen L\u00e4rchenb\u00e4umen ragt ein Turm, bedeckt mit Holzschindeln, aus dem Wald hervor und konkurriert in seiner Gr\u00f6sse gar die angrenzenden B\u00e4ume. Die filigrane Holzkonstruktion steht auf gr\u00f6sseren Steinen direkt \u00fcber dem Bach, welcher sehr wenig Wasser f\u00fchrt. \u00dcber einen Felsen kann man die Klappt\u00fcre aufziehen, \u00fcber eine Schwelle steigen und in den Innenraum des achteckigen Turmes gelangen. Im Inneren befindet sich ein ger\u00e4umiges Bett, welches bei Bedarf umgeklappt werden kann und es entsteht ein Sofa. Der Turm dient Wanderern und Touristen als \u00dcbernachtungsm\u00f6glichkeit in der Natur und bietet das N\u00f6tigste. Blickt man in den Turm hinauf, entdeckt man die Holzkonstruktion, welche quer durch den Raum ragt und sich atmosph\u00e4risch auf den Innenraum auswirkt. Durch die acht aufklappbaren T\u00fcren kann Licht in den Innenraum gelangen und man erh\u00e4lt eine fantastische Aussicht in alle Richtungen. <\/p>\n\n\n    <div class=\"ms-gallery \">\n        <div class=\"ms-gallery-sizer\"><\/div>\n        <div class=\"ms-gallery-gutter\"><\/div>\n                                        <div class=\"ms-gallery-item narrow\">\n                                                            <a href=\"https:\/\/sites.hslu.ch\/architektur\/wp-content\/uploads\/sites\/11\/2022\/09\/SandroWipfli_Grundriss.jpg\" data-lightbox=\"masonery-gallery\"  data-size=\"narrow\"  data-title=\"Grundriss Sandro Wipfli\" data-alt=\"\">\n                        <img decoding=\"async\" class=\"ms-gallery-item__image\"  data-size=\"narrow\"  src=\"https:\/\/sites.hslu.ch\/architektur\/wp-content\/uploads\/sites\/11\/2022\/09\/SandroWipfli_Grundriss.jpg\" alt=\"\" \/>\n                    <\/a>\n                                            <p>Grundriss Sandro Wipfli<\/p>\n                                        <\/div>\n\n                                                                    <div class=\"ms-gallery-item narrow\">\n                                                            <a href=\"https:\/\/sites.hslu.ch\/architektur\/wp-content\/uploads\/sites\/11\/2022\/09\/SandroWipfli_Schnitt.jpg\" data-lightbox=\"masonery-gallery\"  data-size=\"narrow\"  data-title=\"Schnitt Sandro Wipfli\" data-alt=\"\">\n                        <img decoding=\"async\" class=\"ms-gallery-item__image\"  data-size=\"narrow\"  src=\"https:\/\/sites.hslu.ch\/architektur\/wp-content\/uploads\/sites\/11\/2022\/09\/SandroWipfli_Schnitt.jpg\" alt=\"\" \/>\n                    <\/a>\n                                            <p>Schnitt Sandro Wipfli<\/p>\n                                        <\/div>\n\n                                                                    <div class=\"ms-gallery-item narrow\">\n                                                            <a href=\"https:\/\/sites.hslu.ch\/architektur\/wp-content\/uploads\/sites\/11\/2022\/09\/SandroWipfli_Ansicht.jpg\" data-lightbox=\"masonery-gallery\"  data-size=\"narrow\"  data-title=\"Ansicht Sandro Wipfli\" data-alt=\"\">\n                        <img decoding=\"async\" class=\"ms-gallery-item__image\"  data-size=\"narrow\"  src=\"https:\/\/sites.hslu.ch\/architektur\/wp-content\/uploads\/sites\/11\/2022\/09\/SandroWipfli_Ansicht.jpg\" alt=\"\" \/>\n                    <\/a>\n                                            <p>Ansicht Sandro Wipfli<\/p>\n                                        <\/div>\n\n                                                                    <div class=\"ms-gallery-item narrow\">\n                                                            <a href=\"https:\/\/sites.hslu.ch\/architektur\/wp-content\/uploads\/sites\/11\/2022\/09\/SandroWipfli_Bild3.jpg\" data-lightbox=\"masonery-gallery\"  data-size=\"narrow\"  data-title=\"Modell Sandro Wipfli\" data-alt=\"\">\n                        <img decoding=\"async\" class=\"ms-gallery-item__image\"  data-size=\"narrow\"  src=\"https:\/\/sites.hslu.ch\/architektur\/wp-content\/uploads\/sites\/11\/2022\/09\/SandroWipfli_Bild3.jpg\" alt=\"\" \/>\n                    <\/a>\n                                            <p>Modell Sandro Wipfli<\/p>\n                                        <\/div>\n\n                                                                    <div class=\"ms-gallery-item narrow\">\n                                                            <a href=\"https:\/\/sites.hslu.ch\/architektur\/wp-content\/uploads\/sites\/11\/2022\/09\/SandroWipfli_Bild2.jpg\" data-lightbox=\"masonery-gallery\"  data-size=\"narrow\"  data-title=\"Modell Sandro Wipfli\" data-alt=\"\">\n                        <img decoding=\"async\" class=\"ms-gallery-item__image\"  data-size=\"narrow\"  src=\"https:\/\/sites.hslu.ch\/architektur\/wp-content\/uploads\/sites\/11\/2022\/09\/SandroWipfli_Bild2.jpg\" alt=\"\" \/>\n                    <\/a>\n                                            <p>Modell Sandro Wipfli<\/p>\n                                        <\/div>\n\n                                                    <div class=\"ms-gallery-item narrow\">\n                <\/div>\n                <\/div>\n            \n\n<h3><strong>Highlight Modul Raum <\/strong>Erstsemesterentwurf Fadri Sieber (Atelier Stefan W\u00fclser)<\/h3>\n\n\n<p>Der Raum richtet sich sowohl auf den imposanten Felsen wie auf den darunter liegenden Teich aus. Mit zwei grossen Schritten, \u00fcber das Fundament und auf die Plattform, l\u00e4sst der Besucher den Alltag hinter sich und befindet sich in der Schwebe: Zwischen Natur und der Ruhe ganz bei sich selbst. Die zwei auskragenden, gleichseitigen Dreiecke finden in der Schr\u00e4gstellung der einzelnen St\u00fctze ihre Balance. Die Entwurfsarbeit hat w\u00e4hrend dem ganzen Semester Reduktion und M\u00f6glichkeiten gesucht, aus Notwendigkeiten Charakter zu schaffen. Aufh\u00e4ngungen, B\u00f6den, Wandscheiben und Fenster\u00f6ffnungen stehen in spannungsvollen Verh\u00e4ltnissen und kommen auf eine Art und Weise zusammen, die eine pragmatische Funktionalit\u00e4t erf\u00fcllt und gleichzeitig poetische Momente erzeugt. So weicht beispielsweise das Vordach pr\u00e4zise \u00fcber den seitlichen Fenstern bis auf die Fassadenaussenkante zur\u00fcck, schafft so Platz f\u00fcr die diagonalen Tragseile und l\u00e4sst zus\u00e4tzliches Licht in den Innenraum.<\/p>\n\n\n    <div class=\"ms-gallery \">\n        <div class=\"ms-gallery-sizer\"><\/div>\n        <div class=\"ms-gallery-gutter\"><\/div>\n                                        <div class=\"ms-gallery-item narrow\">\n                                                            <a href=\"https:\/\/sites.hslu.ch\/architektur\/wp-content\/uploads\/sites\/11\/2022\/09\/FadriSieber_Bild_Grundriss-1.jpg\" data-lightbox=\"masonery-gallery\"  data-size=\"narrow\"  data-title=\"Grundriss Fadri Sieber\" data-alt=\"\">\n                        <img decoding=\"async\" class=\"ms-gallery-item__image\"  data-size=\"narrow\"  src=\"https:\/\/sites.hslu.ch\/architektur\/wp-content\/uploads\/sites\/11\/2022\/09\/FadriSieber_Bild_Grundriss-1.jpg\" alt=\"\" \/>\n                    <\/a>\n                                            <p>Grundriss Fadri Sieber<\/p>\n                                        <\/div>\n\n                                                                    <div class=\"ms-gallery-item narrow\">\n                                                            <a href=\"https:\/\/sites.hslu.ch\/architektur\/wp-content\/uploads\/sites\/11\/2022\/09\/FadriSieber_Bild_Schnitt-1.jpg\" data-lightbox=\"masonery-gallery\"  data-size=\"narrow\"  data-title=\"Schnitt Fadri Sieber\" data-alt=\"\">\n                        <img decoding=\"async\" class=\"ms-gallery-item__image\"  data-size=\"narrow\"  src=\"https:\/\/sites.hslu.ch\/architektur\/wp-content\/uploads\/sites\/11\/2022\/09\/FadriSieber_Bild_Schnitt-1.jpg\" alt=\"\" \/>\n                    <\/a>\n                                            <p>Schnitt Fadri Sieber<\/p>\n                                        <\/div>\n\n                                                                <div class=\"ms-gallery-item wide\">\n                                                        <a href=\"https:\/\/sites.hslu.ch\/architektur\/wp-content\/uploads\/sites\/11\/2022\/09\/FadriSieber_Bild_4.jpg\" data-lightbox=\"masonery-gallery\"  data-size=\"wide\"  data-title=\"Modell Fadri Sieber\" data-alt=\"\">\n                        <img decoding=\"async\" class=\"ms-gallery-item__image\"  data-size=\"wide\"  src=\"https:\/\/sites.hslu.ch\/architektur\/wp-content\/uploads\/sites\/11\/2022\/09\/FadriSieber_Bild_4.jpg\" alt=\"\" \/>\n                    <\/a>\n                                            <p>Modell Fadri Sieber<\/p>\n                                        <\/div>\n\n                                                                    <div class=\"ms-gallery-item narrow\">\n                                                            <a href=\"https:\/\/sites.hslu.ch\/architektur\/wp-content\/uploads\/sites\/11\/2022\/09\/FadriSieber_Bild_1.jpg\" data-lightbox=\"masonery-gallery\"  data-size=\"narrow\"  data-title=\"Modell Fadri Sieber\" data-alt=\"\">\n                        <img decoding=\"async\" class=\"ms-gallery-item__image\"  data-size=\"narrow\"  src=\"https:\/\/sites.hslu.ch\/architektur\/wp-content\/uploads\/sites\/11\/2022\/09\/FadriSieber_Bild_1.jpg\" alt=\"\" \/>\n                    <\/a>\n                                            <p>Modell Fadri Sieber<\/p>\n                                        <\/div>\n\n                                                                    <div class=\"ms-gallery-item narrow\">\n                                                            <a href=\"https:\/\/sites.hslu.ch\/architektur\/wp-content\/uploads\/sites\/11\/2022\/09\/FadriSieber_Bild_3.jpg\" data-lightbox=\"masonery-gallery\"  data-size=\"narrow\"  data-title=\"Modell Fadri Sieber\" data-alt=\"\">\n                        <img decoding=\"async\" class=\"ms-gallery-item__image\"  data-size=\"narrow\"  src=\"https:\/\/sites.hslu.ch\/architektur\/wp-content\/uploads\/sites\/11\/2022\/09\/FadriSieber_Bild_3.jpg\" alt=\"\" \/>\n                    <\/a>\n                                            <p>Modell Fadri Sieber<\/p>\n                                        <\/div>\n\n                                                                    <div class=\"ms-gallery-item narrow\">\n                                                            <a href=\"https:\/\/sites.hslu.ch\/architektur\/wp-content\/uploads\/sites\/11\/2022\/09\/FadriSieber_Bild_2.jpg\" data-lightbox=\"masonery-gallery\"  data-size=\"narrow\"  data-title=\"Modell Fadri Sieber\" data-alt=\"\">\n                        <img decoding=\"async\" class=\"ms-gallery-item__image\"  data-size=\"narrow\"  src=\"https:\/\/sites.hslu.ch\/architektur\/wp-content\/uploads\/sites\/11\/2022\/09\/FadriSieber_Bild_2.jpg\" alt=\"\" \/>\n                    <\/a>\n                                            <p>Modell Fadri Sieber<\/p>\n                                        <\/div>\n\n                                                    <div class=\"ms-gallery-item narrow\">\n                <\/div>\n                <\/div>\n            ","protected":false},"excerpt":{"rendered":"<p>Zwischen hohen L\u00e4rchenb\u00e4umen ragt ein Turm, bedeckt mit Holzschindeln, aus dem Wald hervor und konkurriert in seiner Gr\u00f6sse gar die angrenzenden B\u00e4ume. Die filigrane Holzkonstruktion steht auf gr\u00f6sseren Steinen direkt [&hellip;]<\/p>\n","protected":false},"author":86,"featured_media":14468,"template":"","meta":{"_acf_changed":false},"stufe":[78],"curriculums":[228,85],"class_list":["post-14465","semesterruckblick","type-semesterruckblick","status-publish","has-post-thumbnail","hentry","stufe-bachelor-basic","curriculums-h-2022","curriculums-herbstsemester"],"acf":[],"yoast_head":"<!-- This site is optimized with the Yoast SEO plugin v27.5 - https:\/\/yoast.com\/product\/yoast-seo-wordpress\/ -->\n<title>Raum - Architektur an der Hochschule Luzern<\/title>\n<meta name=\"robots\" content=\"index, follow, max-snippet:-1, max-image-preview:large, max-video-preview:-1\" \/>\n<link rel=\"canonical\" href=\"https:\/\/sites.hslu.ch\/architektur\/module\/curriculum\/raum-2\/\" \/>\n<meta property=\"og:locale\" content=\"de_DE\" \/>\n<meta property=\"og:type\" content=\"article\" \/>\n<meta property=\"og:title\" content=\"Raum - Architektur an der Hochschule Luzern\" \/>\n<meta property=\"og:description\" content=\"Zwischen hohen L\u00e4rchenb\u00e4umen ragt ein Turm, bedeckt mit Holzschindeln, aus dem Wald hervor und konkurriert in seiner Gr\u00f6sse gar die angrenzenden B\u00e4ume. Die filigrane Holzkonstruktion steht auf gr\u00f6sseren Steinen direkt [&hellip;]\" \/>\n<meta property=\"og:url\" content=\"https:\/\/sites.hslu.ch\/architektur\/module\/curriculum\/raum-2\/\" \/>\n<meta property=\"og:site_name\" content=\"Architektur an der Hochschule Luzern\" \/>\n<meta property=\"article:modified_time\" content=\"2023-03-13T22:05:15+00:00\" \/>\n<meta property=\"og:image\" content=\"https:\/\/sites.hslu.ch\/architektur\/wp-content\/uploads\/sites\/11\/2022\/09\/rothman-16-great-unreal-1024x796.jpg\" \/>\n\t<meta property=\"og:image:width\" content=\"1024\" \/>\n\t<meta property=\"og:image:height\" content=\"796\" \/>\n\t<meta property=\"og:image:type\" content=\"image\/jpeg\" \/>\n<meta name=\"twitter:card\" content=\"summary_large_image\" \/>\n<meta name=\"twitter:label1\" content=\"Gesch\u00e4tzte Lesezeit\" \/>\n\t<meta name=\"twitter:data1\" content=\"2\u00a0Minuten\" \/>\n<script type=\"application\/ld+json\" class=\"yoast-schema-graph\">{\"@context\":\"https:\\\/\\\/schema.org\",\"@graph\":[{\"@type\":\"WebPage\",\"@id\":\"https:\\\/\\\/sites.hslu.ch\\\/architektur\\\/module\\\/curriculum\\\/raum-2\\\/\",\"url\":\"https:\\\/\\\/sites.hslu.ch\\\/architektur\\\/module\\\/curriculum\\\/raum-2\\\/\",\"name\":\"Raum - Architektur an der Hochschule Luzern\",\"isPartOf\":{\"@id\":\"https:\\\/\\\/sites.hslu.ch\\\/architektur\\\/#website\"},\"primaryImageOfPage\":{\"@id\":\"https:\\\/\\\/sites.hslu.ch\\\/architektur\\\/module\\\/curriculum\\\/raum-2\\\/#primaryimage\"},\"image\":{\"@id\":\"https:\\\/\\\/sites.hslu.ch\\\/architektur\\\/module\\\/curriculum\\\/raum-2\\\/#primaryimage\"},\"thumbnailUrl\":\"https:\\\/\\\/sites.hslu.ch\\\/architektur\\\/wp-content\\\/uploads\\\/sites\\\/11\\\/2022\\\/09\\\/rothman-16-great-unreal.jpg\",\"datePublished\":\"2022-09-18T10:21:06+00:00\",\"dateModified\":\"2023-03-13T22:05:15+00:00\",\"breadcrumb\":{\"@id\":\"https:\\\/\\\/sites.hslu.ch\\\/architektur\\\/module\\\/curriculum\\\/raum-2\\\/#breadcrumb\"},\"inLanguage\":\"de\",\"potentialAction\":[{\"@type\":\"ReadAction\",\"target\":[\"https:\\\/\\\/sites.hslu.ch\\\/architektur\\\/module\\\/curriculum\\\/raum-2\\\/\"]}]},{\"@type\":\"ImageObject\",\"inLanguage\":\"de\",\"@id\":\"https:\\\/\\\/sites.hslu.ch\\\/architektur\\\/module\\\/curriculum\\\/raum-2\\\/#primaryimage\",\"url\":\"https:\\\/\\\/sites.hslu.ch\\\/architektur\\\/wp-content\\\/uploads\\\/sites\\\/11\\\/2022\\\/09\\\/rothman-16-great-unreal.jpg\",\"contentUrl\":\"https:\\\/\\\/sites.hslu.ch\\\/architektur\\\/wp-content\\\/uploads\\\/sites\\\/11\\\/2022\\\/09\\\/rothman-16-great-unreal.jpg\",\"width\":2400,\"height\":1866,\"caption\":\"Tayo Onorato &amp; Nico Krebs, The Great Unreal, 2009\"},{\"@type\":\"BreadcrumbList\",\"@id\":\"https:\\\/\\\/sites.hslu.ch\\\/architektur\\\/module\\\/curriculum\\\/raum-2\\\/#breadcrumb\",\"itemListElement\":[{\"@type\":\"ListItem\",\"position\":1,\"name\":\"Home\",\"item\":\"https:\\\/\\\/sites.hslu.ch\\\/architektur\\\/\"},{\"@type\":\"ListItem\",\"position\":2,\"name\":\"Raum\"}]},{\"@type\":\"WebSite\",\"@id\":\"https:\\\/\\\/sites.hslu.ch\\\/architektur\\\/#website\",\"url\":\"https:\\\/\\\/sites.hslu.ch\\\/architektur\\\/\",\"name\":\"Architektur an der Hochschule Luzern\",\"description\":\"\",\"potentialAction\":[{\"@type\":\"SearchAction\",\"target\":{\"@type\":\"EntryPoint\",\"urlTemplate\":\"https:\\\/\\\/sites.hslu.ch\\\/architektur\\\/?s={search_term_string}\"},\"query-input\":{\"@type\":\"PropertyValueSpecification\",\"valueRequired\":true,\"valueName\":\"search_term_string\"}}],\"inLanguage\":\"de\"}]}<\/script>\n<!-- \/ Yoast SEO plugin. -->","yoast_head_json":{"title":"Raum - Architektur an der Hochschule Luzern","robots":{"index":"index","follow":"follow","max-snippet":"max-snippet:-1","max-image-preview":"max-image-preview:large","max-video-preview":"max-video-preview:-1"},"canonical":"https:\/\/sites.hslu.ch\/architektur\/module\/curriculum\/raum-2\/","og_locale":"de_DE","og_type":"article","og_title":"Raum - Architektur an der Hochschule Luzern","og_description":"Zwischen hohen L\u00e4rchenb\u00e4umen ragt ein Turm, bedeckt mit Holzschindeln, aus dem Wald hervor und konkurriert in seiner Gr\u00f6sse gar die angrenzenden B\u00e4ume. Die filigrane Holzkonstruktion steht auf gr\u00f6sseren Steinen direkt [&hellip;]","og_url":"https:\/\/sites.hslu.ch\/architektur\/module\/curriculum\/raum-2\/","og_site_name":"Architektur an der Hochschule Luzern","article_modified_time":"2023-03-13T22:05:15+00:00","og_image":[{"width":1024,"height":796,"url":"https:\/\/sites.hslu.ch\/architektur\/wp-content\/uploads\/sites\/11\/2022\/09\/rothman-16-great-unreal-1024x796.jpg","type":"image\/jpeg"}],"twitter_card":"summary_large_image","twitter_misc":{"Gesch\u00e4tzte Lesezeit":"2\u00a0Minuten"},"schema":{"@context":"https:\/\/schema.org","@graph":[{"@type":"WebPage","@id":"https:\/\/sites.hslu.ch\/architektur\/module\/curriculum\/raum-2\/","url":"https:\/\/sites.hslu.ch\/architektur\/module\/curriculum\/raum-2\/","name":"Raum - Architektur an der Hochschule Luzern","isPartOf":{"@id":"https:\/\/sites.hslu.ch\/architektur\/#website"},"primaryImageOfPage":{"@id":"https:\/\/sites.hslu.ch\/architektur\/module\/curriculum\/raum-2\/#primaryimage"},"image":{"@id":"https:\/\/sites.hslu.ch\/architektur\/module\/curriculum\/raum-2\/#primaryimage"},"thumbnailUrl":"https:\/\/sites.hslu.ch\/architektur\/wp-content\/uploads\/sites\/11\/2022\/09\/rothman-16-great-unreal.jpg","datePublished":"2022-09-18T10:21:06+00:00","dateModified":"2023-03-13T22:05:15+00:00","breadcrumb":{"@id":"https:\/\/sites.hslu.ch\/architektur\/module\/curriculum\/raum-2\/#breadcrumb"},"inLanguage":"de","potentialAction":[{"@type":"ReadAction","target":["https:\/\/sites.hslu.ch\/architektur\/module\/curriculum\/raum-2\/"]}]},{"@type":"ImageObject","inLanguage":"de","@id":"https:\/\/sites.hslu.ch\/architektur\/module\/curriculum\/raum-2\/#primaryimage","url":"https:\/\/sites.hslu.ch\/architektur\/wp-content\/uploads\/sites\/11\/2022\/09\/rothman-16-great-unreal.jpg","contentUrl":"https:\/\/sites.hslu.ch\/architektur\/wp-content\/uploads\/sites\/11\/2022\/09\/rothman-16-great-unreal.jpg","width":2400,"height":1866,"caption":"Tayo Onorato &amp; Nico Krebs, The Great Unreal, 2009"},{"@type":"BreadcrumbList","@id":"https:\/\/sites.hslu.ch\/architektur\/module\/curriculum\/raum-2\/#breadcrumb","itemListElement":[{"@type":"ListItem","position":1,"name":"Home","item":"https:\/\/sites.hslu.ch\/architektur\/"},{"@type":"ListItem","position":2,"name":"Raum"}]},{"@type":"WebSite","@id":"https:\/\/sites.hslu.ch\/architektur\/#website","url":"https:\/\/sites.hslu.ch\/architektur\/","name":"Architektur an der Hochschule Luzern","description":"","potentialAction":[{"@type":"SearchAction","target":{"@type":"EntryPoint","urlTemplate":"https:\/\/sites.hslu.ch\/architektur\/?s={search_term_string}"},"query-input":{"@type":"PropertyValueSpecification","valueRequired":true,"valueName":"search_term_string"}}],"inLanguage":"de"}]}},"_links":{"self":[{"href":"https:\/\/sites.hslu.ch\/architektur\/wp-json\/wp\/v2\/semesterruckblick\/14465","targetHints":{"allow":["GET"]}}],"collection":[{"href":"https:\/\/sites.hslu.ch\/architektur\/wp-json\/wp\/v2\/semesterruckblick"}],"about":[{"href":"https:\/\/sites.hslu.ch\/architektur\/wp-json\/wp\/v2\/types\/semesterruckblick"}],"author":[{"embeddable":true,"href":"https:\/\/sites.hslu.ch\/architektur\/wp-json\/wp\/v2\/users\/86"}],"wp:featuredmedia":[{"embeddable":true,"href":"https:\/\/sites.hslu.ch\/architektur\/wp-json\/wp\/v2\/media\/14468"}],"wp:attachment":[{"href":"https:\/\/sites.hslu.ch\/architektur\/wp-json\/wp\/v2\/media?parent=14465"}],"wp:term":[{"taxonomy":"stufe","embeddable":true,"href":"https:\/\/sites.hslu.ch\/architektur\/wp-json\/wp\/v2\/stufe?post=14465"},{"taxonomy":"curriculums","embeddable":true,"href":"https:\/\/sites.hslu.ch\/architektur\/wp-json\/wp\/v2\/curriculums?post=14465"}],"curies":[{"name":"wp","href":"https:\/\/api.w.org\/{rel}","templated":true}]}}